{"id":8642,"date":"2017-03-17T21:30:51","date_gmt":"2017-03-17T21:30:51","guid":{"rendered":"http:\/\/www.studiokappa.it\/?page_id=8642"},"modified":"2017-03-18T21:32:04","modified_gmt":"2017-03-18T21:32:04","slug":"gestione-del-potere","status":"publish","type":"page","link":"https:\/\/www.studiokappa.it\/?page_id=8642","title":{"rendered":"Gestione del potere"},"content":{"rendered":"<p><strong><span style=\"color: #6600ff;font-size: medium\">La gestione del potere<\/span><\/strong><br \/>\n<em><span style=\"color: #6600ff;font-size: medium\">Corso-training presso l&#8217;Universit\u00e0 di Torino, Dipartimento di Scienze della Sanit\u00e0 Pubblica e Pediatriche<\/span><\/em><\/p>\n<div align=\"center\">[slideshow_deploy id=&#8217;8664&#8242;]<\/div>\n<p>Il 24 Marzo \u00e8 ripartito il corso su &#8220;<strong>La Gestione del Potere<\/strong>&#8220;, presso il <a style=\"text-decoration: none\" title=\"Dipartimento di Scienze della Sanit\u00e0 Pubblica e Pediatriche dell'Universit\u00e0 di Torino\" href=\"http:\/\/www.dsspp.unito.it\/do\/home.pl\" target=\"_blank\">Dipartimento di Scienze della Sanit\u00e0 Pubblica e Pediatriche dell&#8217;Universit\u00e0 di Torino<\/a>.<br \/>\nIl momento di formazione \u00e8 un training del <a style=\"text-decoration: none\" title=\"Corso di Laurea in Tecniche della Prevenzione nell\u2019Ambiente e nei Luoghi di Lavoro\" href=\"http:\/\/tpall.campusnet.unito.it\/do\/home.pl\" target=\"_blank\">Corso di Laurea in Tecniche della Prevenzione nell\u2019Ambiente e nei Luoghi di Lavoro<\/a>.<\/p>\n<p>Nel corso delle giornate di lavoro gli studenti del secondo anno si trovano a lavorare con il formatore intorno alle tematiche connesse alla gestione del potere in relazione all&#8217;attivit\u00e0 professionale a cui si stanno formando.<\/p>\n<p>Il lavoro \u00e8 realizzato in una situazione di outdoor, negli spazi esterni alla sede di Collegno (TO) dell&#8217;<a style=\"text-decoration: none\" title=\"Universit\u00e0 di Torino\" href=\"https:\/\/www.unito.it\" target=\"_blank\">Universit\u00e0 di Torino<\/a>.<br \/>\nIl percorso formativo \u00e8 condotto con un approccio di Sviluppo di Comunit\u00e0, applicato ai contesti formativi e con influenze culturali e metodologiche che si rifanno agli apporti di <a style=\"text-decoration: none\" title=\"Danilo Dolci\" href=\"https:\/\/it.wikipedia.org\/wiki\/Danilo_Dolci\" target=\"_blank\">Danilo Dolci<\/a>, <a style=\"text-decoration: none\" title=\"Paulo Freire\" href=\"https:\/\/it.wikipedia.org\/wiki\/Paulo_Freire\" target=\"_blank\">Paulo Freire<\/a>, <a style=\"text-decoration: none\" title=\"Lorenzo Milani\" href=\"https:\/\/it.wikipedia.org\/wiki\/Lorenzo_Milani\" target=\"_blank\">Lorenzo Milani<\/a>, <a style=\"text-decoration: none\" title=\"Ivan Illich\" href=\"https:\/\/it.wikipedia.org\/wiki\/Ivan_Illich\" target=\"_blank\">Ivan Illich<\/a>, <a style=\"text-decoration: none\" title=\"Gino Piccio\" href=\"https:\/\/it.wikipedia.org\/wiki\/Gino_Piccio\" target=\"_blank\">Gino Piccio<\/a>, <a style=\"text-decoration: none\" title=\"Augusto Boal\" href=\"https:\/\/it.wikipedia.org\/wiki\/Augusto_Boal\" target=\"_blank\">Augusto Boal<\/a> e <a style=\"text-decoration: none\" title=\"Gene Sharp\" href=\"https:\/\/it.wikipedia.org\/wiki\/Gene_Sharp\" target=\"_blank\">Gene Sharp<\/a>.<\/p>\n<p>Di questi autori vengono utilizzate le metodologie e strumenti: la ricerca-azione-partecipata e i percorsi di coscientizzazione di <a style=\"text-decoration: none\" title=\"Paulo Freire\" href=\"https:\/\/it.wikipedia.org\/wiki\/Paulo_Freire\" target=\"_blank\">Paulo Freire<\/a> e <a style=\"text-decoration: none\" title=\"Gino Piccio\" href=\"https:\/\/it.wikipedia.org\/wiki\/Gino_Piccio\" target=\"_blank\">Gino Piccio<\/a>, il Laboratorio Maieutico di <a style=\"text-decoration: none\" title=\"Danilo Dolci\" href=\"https:\/\/it.wikipedia.org\/wiki\/Danilo_Dolci\" target=\"_blank\">Danilo Dolci<\/a>, il Teatro Forum di <a style=\"text-decoration: none\" title=\"Augusto Boal\" href=\"https:\/\/it.wikipedia.org\/wiki\/Augusto_Boal\" target=\"_blank\">Augusto Boal<\/a>, il potere della parola di <a style=\"text-decoration: none\" title=\"Lorenzo Milani\" href=\"https:\/\/it.wikipedia.org\/wiki\/Lorenzo_Milani\" target=\"_blank\">Lorenzo Milani<\/a>.<\/p>\n<p>Il corso ha un monte di circa 30 ore e termina con un esame finale.<\/p>\n<p>La partecipazione attiva degli studenti al training consente loro di apprendere dall&#8217;esperienza e rielaborare i contenuti partendo dalla propria esperienza di vita (dai vissuti, antropologicamente intesi).<\/p>\n<p>L&#8217;approccio al training risulta talvolta inizialmente faticoso per gli studenti.<\/p>\n<p>&#8220;<em>In diverse occasioni<\/em>&#8220;, ricorda <a style=\"text-decoration: none\" title=\"Simone Deflorian\" href=\"http:\/\/www.studiokappa.it\/?page_id=108\" target=\"_self\"><strong>Simone Deflorian<\/strong><\/a>, docente-trainer del corso, &#8220;<em>mi \u00e8 capitato che studenti mi dicessero: &#8230;professore, perch\u00e8 questo lavoro? perch\u00e8 dobbiamo pensare? non sarebbe meglio che lei ci dicesse che cosa vuole che sappiamo? cos\u00ec poi all&#8217;esame noi ce lo ricordiamo e glielo ripetiamo esattamente con le stesse precise parole che lei ha usato!<\/em>&#8220;.<\/p>\n<p>Il percorso sfida la comodit\u00e0, la prigrizia, l&#8217;anestesia e la passivit\u00e0 dei cervelli. Li sfida all&#8217;innovazione, alla curiosit\u00e0, alla freschezza, all&#8217;esplorazione e allo scambio generativo.<\/p>\n<p><em><br \/>\n<\/em><br \/>\nArticolo a cura di<br \/>\n<a href=\"http:\/\/www.studiokappa.it\/?page_id=108\"><img decoding=\"async\" class=\"alignleft size-full wp-image-134\" style=\"margin-left: 10px;margin-right: 10px\" title=\"Simone Deflorian\" src=\"http:\/\/www.studiokappa.it\/wp-content\/uploads\/2012\/04\/Simone_DeflorianNEW.jpg\" alt=\"Chiara Dallavalle\" width=\"54\" height=\"64\" \/><\/a><a style=\"text-decoration: none\" title=\"Simone Deflorian\" href=\"http:\/\/www.studiokappa.it\/?page_id=108\" target=\"_self\"><strong>Simone Deflorian<\/strong><\/a><\/p>\n<p><a style=\"text-decoration: none\" title=\"Simone Deflorian\" href=\"http:\/\/www.studiokappa.it\/?page_id=108\" target=\"_self\"><em>Sviluppo Partecipato di Citt\u00e0 e Organizzazioni<\/em><\/a><br \/>\n<em><br \/>\n<\/em><br \/>\n<span style=\"text-align: left\"><a style=\"text-decoration: none\" title=\"Vai alla Rassegna Stampa\" href=\"http:\/\/www.studiokappa.it\/?page_id=440\">Vai alla Rassegna Stampa<\/a><\/span><\/p>\n","protected":false},"excerpt":{"rendered":"<p>La gestione del potere Corso-training presso l&#8217;Universit\u00e0 di Torino, Dipartimento di Scienze della Sanit\u00e0 Pubblica e Pediatriche [slideshow_deploy id=&#8217;8664&#8242;] Il 24 Marzo \u00e8 ripartito il corso su &#8220;La Gestione del Potere&#8220;, presso il Dipartimento di Scienze della Sanit\u00e0 Pubblica e Pediatriche dell&#8217;Universit\u00e0 di Torino. Il momento di formazione \u00e8 un training del Corso di Laurea [&hellip;]<\/p>\n","protected":false},"author":1,"featured_media":0,"parent":0,"menu_order":0,"comment_status":"closed","ping_status":"closed","template":"","meta":{"footnotes":""},"class_list":["post-8642","page","type-page","status-publish","hentry"],"_links":{"self":[{"href":"https:\/\/www.studiokappa.it\/index.php?rest_route=\/wp\/v2\/pages\/8642","targetHints":{"allow":["GET"]}}],"collection":[{"href":"https:\/\/www.studiokappa.it\/index.php?rest_route=\/wp\/v2\/pages"}],"about":[{"href":"https:\/\/www.studiokappa.it\/index.php?rest_route=\/wp\/v2\/types\/page"}],"author":[{"embeddable":true,"href":"https:\/\/www.studiokappa.it\/index.php?rest_route=\/wp\/v2\/users\/1"}],"replies":[{"embeddable":true,"href":"https:\/\/www.studiokappa.it\/index.php?rest_route=%2Fwp%2Fv2%2Fcomments&post=8642"}],"version-history":[{"count":0,"href":"https:\/\/www.studiokappa.it\/index.php?rest_route=\/wp\/v2\/pages\/8642\/revisions"}],"wp:attachment":[{"href":"https:\/\/www.studiokappa.it\/index.php?rest_route=%2Fwp%2Fv2%2Fmedia&parent=8642"}],"curies":[{"name":"wp","href":"https:\/\/api.w.org\/{rel}","templated":true}]}}