{"id":7640,"date":"2016-10-16T16:57:04","date_gmt":"2016-10-16T16:57:04","guid":{"rendered":"http:\/\/www.studiokappa.it\/?page_id=7640"},"modified":"2022-11-01T15:18:00","modified_gmt":"2022-11-01T15:18:00","slug":"simone-deflorian-bibliografia","status":"publish","type":"page","link":"https:\/\/www.studiokappa.it\/?page_id=7640","title":{"rendered":"Simone Deflorian &#8211; Bibliografia"},"content":{"rendered":"<table width=\"100%\" cellspacing=\"0\" cellpadding=\"0\" border=\"0\" align=\"center\">\n<tbody>\n<tr>\n<td style=\"width: 75%\" valign=\"top\"><strong><span style=\"color: #6600ff; font-size: medium;\">Simone Deflorian<\/span><br \/>\n<\/strong><span style=\"color: #6600ff;\">Sviluppo Partecipato di Citt\u00e0 e Organizzazioni<\/span><\/p>\n<p><em><br \/>\n<\/em><br \/>\n<strong>Testi di riferimento<\/strong><br \/>\n&nbsp;<\/p>\n<div>\n<p>D. Dolci, <em>Dal trasmettere al comunicare<\/em>, Edizioni Sonda, Casale Monferrato, 2011<\/p>\n<p>E.R. Martini &#8211; A. Torti, <em>Fare lavoro di comunit\u00e0<\/em>, Carocci Editore, Roma, 2003<\/p>\n<p>I. Illich, <em>Nemesi medica. L\u2019espropriazione della salute<\/em>, Boroli Editore, Milano, 2005<\/p>\n<p>I. Illich, <em>Descolarizzare la societ\u00e0. Una societ\u00e0 senza scuola \u00e8 possibile?<\/em>, Mimesis Edizioni, Sesto San Giovanni (MI), 2010<\/p>\n<p>L. Milani, <em>L\u2019obbedienza non \u00e8 pi\u00f9 una virt\u00f9<\/em>, Libreria Editrice Fiorentina, Firenze, 1965<\/p>\n<p>L. Rossi, <em>Paulo Freire, profeta di liberazione<\/em>, Edizioni Qualevita, L&#8217;Aquila, 1999<\/p>\n<p>P. Freire, <em>L&#8217;educazione come pratica della libert\u00e0<\/em>, Mondadori, Milano, 1973<\/p>\n<p>P. Freire, <em>La pedagogia degli oppressi<\/em>, Edizioni Gruppo Abele, Torino, 2006<\/p>\n<p>Scuola di Barbiana, <em>Lettera a una professoressa<\/em>, Libreria Editrice Fiorentina, Firenze, 1967<\/p>\n<\/div>\n<\/td>\n<td style=\"width: 20%\" valign=\"top\"><a style=\"text-decoration: none;\" href=\"http:\/\/www.studiokappa.it\/?page_id=108\"><img decoding=\"async\" class=\"alignright size-full wp-image-113\" style=\"margin-left: 10px;\" title=\"Simone Deflorian - Sviluppo Partecipato di citt\u00e0 e organizzazioni\" src=\"http:\/\/www.studiokappa.it\/wp-content\/uploads\/2012\/04\/Simone_DeflorianNEW.jpg\" alt=\"Simone Deflorian\" width=\"186\" height=\"222\"><\/a><\/p>\n<p>&nbsp;<\/p>\n<p style=\"text-align: right;\"><em><strong>&nbsp;&nbsp;<a style=\"text-decoration: none;\" title=\"Vai alle pubblicazioni di Simone Deflorian\" href=\"http:\/\/www.studiokappa.it\/?page_id=7612\">Pubblicazioni<\/a><\/strong><\/em><\/p>\n<p style=\"text-align: right;\"><em><strong>&nbsp;&nbsp;<a style=\"text-decoration: none;\" title=\"Vai agli articoli di Simone Deflorian\" href=\"http:\/\/www.studiokappa.it\/?page_id=7617\">Articoli<\/a><\/strong><\/em><\/p>\n<p style=\"text-align: right;\"><em><strong>&nbsp;&nbsp;<a style=\"text-decoration: none;\" title=\"Vai ai convegni di Simone Deflorian\" href=\"http:\/\/www.studiokappa.it\/?page_id=7635\">Convegni<\/a><\/strong><\/em><\/p>\n<p style=\"text-align: right;\"><em><strong>&nbsp;&nbsp;<a style=\"text-decoration: none;\" title=\"Vai ai convegni di Simone Deflorian\" href=\"http:\/\/www.studiokappa.it\/?page_id=108\">Interventi<\/a><\/strong><\/em><\/p>\n<p style=\"text-align: right;\"><em><strong>&nbsp;&nbsp;<a style=\"text-decoration: none;\" title=\"Vai agli interventi di Simone Deflorian\" href=\"http:\/\/www.studiokappa.it\/?page_id=7638\">Area di intervento<\/a><\/strong><\/em><\/p>\n<p style=\"text-align: right;\"><em><strong>&nbsp;&nbsp;<a style=\"text-decoration: none;\" title=\"Vai ai testi di riferimento di Simone Deflorian\" href=\"http:\/\/www.studiokappa.it\/?page_id=7640\">Riferimenti<\/a><\/strong><\/em><\/p>\n<p style=\"text-align: right;\"><em><strong>&nbsp;&nbsp;<a style=\"text-decoration: none;\" title=\"Vai alla biografia di Simone Deflorian\" href=\"http:\/\/www.studiokappa.it\/?page_id=7642\">Biografia<\/a><\/strong><\/em><\/p>\n<\/td>\n<\/tr>\n<\/tbody>\n<\/table>\n<p><!--\n\n\n<div>\n<em><\/em>\n<a style=\"text-decoration: none;\" title=\"Vai alla scheda delle attivit\u00e0 che svolge Simone Deflorian\" href=\"http:\/\/www.studiokappa.it\/?page_id=191\" target=\"_self\" rel=\"noopener noreferrer\">Vai alla scheda delle attivit\u00e0 che svolge<\/a><\/div>\n\n\n--><\/p>\n","protected":false},"excerpt":{"rendered":"<p>Simone Deflorian Sviluppo Partecipato di Citt\u00e0 e Organizzazioni Testi di riferimento &nbsp; D. Dolci, Dal trasmettere al comunicare, Edizioni Sonda, Casale Monferrato, 2011 E.R. Martini &#8211; A. Torti, Fare lavoro di comunit\u00e0, Carocci Editore, Roma, 2003 I. Illich, Nemesi medica. L\u2019espropriazione della salute, Boroli Editore, Milano, 2005 I. Illich, Descolarizzare la societ\u00e0. Una societ\u00e0 senza [&hellip;]<\/p>\n","protected":false},"author":1,"featured_media":0,"parent":0,"menu_order":0,"comment_status":"closed","ping_status":"closed","template":"","meta":{"footnotes":""},"class_list":["post-7640","page","type-page","status-publish","hentry"],"_links":{"self":[{"href":"https:\/\/www.studiokappa.it\/index.php?rest_route=\/wp\/v2\/pages\/7640","targetHints":{"allow":["GET"]}}],"collection":[{"href":"https:\/\/www.studiokappa.it\/index.php?rest_route=\/wp\/v2\/pages"}],"about":[{"href":"https:\/\/www.studiokappa.it\/index.php?rest_route=\/wp\/v2\/types\/page"}],"author":[{"embeddable":true,"href":"https:\/\/www.studiokappa.it\/index.php?rest_route=\/wp\/v2\/users\/1"}],"replies":[{"embeddable":true,"href":"https:\/\/www.studiokappa.it\/index.php?rest_route=%2Fwp%2Fv2%2Fcomments&post=7640"}],"version-history":[{"count":0,"href":"https:\/\/www.studiokappa.it\/index.php?rest_route=\/wp\/v2\/pages\/7640\/revisions"}],"wp:attachment":[{"href":"https:\/\/www.studiokappa.it\/index.php?rest_route=%2Fwp%2Fv2%2Fmedia&parent=7640"}],"curies":[{"name":"wp","href":"https:\/\/api.w.org\/{rel}","templated":true}]}}