{"id":7635,"date":"2016-10-16T16:54:15","date_gmt":"2016-10-16T16:54:15","guid":{"rendered":"http:\/\/www.studiokappa.it\/?page_id=7635"},"modified":"2023-11-16T16:03:50","modified_gmt":"2023-11-16T16:03:50","slug":"simone-deflorian-convegni","status":"publish","type":"page","link":"https:\/\/www.studiokappa.it\/?page_id=7635","title":{"rendered":"Simone Deflorian &#8211; Convegni"},"content":{"rendered":"<table width=\"100%\" cellspacing=\"0\" cellpadding=\"0\" border=\"0\" align=\"center\">\n<tbody>\n<tr>\n<td style=\"width: 75%\" valign=\"top\"><strong><span style=\"color: #6600ff; font-size: medium;\">Simone Deflorian<\/span><br \/>\n<\/strong><span style=\"color: #6600ff;\">Sviluppo Partecipato di Citt\u00e0 e Organizzazioni<\/span><\/p>\n<p><em><br \/>\n<\/em><br \/>\n<strong>Convegni<\/strong><br \/>\n&nbsp;<\/p>\n<div>\n<p><strong>Salerno, 9 Novembre 2023<\/strong><br \/>\n<a style=\"text-decoration: none;\" title=\"Vai al sito dell'universit\u00e0 di Salerno\" href=\"https:\/\/www.unisa.it\/\" target=\"_blank\" rel=\"noopener noreferrer\">Universit\u00e0 degli studi di Salerno<\/a> &#8211; <a style=\"text-decoration: none;\" title=\"Vai al sito di Libera\" href=\"https:\/\/www.libera.it\/\" target=\"_blank\" rel=\"noopener noreferrer\">Libera. Associazioni, nomi, numeri contro le mafie<\/a> &#8211; <a style=\"text-decoration: none;\" title=\"Vai al sito del Comune di Salerno\" href=\"http:\/\/comune.salerno.it\/\" target=\"_blank\" rel=\"noopener noreferrer\">Citt\u00e0 di Salerno<\/a> &#8211; <a style=\"text-decoration: none;\" title=\"Vai al sito della Societ\u00e0 Scientifica Italiana di Sociologia, Cultura e Comunicazione\" href=\"https:\/\/ssi-scc.it\/\" target=\"_blank\" rel=\"noopener noreferrer\">Societ\u00e0 Scientifica Italiana di Sociologia, Cultura e Comunicazione<\/a><br \/>\nConferenza internazionale <a style=\"text-decoration: none;\" title=\"Vai all'evento\" href=\"https:\/\/web.unisa.it\/unisa-rescue-page\/dettaglio\/id\/202\/module\/87\/row\/10151\" target=\"_blank\" rel=\"noopener noreferrer\">\u201cEducazione, Pace, Giustizia Sociale. Sui passi di don Lorenzo Milani\u201d<\/a><br \/>\nIntervento &#8220;<em><a style=\"text-decoration: none;\" title=\"Vai al programma dell'evento\" href=\"https:\/\/web.unisa.it\/uploads\/rescue\/87\/10151\/programma-educazione-pace-giustizia-sociale.-sui-passi-di-don-lorenzo-milani-1-.pdf\" target=\"_blank\" rel=\"noopener noreferrer\">Mobilitazione delle comunit\u00e0 e liberazione dalle oppressioni. Esperienze in Italia con il metodo di Paulo Freire<\/a><\/em>&#8221;<br \/>\n<em><br \/>\n<\/em><br \/>\n<strong>Nichelino (TO), 14 Ottobre 2023<\/strong><br \/>\n<a style=\"text-decoration: none;\" title=\"Vai al sito del Comune di Settimo Torinese (TO)\" href=\"http:\/\/comune.settimo-torinese.to.it\/index.php?lang=it\" target=\"_blank\" rel=\"noopener noreferrer\">Comune di Settimo Torinese (TO)<\/a>, <a style=\"text-decoration: none;\" title=\"Vai al sito della Biblioteca Civica di Nichelino (TO)\" href=\"https:\/\/www.bibliotecanichelino.it\/bn\/index.php\" target=\"_blank\" rel=\"noopener noreferrer\">Biblioteca Civica &#8220;G. Arpino&#8221; di Nichelino (TO)<\/a><br \/>\n<a style=\"text-decoration: none;\" title=\"Vai all'evento\" href=\"https:\/\/festivaldellinnovazione.settimo-torinese.it\" target=\"_blank\" rel=\"noopener noreferrer\">Festival dell&#8217;innovazione e della scienza &#8220;Linguaggi che uniscono&#8221;<\/a><br \/>\nIntervento &#8220;<em><a style=\"text-decoration: none;\" title=\"Vai al programma dell'evento\" href=\"https:\/\/festivaldellinnovazione.settimo-torinese.it\/wp-content\/uploads\/2023\/09\/brochure_A5_Festival_Settimo_1309.pdf\" target=\"_blank\" rel=\"noopener noreferrer\">La parola autentica trasforma il mondo. La forza scardinatrice dei temi generatori e della maieutica nel processo di liberazione e coscientizzazione con le comunit\u00e0 locali<\/a><\/em>&#8221;<br \/>\n<em><br \/>\n<\/em><br \/>\n<strong>Casale Monferrato (AL), 12 Marzo 2022<\/strong><br \/>\nGruppo &#8220;Amici della Cascina G&#8221;<br \/>\nConvegno \u201c<em>Con don Gino<\/em>\u201d<br \/>\nIntervento &#8220;<em>L&#8217;analisi storica elaborata per le Settimane del Freire<\/em>&#8221;<br \/>\n<em><br \/>\n<\/em><br \/>\n<strong>Mosca (Russia), 12 Marzo 2019<\/strong><br \/>\n<a style=\"text-decoration: none;\" title=\"Vai al sito dell'Accademia delle Scienze della Russia\" href=\"http:\/\/www.ras.ru\/\" target=\"_blank\" rel=\"noopener noreferrer\">Accademia delle Scienze della Russia<\/a><br \/>\nSeminario \u201c<em><a style=\"text-decoration: none;\" title=\"Vai all'articolo\" href=\"http:\/\/www.studiokappa.it\/?page_id=12072\" target=\"_blank\" rel=\"noopener noreferrer\">Sviluppo locale partecipato: esperienze e risultati degli interventi di Simone Deflorian in Italia, Svizzera e Nord Europa<\/a><\/em>\u201d<br \/>\nConduzione e intervento seminario<br \/>\n<em><br \/>\n<\/em><br \/>\n<strong>Asti, 1 Aprile 2017<\/strong><br \/>\nLista civica &#8220;<a style=\"text-decoration: none;\" title=\"Vai al blog della lista\" href=\"http:\/\/passarino.blogspot.it\/\" target=\"_blank\" rel=\"noopener noreferrer\">Passarino, un sindaco per amico<\/a>&#8221;<br \/>\nKermesse \u201c<em>Progettazione Partecipata Programma Elettorale. 10 Tavoli Tematici<\/em>\u201d<br \/>\nConduzione Kermesse<br \/>\n<em><br \/>\n<\/em><br \/>\n<strong>Casale Monferrato (AL), 11 Marzo 2017<\/strong><br \/>\nGruppo &#8220;Amici della Cascina G&#8221;<br \/>\nConvegno \u201c<em><a style=\"text-decoration: none;\" title=\"Vai al volantino del convegno\" href=\"https:\/\/www.facebook.com\/photo.php?fbid=10212073933101676&amp;set=a.1269115326057.183121.1175062581&amp;type=3&amp;theater\" target=\"_blank\" rel=\"noopener noreferrer\">Ricordando don Gino<\/a><\/em>\u201d<br \/>\nIntervento &#8220;<em>Le parole generatrici<\/em>&#8221;<br \/>\n<em><br \/>\n<\/em><br \/>\n<strong>Roma, 13 Marzo 2015<\/strong><br \/>\n<a style=\"text-decoration: none;\" title=\"Vai al sito del Comune di Roma\" href=\"https:\/\/www.comune.roma.it\/pcr\/it\/homepage.page\" target=\"_blank\" rel=\"noopener noreferrer\">Comune di Roma<\/a> &#8211; <a style=\"text-decoration: none;\" title=\"Vai al sito del V Municipio del Comune di Roma\" href=\"https:\/\/www.comune.roma.it\/pcr\/it\/municipio_vi.page\" target=\"_blank\" rel=\"noopener noreferrer\">V Municipio<\/a> &#8211; <a style=\"text-decoration: none;\" title=\"Vai al sito dell'Associazione Asinitas\" href=\"http:\/\/www.asinitas.org\" target=\"_blank\" rel=\"noopener noreferrer\">Associazione Asinitas<\/a><br \/>\nConferenza Stampa \u201c<a style=\"text-decoration: none;\" title=\"Vai al comunicato sul sito del Comune di Roma\" href=\"https:\/\/www.comune.roma.it\/pcr\/it\/newsview.page?contentId=NEW826147\" target=\"_blank\" rel=\"noopener noreferrer\"><em>Mobilitare le comunit\u00e0 locali: Coscienza, Responsabilit\u00e0 e Libert\u00e0 dal basso. Attivare la partecipazione dei cittadini per la risoluzione delle problematiche che vivono nel contesto in cui abitano. Il metodo di Paulo Freire<\/em><\/a>\u201d<br \/>\nPresentazione del Percorso Formativo<br \/>\n<em><br \/>\n<\/em><br \/>\n<strong>Vercelli, 26 Settembre 2013<\/strong><br \/>\n<a style=\"text-decoration: none;\" title=\"Vai al sito della Diocesi di Vercelli\" href=\"http:\/\/www.arcidiocesi.vc.it\/\" target=\"_blank\" rel=\"noopener noreferrer\">Diocesi di Vercelli<\/a> &#8211; <a style=\"text-decoration: none;\" title=\"Vai al sito del Centro Servizi per il Volontariato\" href=\"http:\/\/www.acsv.it\/vc\/\" target=\"_blank\" rel=\"noopener noreferrer\">Centro Servizi per il Volontariato di Vercelli<\/a><br \/>\nConvegno \u201c<a style=\"text-decoration: none;\" title=\"Vai alla pagina dell'evento\" href=\"http:\/\/www.spiritosociale.org\/extra\/festa-dei-popoli-2013\/cittadinsieme-convegno-e-laboratori\/\" target=\"_blank\" rel=\"noopener noreferrer\"><em>#Cittadinsieme<\/em><\/a>\u201d<br \/>\nConduzione Laboratorio Maieutico<br \/>\n<em><br \/>\n<\/em><br \/>\n<strong>Vercelli, 1 Marzo 2008<\/strong><br \/>\n<a style=\"text-decoration: none;\" title=\"Vai al sito del Comune di Vercelli\" href=\"http:\/\/www.comune.vercelli.it\/cms\/\" target=\"_blank\" rel=\"noopener noreferrer\">Comune di Vercelli<\/a> &#8211; <a style=\"text-decoration: none;\" title=\"Vai al sito del Centro Servizi per il Volontariato\" href=\"http:\/\/www.acsv.it\/vc\/\" target=\"_blank\" rel=\"noopener noreferrer\">Centro Servizi per il Volontariato di Vercelli<\/a><br \/>\nAssemblea Pubblica di Restituzione della Ricognizione Sociale della Progettazione Partecipata \u201c<em><a style=\"text-decoration: none;\" title=\"Leggi l'articolo\" href=\"http:\/\/www.studiokappa.it\/documenti\/La_Sesia_29_02_08.pdf\" target=\"_blank\" rel=\"noopener noreferrer\">Fuori la scuola<\/a><\/em>\u201d<br \/>\nConduzione Assemblea Pubblica<br \/>\n<em><br \/>\n<\/em><br \/>\n<strong>Ivrea (TO), 27-28-29 Settembre 2007<\/strong><br \/>\n<a style=\"text-decoration: none;\" title=\"Vai al sito del Consorzio In.Rete\" href=\"http:\/\/www.inrete.to.it\/\" target=\"_blank\" rel=\"noopener noreferrer\">Consorzio In.Rete di Ivrea (TO)<\/a> &#8211; <a style=\"text-decoration: none;\" title=\"Vai al sito di MartiniAssociati Srl\" href=\"http:\/\/www.martiniassociati.it\/\" target=\"_blank\" rel=\"noopener noreferrer\">MartiniAssociati Srl<\/a><br \/>\nConvegno \u201c<a style=\"text-decoration: none;\" title=\"Scarica il programma del convegno\" href=\"http:\/\/www.provincia.torino.gov.it\/solidarietasociale\/file-storage\/download\/2014\/formaz\/programma.pdf\" target=\"_blank\" rel=\"noopener noreferrer\"><em>Sviluppo di Comunit\u00e0. Comunit\u00e0 in sviluppo<\/em><\/a>\u201d<br \/>\nContributo come membro del Comitato Scientifico e conduzione seminario<br \/>\n<em><br \/>\n<\/em><br \/>\n<strong>Sesto San Giovanni (MI), 16 Giugno 2006<\/strong><br \/>\n<a style=\"text-decoration: none;\" title=\"Vai al sito dell'Istituto Paulo Freire Italia\" href=\"http:\/\/paulofreire.it\/\" target=\"_blank\" rel=\"noopener noreferrer\">Istituto Paulo Freire Italia<\/a><br \/>\nPrimo Forum Italiano dell\u2019Istituto Paulo Freire<br \/>\nRelazione su \u201c<a style=\"text-decoration: none;\" title=\"Scarica l'intervento\" href=\"http:\/\/www.studiokappa.it\/wp-content\/uploads\/2014\/01\/InterventoConvegnoMilanoIPF.pdf\" target=\"_blank\" rel=\"noopener noreferrer\"><em>La metodologia pedagogica di Paulo Freire e le sue applicazioni italiane<\/em><\/a>\u201d<br \/>\n<em><br \/>\n<\/em><br \/>\n<strong>Asti, Settembre 2004<\/strong><br \/>\n<a style=\"text-decoration: none;\" title=\"Vai al sito della Regione Piemonte\" href=\"http:\/\/www.regione.piemonte.it\/\" target=\"_blank\" rel=\"noopener noreferrer\">Regione Piemonte<\/a> &#8211; <a style=\"text-decoration: none;\" title=\"Vai al sito della Cooperativa Sociale Vedogiovane\" href=\"http:\/\/www.vedogiovane.it\/\" target=\"_blank\" rel=\"noopener noreferrer\">Cooperativa Sociale Vedogiovane<\/a><br \/>\n&#8220;<em>Animazione Professionale e Sviluppo di Comunit\u00e0<\/em>&#8221;<br \/>\nRelazione sulla tesi<br \/>\n<em><br \/>\n<\/em><br \/>\n<strong>Asti, 12 Novembre 2002<\/strong><br \/>\n<a style=\"text-decoration: none;\" title=\"Vai al sito della Regione Piemonte\" href=\"http:\/\/www.regione.piemonte.it\/\" target=\"_blank\" rel=\"noopener noreferrer\">Regione Piemonte<\/a> &#8211; <a style=\"text-decoration: none;\" title=\"Vai al sito della Citt\u00e0 di Torino\" href=\"http:\/\/www.comune.torino.it\/\" target=\"_blank\" rel=\"noopener noreferrer\">Citt\u00e0 di Torino<\/a> &#8211; <a style=\"text-decoration: none;\" title=\"Vai al sito della Provincia di Asti\" href=\"http:\/\/www.provincia.asti.gov.it\/\" target=\"_blank\" rel=\"noopener noreferrer\">Provincia di Asti<\/a><br \/>\n&#8220;<em>Giovani e Spazi Urbani. La partecipazione giovanile nella riqualificazione dell\u2019ambiente di vita quotidiano. Esperienze e strumenti per l\u2019azione<\/em>&#8221;<br \/>\nRelazione sull\u2019intervento \u201cStreet Walker\u201d<\/p>\n<\/div>\n<\/td>\n<td style=\"width: 20%\" valign=\"top\"><a style=\"text-decoration: none;\" href=\"http:\/\/www.studiokappa.it\/?page_id=108\"><img decoding=\"async\" class=\"alignright size-full wp-image-113\" style=\"margin-left: 10px;\" title=\"Simone Deflorian - Sviluppo Partecipato di citt\u00e0 e organizzazioni\" src=\"http:\/\/www.studiokappa.it\/wp-content\/uploads\/2012\/04\/Simone_DeflorianNEW.jpg\" alt=\"Simone Deflorian\" width=\"186\" height=\"222\"><\/a><\/p>\n<p>&nbsp;<\/p>\n<p style=\"text-align: right;\"><em><strong>&nbsp;&nbsp;<a style=\"text-decoration: none;\" title=\"Vai alle pubblicazioni di Simone Deflorian\" href=\"http:\/\/www.studiokappa.it\/?page_id=7612\">Pubblicazioni<\/a><\/strong><\/em><\/p>\n<p style=\"text-align: right;\"><em><strong>&nbsp;&nbsp;<a style=\"text-decoration: none;\" title=\"Vai agli articoli di Simone Deflorian\" href=\"http:\/\/www.studiokappa.it\/?page_id=7617\">Articoli<\/a><\/strong><\/em><\/p>\n<p style=\"text-align: right;\"><em><strong>&nbsp;&nbsp;<a style=\"text-decoration: none;\" title=\"Vai ai convegni di Simone Deflorian\" href=\"http:\/\/www.studiokappa.it\/?page_id=7635\">Convegni<\/a><\/strong><\/em><\/p>\n<p style=\"text-align: right;\"><em><strong>&nbsp;&nbsp;<a style=\"text-decoration: none;\" title=\"Vai ai convegni di Simone Deflorian\" href=\"http:\/\/www.studiokappa.it\/?page_id=108\">Interventi<\/a><\/strong><\/em><\/p>\n<p style=\"text-align: right;\"><em><strong>&nbsp;&nbsp;<a style=\"text-decoration: none;\" title=\"Vai agli interventi di Simone Deflorian\" href=\"http:\/\/www.studiokappa.it\/?page_id=7638\">Area di intervento<\/a><\/strong><\/em><\/p>\n<p style=\"text-align: right;\"><em><strong>&nbsp;&nbsp;<a style=\"text-decoration: none;\" title=\"Vai ai testi di riferimento di Simone Deflorian\" href=\"http:\/\/www.studiokappa.it\/?page_id=7640\">Riferimenti<\/a><\/strong><\/em><\/p>\n<p style=\"text-align: right;\"><em><strong>&nbsp;&nbsp;<a style=\"text-decoration: none;\" title=\"Vai alla biografia di Simone Deflorian\" href=\"http:\/\/www.studiokappa.it\/?page_id=7642\">Biografia<\/a><\/strong><\/em><\/p>\n<\/td>\n<\/tr>\n<\/tbody>\n<\/table>\n<p><!--\n\n\n<div>\n<em><\/em>\n<a style=\"text-decoration: none;\" title=\"Vai alla scheda delle attivit\u00e0 che svolge Simone Deflorian\" href=\"http:\/\/www.studiokappa.it\/?page_id=191\" target=\"_self\" rel=\"noopener noreferrer\">Vai alla scheda delle attivit\u00e0 che svolge<\/a><\/div>\n\n\n--><\/p>\n","protected":false},"excerpt":{"rendered":"<p>Simone Deflorian Sviluppo Partecipato di Citt\u00e0 e Organizzazioni Convegni &nbsp; Salerno, 9 Novembre 2023 Universit\u00e0 degli studi di Salerno &#8211; Libera. Associazioni, nomi, numeri contro le mafie &#8211; Citt\u00e0 di Salerno &#8211; Societ\u00e0 Scientifica Italiana di Sociologia, Cultura e Comunicazione Conferenza internazionale \u201cEducazione, Pace, Giustizia Sociale. Sui passi di don Lorenzo Milani\u201d Intervento &#8220;Mobilitazione delle [&hellip;]<\/p>\n","protected":false},"author":1,"featured_media":0,"parent":0,"menu_order":0,"comment_status":"closed","ping_status":"closed","template":"","meta":{"footnotes":""},"class_list":["post-7635","page","type-page","status-publish","hentry"],"_links":{"self":[{"href":"https:\/\/www.studiokappa.it\/index.php?rest_route=\/wp\/v2\/pages\/7635","targetHints":{"allow":["GET"]}}],"collection":[{"href":"https:\/\/www.studiokappa.it\/index.php?rest_route=\/wp\/v2\/pages"}],"about":[{"href":"https:\/\/www.studiokappa.it\/index.php?rest_route=\/wp\/v2\/types\/page"}],"author":[{"embeddable":true,"href":"https:\/\/www.studiokappa.it\/index.php?rest_route=\/wp\/v2\/users\/1"}],"replies":[{"embeddable":true,"href":"https:\/\/www.studiokappa.it\/index.php?rest_route=%2Fwp%2Fv2%2Fcomments&post=7635"}],"version-history":[{"count":0,"href":"https:\/\/www.studiokappa.it\/index.php?rest_route=\/wp\/v2\/pages\/7635\/revisions"}],"wp:attachment":[{"href":"https:\/\/www.studiokappa.it\/index.php?rest_route=%2Fwp%2Fv2%2Fmedia&parent=7635"}],"curies":[{"name":"wp","href":"https:\/\/api.w.org\/{rel}","templated":true}]}}