{"id":5851,"date":"2014-09-12T21:51:19","date_gmt":"2014-09-12T21:51:19","guid":{"rendered":"http:\/\/www.studiokappa.it\/?page_id=5851"},"modified":"2021-03-30T11:33:15","modified_gmt":"2021-03-30T11:33:15","slug":"religione","status":"publish","type":"page","link":"https:\/\/www.studiokappa.it\/?page_id=5851","title":{"rendered":"Religione"},"content":{"rendered":"<p><strong><span style=\"color: #6600ff; font-size: medium;\">Le comunit\u00e0 religiose<\/span><\/strong><\/p>\n<table border=\"0\" width=\"100%\" cellspacing=\"0\" cellpadding=\"0\" align=\"center\">\n<tbody>\n<tr>\n<td align=\"left\" valign=\"left\" width=\"20%\"><a title=\"Vai al Lavoro con le Comunit\u00e0 Locali\" href=\"http:\/\/www.studiokappa.it\/?page_id=5812\"><img decoding=\"async\" style=\"width: 80%; height: 80%;\" src=\"http:\/\/www.studiokappa.it\/wp-content\/uploads\/2014\/02\/Comunita.jpg\" alt=\"Comunit\u00e0 Locali\" \/><\/a><\/td>\n<td width=\"0%\"><\/td>\n<td style=\"text-align: giustify; font-family: Verdana; font-size: 100%;\" valign=\"top\" width=\"80%\">Le Comunit\u00e0 Locali ospitano al loro interno anche molte comunit\u00e0 religiose, diocesane e parrocchiali, che sono da sempre una preziosa risorsa nella composizione del sistema di welfare misto pubblico-privato utile ad assicurare coesione sociale, mutualit\u00e0, sussidiariet\u00e0, ridistribuzione e diritti sociali e culturali a tutti i cittadini. Il contributo che le comunit\u00e0 religiose apportano alle comunit\u00e0 locali \u00e8 un contributo di valori, di speranza, di fede e di azioni concrete di sostegno a quelle persone giovani, adulti e anziani che accolgono nei servizi che gestiscono.<\/td>\n<\/tr>\n<\/tbody>\n<\/table>\n<p>La passione, la costanza e l&#8217;amore che guida queste comunit\u00e0 religiose e parrocchiali \u00e8 una ricchezza per tutte le comunit\u00e0 locali in cui sono inserite. Tali organizzazioni gestiscono in proprio i servizi che realizzano, anche avvalendosi di collaboratori a cui riconoscono competenza e vicinanza di visioni e approcci. La complessit\u00e0 del governo degli aspetti organizzativi, di influenzamento delle politiche micro-locali e di interazione all&#8217;interno di un sistema di servizi complesso richiede supporti che difficilmente sono rintracciabili tra gli stretti collaboratori di cui si avvalgono.<br \/>\n<em><br \/>\n<\/em><br \/>\nRealizziamo la consulenza e la formazione per coloro che intendono:<\/p>\n<table border=\"0\" width=\"100%\" cellspacing=\"0\" cellpadding=\"0\" align=\"center\">\n<tbody>\n<tr>\n<td valign=\"top\"><img decoding=\"async\" src=\"https:\/\/lh4.googleusercontent.com\/-KUnM_IO-hAs\/TgZgN0tqEuI\/AAAAAAAAAZk\/Cachu2JnhXM\/bullet.gif\" alt=\" \" width=\"12\" height=\"11\" border=\"0\" \/><\/td>\n<td valign=\"top\">avvicinarsi al mondo e alla vita delle persone (dei loro slanci e dei problemi quotidiani)<\/td>\n<\/tr>\n<tr>\n<td valign=\"top\"><img decoding=\"async\" src=\"https:\/\/lh4.googleusercontent.com\/-KUnM_IO-hAs\/TgZgN0tqEuI\/AAAAAAAAAZk\/Cachu2JnhXM\/bullet.gif\" alt=\" \" width=\"12\" height=\"11\" border=\"0\" \/><\/td>\n<td valign=\"top\">sviluppare progettualit\u00e0 di animazione e coinvolgimento comunitario<\/td>\n<\/tr>\n<tr>\n<td valign=\"top\"><img decoding=\"async\" src=\"https:\/\/lh4.googleusercontent.com\/-KUnM_IO-hAs\/TgZgN0tqEuI\/AAAAAAAAAZk\/Cachu2JnhXM\/bullet.gif\" alt=\" \" width=\"12\" height=\"11\" border=\"0\" \/><\/td>\n<td valign=\"top\">trovare sostegno e professionalit\u00e0 nel mandato pastorale e missionario<\/td>\n<\/tr>\n<\/tbody>\n<\/table>\n<p><strong><span style=\"color: #6600ff;\">I professionisti che si occupano di questi temi<\/span><\/strong><\/p>\n<p><a href=\"http:\/\/www.studiokappa.it\/?page_id=5555\"><img decoding=\"async\" class=\"alignleft size-full wp-image-134\" style=\"margin-left: 10px; margin-right: 10px;\" title=\"Mary Rimola\" src=\"http:\/\/www.studiokappa.it\/wp-content\/uploads\/2014\/05\/Anna_Zumbosmall.jpg\" alt=\"Anna Zumbo\" width=\"54\" height=\"64\" \/><\/a><a style=\"text-decoration: none;\" title=\"Anna Zumbo\" href=\"http:\/\/www.studiokappa.it\/?page_id=5555\" target=\"_self\" rel=\"noopener\"><strong>Anna Zumbo<\/strong><\/a><\/p>\n<p><a style=\"text-decoration: none;\" title=\"Anna Zumbo\" href=\"http:\/\/www.studiokappa.it\/?page_id=5555\" target=\"_self\" rel=\"noopener\"><em>Rafforzamento delle Organizzazioni e Sviluppo di Comunit\u00e0<\/em><\/a><br \/>\n<em><br \/>\n<\/em><!--\n<a href=\"http:\/\/www.studiokappa.it\/?page_id=9897\"><img decoding=\"async\" class=\"alignleft size-full wp-image-134\" style=\"margin-left: 10px; margin-right: 10px;\" title=\"Monica Cellini\" src=\"http:\/\/www.studiokappa.it\/wp-content\/uploads\/2017\/12\/MonicaCellinismall.jpg\" alt=\"Monica Cellini\" width=\"54\" height=\"64\" \/><\/a><a title=\"Monica Cellini\" href=\"http:\/\/www.studiokappa.it\/?page_id=9897\" target=\"_self\" style=\"text-decoration:none\" rel=\"noopener\"><strong>Monica Cellini<\/strong><\/a>\n\n<a title=\"Monica Cellini\" href=\"http:\/\/www.studiokappa.it\/?page_id=9897\" target=\"_self\" style=\"text-decoration:none\" rel=\"noopener\"><em>Reti sociali di protezione diffusa e di prossimit\u00e0, per una comunit\u00e0 resiliente<\/em><\/a>\n<em>\n<\/em>--><br \/>\n<a href=\"http:\/\/www.studiokappa.it\/?page_id=108\"><img loading=\"lazy\" decoding=\"async\" class=\"alignleft size-full wp-image-132\" style=\"margin-left: 10px; margin-right: 10px;\" title=\"Simone Deflorian\" src=\"http:\/\/www.studiokappa.it\/wp-content\/uploads\/2012\/04\/Simone_DeflorianNEW.jpg\" alt=\"Simone Deflorian\" width=\"54\" height=\"64\" \/><\/a><a style=\"text-decoration: none;\" title=\"Simone Deflorian\" href=\"http:\/\/www.studiokappa.it\/?page_id=108\" target=\"_self\" rel=\"noopener\"><strong>Simone Deflorian<\/strong><\/a><\/p>\n<p><a style=\"text-decoration: none;\" title=\"Simone Deflorian\" href=\"http:\/\/www.studiokappa.it\/?page_id=108\" target=\"_self\" rel=\"noopener\"><em>Sviluppo Partecipato di Citt\u00e0 e Organizzazioni<\/em><\/a><br \/>\n<em><br \/>\n<\/em><br \/>\n<a href=\"http:\/\/www.studiokappa.it\/?page_id=13460\"><img loading=\"lazy\" decoding=\"async\" class=\"alignleft size-full wp-image-134\" style=\"margin-left: 10px; margin-right: 10px;\" title=\"Barbara Venturello\" src=\"http:\/\/www.studiokappa.it\/wp-content\/uploads\/2019\/07\/BarbaraVenturello.jpg\" alt=\"Barbara Venturello\" width=\"54\" height=\"64\" \/><\/a><a style=\"text-decoration: none;\" title=\"Barbara Venturello\" href=\"http:\/\/www.studiokappa.it\/?page_id=156\" target=\"_self\" rel=\"noopener noreferrer\"><strong>Barbara Venturello<\/strong><\/a><\/p>\n<p><a style=\"text-decoration: none;\" title=\"Barbara Venturello\" href=\"http:\/\/www.studiokappa.it\/?page_id=13460\" target=\"_self\" rel=\"noopener noreferrer\"><em>Welfare community<\/em><\/a><\/p>\n","protected":false},"excerpt":{"rendered":"<p>Le comunit\u00e0 religiose Le Comunit\u00e0 Locali ospitano al loro interno anche molte comunit\u00e0 religiose, diocesane e parrocchiali, che sono da sempre una preziosa risorsa nella composizione del sistema di welfare misto pubblico-privato utile ad assicurare coesione sociale, mutualit\u00e0, sussidiariet\u00e0, ridistribuzione e diritti sociali e culturali a tutti i cittadini. Il contributo che le comunit\u00e0 religiose [&hellip;]<\/p>\n","protected":false},"author":58,"featured_media":0,"parent":0,"menu_order":0,"comment_status":"closed","ping_status":"closed","template":"","meta":{"footnotes":""},"class_list":["post-5851","page","type-page","status-publish","hentry"],"_links":{"self":[{"href":"https:\/\/www.studiokappa.it\/index.php?rest_route=\/wp\/v2\/pages\/5851","targetHints":{"allow":["GET"]}}],"collection":[{"href":"https:\/\/www.studiokappa.it\/index.php?rest_route=\/wp\/v2\/pages"}],"about":[{"href":"https:\/\/www.studiokappa.it\/index.php?rest_route=\/wp\/v2\/types\/page"}],"author":[{"embeddable":true,"href":"https:\/\/www.studiokappa.it\/index.php?rest_route=\/wp\/v2\/users\/58"}],"replies":[{"embeddable":true,"href":"https:\/\/www.studiokappa.it\/index.php?rest_route=%2Fwp%2Fv2%2Fcomments&post=5851"}],"version-history":[{"count":0,"href":"https:\/\/www.studiokappa.it\/index.php?rest_route=\/wp\/v2\/pages\/5851\/revisions"}],"wp:attachment":[{"href":"https:\/\/www.studiokappa.it\/index.php?rest_route=%2Fwp%2Fv2%2Fmedia&parent=5851"}],"curies":[{"name":"wp","href":"https:\/\/api.w.org\/{rel}","templated":true}]}}