{"id":5827,"date":"2014-09-12T21:24:29","date_gmt":"2014-09-12T21:24:29","guid":{"rendered":"http:\/\/www.studiokappa.it\/?page_id=5827"},"modified":"2019-09-18T19:00:38","modified_gmt":"2019-09-18T19:00:38","slug":"boxcomunitalocaleambiente","status":"publish","type":"page","link":"https:\/\/www.studiokappa.it\/?page_id=5827","title":{"rendered":"Ambiente"},"content":{"rendered":"<p><strong><span style=\"color: #6600ff;font-size: medium\">L&#8217;ambiente<\/span><\/strong><\/p>\n<p>&nbsp;<\/p>\n<table border=\"0\" width=\"100%\" cellspacing=\"0\" cellpadding=\"0\" align=\"center\">\n<tbody>\n<tr>\n<td align=\"left\" valign=\"left\" width=\"20%\"><a title=\"Vai al Lavoro con le Comunit\u00e0 Locali\" href=\"http:\/\/www.studiokappa.it\/?page_id=5812\"><img decoding=\"async\" style=\"width: 80%;height: 80%\" src=\"http:\/\/www.studiokappa.it\/wp-content\/uploads\/2014\/02\/Comunita.jpg\" alt=\"Comunit\u00e0 Locali\"><\/a><\/td>\n<td width=\"0%\"><\/td>\n<td style=\"text-align: giustify;font-family: Verdana;font-size: 100%\" valign=\"top\" width=\"80%\">Le persone esprimono il proprio essere uomini e donne all&#8217;interno del contesto in cui vivono. <strong>L&#8217;ambiente determina la qualit\u00e0 della vita<\/strong> e la qualit\u00e0 delle relazioni che possono esprimere. Qualificare l&#8217;ambiente sociale di vita cos\u00ec diventa una priorit\u00e0 per preparare il contesto socio-ambientale ad <strong>integrare di senso<\/strong> la <strong>convivenza urbana<\/strong> tra persone. L&#8217;ambiente \u00e8 quell&#8217;elemento che accomuna le persone che <strong>calpestano lo stesso territorio urbano<\/strong>.<\/td>\n<\/tr>\n<\/tbody>\n<\/table>\n<p>Immaginiamo le persone e le Comunit\u00e0 Locali come attori protagonisti attraverso la propria azione civile dei <strong>processi di Rigenerazione Urbana<\/strong>.<\/p>\n<p>L\u2019approccio utilizzato \u00e8 quello di promuovere <strong>con<\/strong> le Comunit\u00e0 Locali e <strong>con<\/strong> le persone che ne fanno parte la loro <strong>capacit\u00e0 di assumere in proprio la responsabilit\u00e0<\/strong> di orientare, dirigere, costruire e <strong>qualificare territori<\/strong> e ambienti di vita in cui vivono, in maniera che possano soddisfare i bisogni che essi esprimono.<br \/>\n<em><br \/>\n<\/em><br \/>\nRealizziamo la consulenza e la formazione per coloro che intendono:<br \/>\n<img decoding=\"async\" src=\"https:\/\/lh4.googleusercontent.com\/-KUnM_IO-hAs\/TgZgN0tqEuI\/AAAAAAAAAZk\/Cachu2JnhXM\/bullet.gif\" alt=\" \" width=\"12\" height=\"11\" border=\"0\"> essere sostenuti nelle situazioni di <strong>emergenza ambientale<\/strong><br \/>\n<img decoding=\"async\" src=\"https:\/\/lh4.googleusercontent.com\/-KUnM_IO-hAs\/TgZgN0tqEuI\/AAAAAAAAAZk\/Cachu2JnhXM\/bullet.gif\" alt=\" \" width=\"12\" height=\"11\" border=\"0\"> costruire e vivere in un <strong>territorio sano<\/strong> e <strong>bello<\/strong><br \/>\n<img decoding=\"async\" src=\"https:\/\/lh4.googleusercontent.com\/-KUnM_IO-hAs\/TgZgN0tqEuI\/AAAAAAAAAZk\/Cachu2JnhXM\/bullet.gif\" alt=\" \" width=\"12\" height=\"11\" border=\"0\"> progettare, pianificare, costruire, <strong>riqualificare<\/strong> e vivere in <strong>citt\u00e0<\/strong> che crescono <strong>in maniera sostenibile&nbsp;<\/strong><br \/>\n<img decoding=\"async\" src=\"https:\/\/lh4.googleusercontent.com\/-KUnM_IO-hAs\/TgZgN0tqEuI\/AAAAAAAAAZk\/Cachu2JnhXM\/bullet.gif\" alt=\" \" width=\"12\" height=\"11\" border=\"0\"> valorizzare i <strong>parchi Locali<\/strong> per sviluppare cittadinanza e ridurre i costi di gestione<br \/>\n<img decoding=\"async\" src=\"https:\/\/lh4.googleusercontent.com\/-KUnM_IO-hAs\/TgZgN0tqEuI\/AAAAAAAAAZk\/Cachu2JnhXM\/bullet.gif\" alt=\" \" width=\"12\" height=\"11\" border=\"0\"> promuovere i <strong>contratti di Fiume<\/strong> per la diffusione partecipata della cultura dell&#8217;acqua<\/p>\n<p>&nbsp;<\/p>\n<p><strong><span style=\"color: #6600ff\">I professionisti che si occupano di questi temi<\/span><\/strong><br \/>\n<em><br \/>\n<\/em><br \/>\n<a href=\"http:\/\/www.studiokappa.it\/?page_id=12641\"><img decoding=\"async\" class=\"alignleft size-full wp-image-134\" style=\"margin-left: 10px; margin-right: 10px;\" title=\"Giulia Marro\" src=\"http:\/\/www.studiokappa.it\/wp-content\/uploads\/2019\/09\/GiuliaMarrosmall.jpg\" alt=\"Luisa Ghianda\" width=\"54\" height=\"64\"><\/a><a title=\"Giulia Marro\" href=\"http:\/\/www.studiokappa.it\/?page_id=12641\" target=\"_self\" style=\"text-decoration:none\" rel=\"noopener noreferrer\"><strong>Giulia Marro<\/strong><\/a><\/p>\n<p><a title=\"Giulia Marro\" href=\"http:\/\/www.studiokappa.it\/?page_id=12641\" target=\"_self\" style=\"text-decoration:none\" rel=\"noopener noreferrer\"><em>Potenziamento di processi inclusivi, partecipativi e di engagement<\/em><\/a><br \/>\n<em><br \/>\n<\/em><br \/>\n<a href=\"http:\/\/www.studiokappa.it\/?page_id=108\"><img decoding=\"async\" class=\"alignleft size-full wp-image-132\" style=\"margin-left: 10px;margin-right: 10px\" title=\"Simone Deflorian\" src=\"http:\/\/www.studiokappa.it\/wp-content\/uploads\/2012\/04\/Simone_DeflorianNEW.jpg\" alt=\"Simone Deflorian\" width=\"54\" height=\"64\"><\/a><a style=\"text-decoration: none\" title=\"Simone Deflorian\" href=\"http:\/\/www.studiokappa.it\/?page_id=108\" target=\"_self\" rel=\"noopener noreferrer\"><strong>Simone Deflorian<\/strong><\/a><\/p>\n<p><a style=\"text-decoration: none\" title=\"Simone Deflorian\" href=\"http:\/\/www.studiokappa.it\/?page_id=108\" target=\"_self\" rel=\"noopener noreferrer\"><em>Sviluppo Partecipato di Citt\u00e0 e Organizzazioni<\/em><\/a><br \/>\n<em><br \/>\n<\/em><\/p>\n","protected":false},"excerpt":{"rendered":"<p>L&#8217;ambiente &nbsp; Le persone esprimono il proprio essere uomini e donne all&#8217;interno del contesto in cui vivono. L&#8217;ambiente determina la qualit\u00e0 della vita e la qualit\u00e0 delle relazioni che possono esprimere. Qualificare l&#8217;ambiente sociale di vita cos\u00ec diventa una priorit\u00e0 per preparare il contesto socio-ambientale ad integrare di senso la convivenza urbana tra persone. L&#8217;ambiente [&hellip;]<\/p>\n","protected":false},"author":58,"featured_media":0,"parent":0,"menu_order":0,"comment_status":"closed","ping_status":"closed","template":"","meta":{"footnotes":""},"class_list":["post-5827","page","type-page","status-publish","hentry"],"_links":{"self":[{"href":"https:\/\/www.studiokappa.it\/index.php?rest_route=\/wp\/v2\/pages\/5827","targetHints":{"allow":["GET"]}}],"collection":[{"href":"https:\/\/www.studiokappa.it\/index.php?rest_route=\/wp\/v2\/pages"}],"about":[{"href":"https:\/\/www.studiokappa.it\/index.php?rest_route=\/wp\/v2\/types\/page"}],"author":[{"embeddable":true,"href":"https:\/\/www.studiokappa.it\/index.php?rest_route=\/wp\/v2\/users\/58"}],"replies":[{"embeddable":true,"href":"https:\/\/www.studiokappa.it\/index.php?rest_route=%2Fwp%2Fv2%2Fcomments&post=5827"}],"version-history":[{"count":0,"href":"https:\/\/www.studiokappa.it\/index.php?rest_route=\/wp\/v2\/pages\/5827\/revisions"}],"wp:attachment":[{"href":"https:\/\/www.studiokappa.it\/index.php?rest_route=%2Fwp%2Fv2%2Fmedia&parent=5827"}],"curies":[{"name":"wp","href":"https:\/\/api.w.org\/{rel}","templated":true}]}}