{"id":19175,"date":"2023-01-28T16:56:31","date_gmt":"2023-01-28T16:56:31","guid":{"rendered":"https:\/\/www.studiokappa.it\/?page_id=19175"},"modified":"2023-03-18T21:09:13","modified_gmt":"2023-03-18T21:09:13","slug":"empowerment-di-comunita-a-torino","status":"publish","type":"page","link":"https:\/\/www.studiokappa.it\/?page_id=19175","title":{"rendered":"Empowerment di comunit\u00e0 a Torino"},"content":{"rendered":"<p><strong><span style=\"color: #6600ff;font-size: medium\">Empowerment di Comunit\u00e0 a Torino<\/span><\/strong><br \/>\n<em><span style=\"color: #6600ff;font-size: medium\">Gli abitanti realizzano un intervento per mobilitare la partecipazione tra cittadini nel quartiere Parella<\/span><\/em><\/p>\n<div align=\"center\"><a title=\"Logo del progetto\"><img decoding=\"async\" src=\"https:\/\/www.studiokappa.it\/wp-content\/uploads\/2023\/01\/SdP-LogoVerde.jpg\" style=\"width:800px;height:400px;\"><\/a><\/div>\n<p>Nella primavera del 2022, un gruppo di abitanti del quartiere Parella a Torino inizia a incontrarsi informalmente interrogandosi su cosa fare per migliorare la vita in quella zona.<br \/>\nComune a questo gruppo di persone c&#8217;\u00e8 la voglia di fare, la voglia di sfidare l&#8217;ineluttabilit\u00e0 delle situazioni che si vivono.<\/p>\n<p>Comprendono che c&#8217;\u00e8 bisogno di ricostruire legami, socialit\u00e0, vicinanza, amicizia e calore tra le persone.<br \/>\nL&#8217;isolamento ha portato diffidenza, sfiducia, depressione e disinteresse tra la gente.<\/p>\n<p>Dopo alcuni incontri tra loro, decidono che \u00e8 importante riportare alla dimensione politica il vivere comune, cio\u00e8 che \u00e8 necessario che le persone del territorio ri-assumano su di s\u00e8 la responsabilit\u00e0 di migliorare il vivere in quartiere, senza attendere che se ne occupi un &#8220;salvatore&#8221; esterno.<\/p>\n<p>Decidono cos\u00ec di attivare un intervento per mettere in modo la partecipazione di altri abitanti del quartiere cos\u00ec da riprendere insieme l&#8217;interesse per la cosa pubblica, per i beni comuni, per le politiche micro-locali.<br \/>\nSfidano la rassegnazione, la diffidenza, l&#8217;ineluttabilit\u00e0.<\/p>\n<div align=\"center\">[slideshow_deploy id=&#8217;19229&#8242;]<\/div>\n<p><em><br \/>\n<\/em><br \/>\nAttorno a loro si aggregano altre persone che condividono la loro analisi storica.<br \/>\nContattano alcune associazioni e alcune cooperative del territorio, tra cui l&#8217;<a style=\"text-decoration: none;\" title=\"Associazione Jonathan\" href=\"https:\/\/www.associazionejonathan.it\/\" target=\"_self\" rel=\"noopener noreferrer\">Associazione Jonathan<\/a>, la <a style=\"text-decoration: none;\" title=\"Cooperativa San Donato\" href=\"https:\/\/coopsandonato.it\/\" target=\"_self\" rel=\"noopener noreferrer\">Cooperativa San Donato<\/a>, l&#8217;<a style=\"text-decoration: none;\" title=\"Associazione Parco del nobile\" href=\"http:\/\/www.associazioneparcodelnobile.it\/\" target=\"_self\" rel=\"noopener noreferrer\">Associazione Parco del nobile<\/a>, il gruppo Scout.<\/p>\n<p>Iniziano a ritrovarsi regolarmente presso l&#8217;Officina Verde Tonolli, di via Exilles 3, a Torino.<br \/>\nLe associazioni e la cooperativa rispondono con fiducia ed entusiasmo all&#8217;invito di collaborare.<br \/>\nIl gruppo si allarga piano piano, fino ad una trentina di persone circa.<br \/>\nElaborano un progetto che consente loro di ottenere un piccolo finanziamento per iniziare.<br \/>\nSi strutturano e cercano le competenze che servono loro per realizzare il loro intervento.<\/p>\n<p>Affidano a <a style=\"text-decoration: none;\" title=\"Chiara Tortarolo\" href=\"https:\/\/www.linkedin.com\/in\/chiara-tortarolo-60983a115\/\" target=\"_self\" rel=\"noopener noreferrer\">Chiara Tortarolo<\/a> la facilitazione degli incontri e dell&#8217;intervento nel suo complesso, a fianco di un gruppo di coordinamento costituito da alcuni abitanti.<\/p>\n<p>Si rivolgono a <a style=\"text-decoration: none;\" title=\"Simone Deflorian\" href=\"http:\/\/www.studiokappa.it\/?page_id=108\" target=\"_self\" rel=\"noopener noreferrer\">Simone Deflorian<\/a> per la formazione e la supervisione metodologica dell&#8217;intervento, che accoglie volentieri la richiesta a supporto del gruppo, condividendone la <em>vision<\/em>.<\/p>\n<p>Il 1 Ottobre 2022 si inizia con una prima intera giornata di formazione, sul metodo della Ricerca-Azione-Partecipata.<br \/>\n<a style=\"text-decoration: none;\" title=\"Simone Deflorian\" href=\"http:\/\/www.studiokappa.it\/?page_id=108\" target=\"_self\" rel=\"noopener noreferrer\">Simone Deflorian<\/a> conduce il momento formativo facendo sperimentare la Ricerca-Azione alle persone del gruppo direttamente in strada con la gente.<\/p>\n<div align=\"center\">[slideshow_deploy id=&#8217;19233&#8242;]<\/div>\n<p><em><br \/>\n<\/em><br \/>\nDopo questa giornata di formazione inizia la Ricerca-Azione-Partecipata.<br \/>\nLe persone si organizzano e incontrano nei luoghi informali del quartiere altri abitanti. Utilizzano il Dialogo Critico che hanno sperimentato nella formazione per far emergere quali sono i problemi pi\u00f9 importanti percepiti dalle persone che vivono in quartiere.<\/p>\n<div align=\"center\">[slideshow_deploy id=&#8217;19288&#8242;]<\/div>\n<p><em><br \/>\n<\/em><br \/>\nOgni quindici giorni si ritrovano per condividere le informazioni raccolte, rielaborarle e prepararle in vista dell&#8217;assemblea pubblica che prevista per fine Febbraio 2023.<\/p>\n<div align=\"center\">[slideshow_deploy id=&#8217;19300&#8242;]<\/div>\n<p><em><br \/>\n<\/em><br \/>\nOrganizzano 2 eventi che chiamano &#8220;Retake&#8221; in cui invitano gli abitanti del quartiere a collaborare alla ripulitura, alla riverniciatura e al ripristino di alcune aree verdi presenti nell&#8217;area.<br \/>\nIl primo &#8220;Retake&#8221; si svolge il 26 Novembre 2022, presso i giardini di Via Zumaglia.<\/p>\n<div align=\"center\">[slideshow_deploy id=&#8217;19305&#8242;]<\/div>\n<p><em><br \/>\n<\/em><br \/>\nIl secondo &#8220;Retake&#8221; viene realizzato il 21 Gennaio 2023, presso i giardini di Corso Telesio e quelli di Via Pacchiotti.<\/p>\n<div align=\"center\">[slideshow_deploy id=&#8217;19334&#8242;]<\/div>\n<p><em><br \/>\n<\/em><br \/>\nLa presenza delle persone del quartiere \u00e8 importante e il risultato subito visibile.<br \/>\nLe persone presenti sono contente e felici di stare insieme e di fare qualcosa di utile a tutti.<br \/>\nQuesti momenti si rivelano anche utili a continuare il lavoro di Ricerca-Azione-Partecipata da parte del Gruppo dei Ricercatori (il gruppo originario che ha preso parte alla formazione).<\/p>\n<p>Il 24 Gennaio 2023 <a style=\"text-decoration: none;\" title=\"Simone Deflorian\" href=\"http:\/\/www.studiokappa.it\/?page_id=108\" target=\"_self\" rel=\"noopener noreferrer\">Simone Deflorian<\/a> conduce un momento di formazione con il Gruppo dei Ricercatori per imparare a codificare e decodificare le informazioni raccolte nella ricerca e prepararle per l&#8217;assemblea pubblica in programma.<\/p>\n<p>Il giorno seguente, una rappresentanza del Gruppo dei Ricercatori incontra la giunta.<br \/>\nL&#8217;incontro \u00e8 una occasione per raccontare il processo dell&#8217;intervento e per fare ricerca con la giunta, raccogliendo anche dagli amministratori pubblici gli spunti, le riflessioni e le analisi che sentono relativamente al quartiere Parella.<\/p>\n<div align=\"center\">[slideshow_deploy id=&#8217;19361&#8242;]<\/div>\n<p><em><br \/>\n<\/em><br \/>\nQueste analisi vengono aggiunte al materiale gi\u00e0 raccolto nel corso della Ricerca con la gente.<br \/>\nContinuano gli incontri del Gruppo dei Ricercatori per preparare il momento dell&#8217;assemblea pubblica di inizio Marzo, in cui rappresentare le problematiche raccolte e restituirle codificate alla gente, organizzate per macro-temi.<\/p>\n<p>Sabato 11 Marzo 2023 presso il Centro d&#8217;Incontro E18, in Strada Antica di Collegno, a Torino, si svolge l&#8217;assemblea pubblica di restituzione del processo di Ricerca-Azione-Partecipata realizzato nel quartiere Parella.<\/p>\n<div align=\"center\"><a title=\"Scarica il depliant informativo\" href=\"https:\/\/www.studiokappa.it\/wp-content\/uploads\/2023\/03\/SdP-Depliant.pdf\"><img decoding=\"async\" src=\"https:\/\/www.studiokappa.it\/wp-content\/uploads\/2023\/03\/SdP-Depliant.jpg\" style=\"width:450px;height:600px;\"><\/a><\/div>\n<p><em><br \/>\n<\/em><br \/>\nAlla giornata di restituzione partecipano circa 100 abitanti del quartiere, oltre la giunta e il consiglio della circoscrizione.<br \/>\nLa mattina inizia con un momento di accoglienza in cui le persone si salutano e si ristorano con un sobrio break.<\/p>\n<div align=\"center\">[slideshow_deploy id=&#8217;19633&#8242;]<\/div>\n<p>Successivamente, si dirigono insieme verso il Giardino Fratelli Passoni.<br \/>\nMuniti di pale, scope, pennelli, vernici, guanti da lavoro, seghe e altre attrezzature si dedicano alla ripulitura e all&#8217;abbellimento dell&#8217;area verde, anche piantando bulbi e fiori.<\/p>\n<div align=\"center\">[slideshow_deploy id=&#8217;19637&#8242;]<\/div>\n<p>Terminato il lavoro manuale, rientrano al centro d&#8217;incontro situato presso la Scuola Primaria Dewey.<br \/>\nPrima di iniziare la restituzione della ricerca-azione che il gruppo di cittadini ha realizzato nei mesi precedenti nel quartiere, le persone si ritemprano con un caff\u00e8 e qualche dolcetto.<br \/>\nVengono introdotti i lavori da alcuni cittadini.<\/p>\n<div align=\"center\">[slideshow_deploy id=&#8217;19688&#8242;]<\/div>\n<p>Successivamente vengono costituiti dei tavoli tematici attorno ai quali vengono invitate le persone a sedersi per confrontarsi tra loro, con la metodologia del World Caf\u00e8.<\/p>\n<div align=\"center\">[slideshow_deploy id=&#8217;19723&#8242;]<\/div>\n<p>L&#8217;incontro \u00e8 terminato con un breve saluto del gruppo dei cittadini che ha realizzato l&#8217;intervento e l&#8217;indicazione del prosieguo del lavoro di attivazione della partecipazione in quartiere e di sviluppo di comunit\u00e0, insieme.<br \/>\nL&#8217;amministrazione circoscrizionale ha espresso entusiasmo per i risultati ottenuti e ha spronato i cittadini a proseguire nella loro attivit\u00e0.<\/p>\n<div align=\"center\">[slideshow_deploy id=&#8217;19790&#8242;]<\/div>\n<p><em><br \/>\n<\/em><br \/>\n<a style=\"text-decoration: none;\" title=\"Vai al sito dell'intervento\" href=\"https:\/\/sites.google.com\/view\/semidipartecipazione\/home-page\">Vai al sito dell&#8217;intervento<\/a><br \/>\n<em><br \/>\n<\/em><\/p>\n","protected":false},"excerpt":{"rendered":"<p>Empowerment di Comunit\u00e0 a Torino Gli abitanti realizzano un intervento per mobilitare la partecipazione tra cittadini nel quartiere Parella Nella primavera del 2022, un gruppo di abitanti del quartiere Parella a Torino inizia a incontrarsi informalmente interrogandosi su cosa fare per migliorare la vita in quella zona. Comune a questo gruppo di persone c&#8217;\u00e8 la [&hellip;]<\/p>\n","protected":false},"author":1,"featured_media":0,"parent":0,"menu_order":0,"comment_status":"closed","ping_status":"closed","template":"","meta":{"footnotes":""},"class_list":["post-19175","page","type-page","status-publish","hentry"],"_links":{"self":[{"href":"https:\/\/www.studiokappa.it\/index.php?rest_route=\/wp\/v2\/pages\/19175","targetHints":{"allow":["GET"]}}],"collection":[{"href":"https:\/\/www.studiokappa.it\/index.php?rest_route=\/wp\/v2\/pages"}],"about":[{"href":"https:\/\/www.studiokappa.it\/index.php?rest_route=\/wp\/v2\/types\/page"}],"author":[{"embeddable":true,"href":"https:\/\/www.studiokappa.it\/index.php?rest_route=\/wp\/v2\/users\/1"}],"replies":[{"embeddable":true,"href":"https:\/\/www.studiokappa.it\/index.php?rest_route=%2Fwp%2Fv2%2Fcomments&post=19175"}],"version-history":[{"count":0,"href":"https:\/\/www.studiokappa.it\/index.php?rest_route=\/wp\/v2\/pages\/19175\/revisions"}],"wp:attachment":[{"href":"https:\/\/www.studiokappa.it\/index.php?rest_route=%2Fwp%2Fv2%2Fmedia&parent=19175"}],"curies":[{"name":"wp","href":"https:\/\/api.w.org\/{rel}","templated":true}]}}