{"id":18535,"date":"2022-11-03T17:13:15","date_gmt":"2022-11-03T17:13:15","guid":{"rendered":"https:\/\/www.studiokappa.it\/?page_id=18535"},"modified":"2022-11-03T20:02:38","modified_gmt":"2022-11-03T20:02:38","slug":"proiezione-freire-faq","status":"publish","type":"page","link":"https:\/\/www.studiokappa.it\/?page_id=18535","title":{"rendered":"Proiezione Freire &#8211; faq"},"content":{"rendered":"<p><strong><span style=\"color: #6600ff;font-size: medium\">Docu-forum &#8220;L&#8217;educazione come pratica della libert\u00e0&#8221; &#8211; Faq<\/span><\/strong><br \/>\n<em><span style=\"color: #6600ff;font-size: medium\">Le risposte alle domande pi\u00f9 comuni<\/span><\/em><\/p>\n<div align=\"center\"><img decoding=\"async\" src=\"https:\/\/www.studiokappa.it\/wp-content\/uploads\/2022\/11\/PF-Metodo.jpg\" style=\"width:600px;height:350px;\"><\/div>\n<p>Qui di seguito riportiamo le domande pi\u00f9 frequenti che riceviamo.<\/p>\n<p><strong>Chi pu\u00f2 essere un organizzatore?<\/strong><br \/>\n<em>Molti possono essere gli organizzatori, ad esempio:<br \/>\n<img decoding=\"async\" src=\"https:\/\/lh4.googleusercontent.com\/-KUnM_IO-hAs\/TgZgN0tqEuI\/AAAAAAAAAZk\/Cachu2JnhXM\/bullet.gif\" alt=\" \" width=\"12\" height=\"11\" border=\"0\"> Cinema<br \/>\n<img decoding=\"async\" src=\"https:\/\/lh4.googleusercontent.com\/-KUnM_IO-hAs\/TgZgN0tqEuI\/AAAAAAAAAZk\/Cachu2JnhXM\/bullet.gif\" alt=\" \" width=\"12\" height=\"11\" border=\"0\"> Circoli<br \/>\n<img decoding=\"async\" src=\"https:\/\/lh4.googleusercontent.com\/-KUnM_IO-hAs\/TgZgN0tqEuI\/AAAAAAAAAZk\/Cachu2JnhXM\/bullet.gif\" alt=\" \" width=\"12\" height=\"11\" border=\"0\"> Palestre<br \/>\n<img decoding=\"async\" src=\"https:\/\/lh4.googleusercontent.com\/-KUnM_IO-hAs\/TgZgN0tqEuI\/AAAAAAAAAZk\/Cachu2JnhXM\/bullet.gif\" alt=\" \" width=\"12\" height=\"11\" border=\"0\"> Associazioni<br \/>\n<img decoding=\"async\" src=\"https:\/\/lh4.googleusercontent.com\/-KUnM_IO-hAs\/TgZgN0tqEuI\/AAAAAAAAAZk\/Cachu2JnhXM\/bullet.gif\" alt=\" \" width=\"12\" height=\"11\" border=\"0\"> Scuole<br \/>\n<img decoding=\"async\" src=\"https:\/\/lh4.googleusercontent.com\/-KUnM_IO-hAs\/TgZgN0tqEuI\/AAAAAAAAAZk\/Cachu2JnhXM\/bullet.gif\" alt=\" \" width=\"12\" height=\"11\" border=\"0\"> Cooperative<br \/>\n<img decoding=\"async\" src=\"https:\/\/lh4.googleusercontent.com\/-KUnM_IO-hAs\/TgZgN0tqEuI\/AAAAAAAAAZk\/Cachu2JnhXM\/bullet.gif\" alt=\" \" width=\"12\" height=\"11\" border=\"0\"> Comitati di cittadini<br \/>\n<img decoding=\"async\" src=\"https:\/\/lh4.googleusercontent.com\/-KUnM_IO-hAs\/TgZgN0tqEuI\/AAAAAAAAAZk\/Cachu2JnhXM\/bullet.gif\" alt=\" \" width=\"12\" height=\"11\" border=\"0\"> Sindacati<br \/>\n<img decoding=\"async\" src=\"https:\/\/lh4.googleusercontent.com\/-KUnM_IO-hAs\/TgZgN0tqEuI\/AAAAAAAAAZk\/Cachu2JnhXM\/bullet.gif\" alt=\" \" width=\"12\" height=\"11\" border=\"0\"> Universit\u00e0<br \/>\n<img decoding=\"async\" src=\"https:\/\/lh4.googleusercontent.com\/-KUnM_IO-hAs\/TgZgN0tqEuI\/AAAAAAAAAZk\/Cachu2JnhXM\/bullet.gif\" alt=\" \" width=\"12\" height=\"11\" border=\"0\"> Singoli cittadini<br \/>\n<img decoding=\"async\" src=\"https:\/\/lh4.googleusercontent.com\/-KUnM_IO-hAs\/TgZgN0tqEuI\/AAAAAAAAAZk\/Cachu2JnhXM\/bullet.gif\" alt=\" \" width=\"12\" height=\"11\" border=\"0\"> Gruppi Scout<br \/>\n<img decoding=\"async\" src=\"https:\/\/lh4.googleusercontent.com\/-KUnM_IO-hAs\/TgZgN0tqEuI\/AAAAAAAAAZk\/Cachu2JnhXM\/bullet.gif\" alt=\" \" width=\"12\" height=\"11\" border=\"0\"> Biblioteche<br \/>\n<img decoding=\"async\" src=\"https:\/\/lh4.googleusercontent.com\/-KUnM_IO-hAs\/TgZgN0tqEuI\/AAAAAAAAAZk\/Cachu2JnhXM\/bullet.gif\" alt=\" \" width=\"12\" height=\"11\" border=\"0\"> Parrocchie ed enti religiosi<br \/>\n<img decoding=\"async\" src=\"https:\/\/lh4.googleusercontent.com\/-KUnM_IO-hAs\/TgZgN0tqEuI\/AAAAAAAAAZk\/Cachu2JnhXM\/bullet.gif\" alt=\" \" width=\"12\" height=\"11\" border=\"0\"> Locali pubblici (es. discoteche, pub, bar)<br \/>\n<img decoding=\"async\" src=\"https:\/\/lh4.googleusercontent.com\/-KUnM_IO-hAs\/TgZgN0tqEuI\/AAAAAAAAAZk\/Cachu2JnhXM\/bullet.gif\" alt=\" \" width=\"12\" height=\"11\" border=\"0\"> Fondazioni<br \/>\n<img decoding=\"async\" src=\"https:\/\/lh4.googleusercontent.com\/-KUnM_IO-hAs\/TgZgN0tqEuI\/AAAAAAAAAZk\/Cachu2JnhXM\/bullet.gif\" alt=\" \" width=\"12\" height=\"11\" border=\"0\"> Ecovillaggi<br \/>\n<img decoding=\"async\" src=\"https:\/\/lh4.googleusercontent.com\/-KUnM_IO-hAs\/TgZgN0tqEuI\/AAAAAAAAAZk\/Cachu2JnhXM\/bullet.gif\" alt=\" \" width=\"12\" height=\"11\" border=\"0\"> Centri studi<br \/>\n<em><\/em><\/em><\/p>\n<p><strong>E&#8217; richiesto un numero di persone minimo come pubblico partecipante?<\/strong><br \/>\n<em>Un numero minimo non c&#8217;\u00e8, ma le proiezioni sono pubbliche, cio\u00e8 aperte a tutti.<br \/>\nAlla proiezione possono partecipare tutti gli abitanti dell&#8217;area e non solo le persone del gruppo organizzatore.<br \/>\nLa sala proiezioni scelta deve garantire un accesso libero a tutte le persone (di qualunque orientamento di genere, situazione fisica o di salute, di religione, cultura, cittadinanza, etc.).<br \/>\n<em><\/em><\/em><\/p>\n<p><strong>Da cosa \u00e8 seguita la proiezione?<\/strong><br \/>\n<em>Si tratta di un docu-forum, cio\u00e8 non di una proiezione sola.<br \/>\nLa proiezione del documentario \u00e8 seguita da un &#8220;forum&#8221; in cui il pubblico sperimenta una piccola porzione dell&#8217;approccio del Paulo Freire.<br \/>\nAl docu-forum \u00e8 sempre presente un formatore dello staff della Settimana Nazionale del Freire, che facilita e guida questa seconda parte.<br \/>\nPer questa seconda parte, \u00e8 possibile definire ex ante una tematica di interesse del territorio (es. &#8220;Scuola&#8221;, &#8220;Educazione&#8221;, &#8220;Assistenza e servizi&#8221;, &#8220;Lavoro&#8221;, &#8220;Spiritualit\u00e0 e religioni&#8221;, &#8220;Rapporto con le autorit\u00e0&#8221;, etc.) su cui lavorare con il pubblico.<\/em><\/p>\n<p><strong>Quanto dura il docu-forum?<\/strong><br \/>\n<em>Il docu-forum (proiezione + forum) dura 2 ore.<\/em><\/p>\n<p><strong>Qual \u00e8 il contenuto del docu-forum?<\/strong><br \/>\n<em>Il contenuto del documentario tiene insieme alcuni spunti dell&#8217;approccio freiriano, racconta alcune delle pi\u00f9 importanti applicazioni del metodo del Freire in Italia, a partire da fine degli anni &#8217;70 (con documenti inediti) e la storia della Settimana Nazionale del Freire.<br \/>\nLa proiezione \u00e8 una &#8220;scusa&#8221; per far lavorare un territorio, il pubblico presente, su un tema sentito importante per loro e deciso ex ante con chi organizza, sempre nell&#8217;ottica freiriana e di empowerment di comunit\u00e0.<br \/>\nIl contenuto del docu-forum si compone di queste due anime, una storiografica-narrativa (il documentario) e una socio-politica e antropologica (il forum), sulla tematica individuata dal territorio (organizzatore) con il formatore.<br \/>\n<\/em><\/p>\n<p><strong>Si pu\u00f2 vedere in anteprima il documentario?<\/strong><br \/>\n<em>Il documentario viene portato su una pendrive dal formatore dello staff della Settimana Nazionale del Freire appositamente per essere proiettato. Non \u00e8 presente online e non viene inviato in altro modo agli interessati.<br \/>\nRiteniamo non compatibile con l&#8217;approccio freiriano una proiezione da remoto del documentario.<br \/>\n<\/em><\/p>\n<p><strong>Si pu\u00f2 scegliere di proiettare il solo documentario senza il forum successivo?<\/strong><br \/>\n<em>No. Nell&#8217;approccio freiriano non avrebbe senso, sarebbe una contraddizione tra metodo e contenuto.<\/em><\/p>\n<p><strong>Il docu-forum \u00e8 adatto ad un pubblico in prevalenza composto da bambini e\/o adolescenti?<\/strong><br \/>\n<em>No. Il docu-forum \u00e8 possibile con un pubblico di adulti. Se i genitori si accompagnano con i propri figli, nulla osta, anche se probabilmente i figli si annoieranno, perch\u00e8 non \u00e8 un evento pensato per bambini o adolescenti. Ha un senso a partire dai 18-19 anni in su.<\/em><\/p>\n<p><strong>Di cosa deve occuparsi l&#8217;organizzatore?<\/strong><br \/>\n<em>L&#8217;organizzatore si occupa di:<br \/>\n<img decoding=\"async\" src=\"https:\/\/lh4.googleusercontent.com\/-KUnM_IO-hAs\/TgZgN0tqEuI\/AAAAAAAAAZk\/Cachu2JnhXM\/bullet.gif\" alt=\" \" width=\"12\" height=\"11\" border=\"0\"> promuovere l&#8217;evento sul territorio; volendo mettiamo a disposizione un depliant modificabile, oppure l&#8217;organizzatore pu\u00f2 crearne uno ex novo<br \/>\n<img decoding=\"async\" src=\"https:\/\/lh4.googleusercontent.com\/-KUnM_IO-hAs\/TgZgN0tqEuI\/AAAAAAAAAZk\/Cachu2JnhXM\/bullet.gif\" alt=\" \" width=\"12\" height=\"11\" border=\"0\"> mettere a disposizione la sala proiezioni<br \/>\n<img decoding=\"async\" src=\"https:\/\/lh4.googleusercontent.com\/-KUnM_IO-hAs\/TgZgN0tqEuI\/AAAAAAAAAZk\/Cachu2JnhXM\/bullet.gif\" alt=\" \" width=\"12\" height=\"11\" border=\"0\"> mettere a disposizione l&#8217;attrezzatura per la proiezione (proiettore, sistema audio, portatile, etc.). Il formatore arriva con la sola pendrive da inserire nel computer<br \/>\n<img decoding=\"async\" src=\"https:\/\/lh4.googleusercontent.com\/-KUnM_IO-hAs\/TgZgN0tqEuI\/AAAAAAAAAZk\/Cachu2JnhXM\/bullet.gif\" alt=\" \" width=\"12\" height=\"11\" border=\"0\"> mettere a disposizione cartelloni, pennarelli, scotch di carta, fogli bianchi (ed eventuali altri materiali di cancelleria che possono rendersi necessari a seguito degli accordi di dettaglio con il formatore)<br \/>\n<img decoding=\"async\" src=\"https:\/\/lh4.googleusercontent.com\/-KUnM_IO-hAs\/TgZgN0tqEuI\/AAAAAAAAAZk\/Cachu2JnhXM\/bullet.gif\" alt=\" \" width=\"12\" height=\"11\" border=\"0\"> fare la fotocopia di un foglio A4 in modo che ciascun partecipante possa avere una copia<br \/>\n<img decoding=\"async\" src=\"https:\/\/lh4.googleusercontent.com\/-KUnM_IO-hAs\/TgZgN0tqEuI\/AAAAAAAAAZk\/Cachu2JnhXM\/bullet.gif\" alt=\" \" width=\"12\" height=\"11\" border=\"0\"> definire ex ante con il formatore la tematica che pu\u00f2 essere di interesse del territorio<\/em><\/p>\n<p><strong>Sono previsti dei compensi?<\/strong><br \/>\n<em>Il docu-forum non \u00e8 una operazione commerciale.<br \/>\nLa proiezione \u00e8 libera a tutti, senza biglietto di ingresso.<br \/>\nPer il formatore presente non \u00e8 previsto alcun compenso.<br \/>\nViene richiesto all&#8217;organizzatore solo il rimborso dei costi vivi, reali.<\/em><\/p>\n<p><strong>Quali sono i costi vivi e reali?<\/strong><br \/>\n<em>Per costi vivi intendiamo:<br \/>\n<img decoding=\"async\" src=\"https:\/\/lh4.googleusercontent.com\/-KUnM_IO-hAs\/TgZgN0tqEuI\/AAAAAAAAAZk\/Cachu2JnhXM\/bullet.gif\" alt=\" \" width=\"12\" height=\"11\" border=\"0\"> il rimborso del biglietto del treno o dell&#8217;aereo<br \/>\n<img decoding=\"async\" src=\"https:\/\/lh4.googleusercontent.com\/-KUnM_IO-hAs\/TgZgN0tqEuI\/AAAAAAAAAZk\/Cachu2JnhXM\/bullet.gif\" alt=\" \" width=\"12\" height=\"11\" border=\"0\"> il rimborso del costo della benzina consumata (nel caso sia pi\u00f9 agevole o possibile per il formatore raggiungere il posto in auto)<br \/>\n<img decoding=\"async\" src=\"https:\/\/lh4.googleusercontent.com\/-KUnM_IO-hAs\/TgZgN0tqEuI\/AAAAAAAAAZk\/Cachu2JnhXM\/bullet.gif\" alt=\" \" width=\"12\" height=\"11\" border=\"0\"> il rimborso del pernottamento (nel caso la proiezione sia serale e non consenta il rientro entro la giornata al domicilio); nel caso invece in cui ci sia modo di ospitare il formatore presso il domicilio di uno degli organizzatori, ovviamente, non \u00e8 previsto alcun rimborso per il pernottamento, perch\u00e9 il costo non c&#8217;\u00e8<br \/>\n<img decoding=\"async\" src=\"https:\/\/lh4.googleusercontent.com\/-KUnM_IO-hAs\/TgZgN0tqEuI\/AAAAAAAAAZk\/Cachu2JnhXM\/bullet.gif\" alt=\" \" width=\"12\" height=\"11\" border=\"0\"> il rimborso del pasto, nel caso la proiezione sia nell&#8217;intorno del pranzo o della cena; in tal caso, come per il pernottamento, se il formatore viene ospitato a casa di uno degli organizzatori che &#8220;aggiunge un posto a tavola&#8221;, questo costo non \u00e8 da computarsi<\/em><\/p>\n<p><strong>Se non \u00e8 un&#8217;operazione commerciale, perch\u00e8 l&#8217;organizzatore provvede al rimborso dei costi effettivi?<\/strong><br \/>\n<em>Vogliamo rispondere positivamente a tutte le richieste che riceviamo e non sarebbe sostenibile coprire tutti i costi di spostamento del formatore nelle diverse location che richiedono il docu-forum.<br \/>\nDovessimo farlo, saremmo costretti a limitare fortemente il numero delle proiezioni e selezionarle in base alla distanza delle stesse.<br \/>\nInvece, se ogni organizzatore copre i costi vivi di spostamento, allora ci \u00e8 pi\u00f9 facile accogliere molte richieste. Per l&#8217;organizzatore riteniamo non sia un gran sacrificio, se consideriamo che nel caso pi\u00f9 difficile di una proiezione in orario e distanza che richieda il pernottamento e il pasto, una persona dell&#8217;organizzazione potrebbe avere la possibilit\u00e0 di ospitare per la notte e di dare un pasto al formatore, senza troppe difficolt\u00e0.<br \/>\nRelativamente al rimborso del costo di viaggio, alcune organizzazioni hanno ritenuto di mettere una cassetta di offerte libere all&#8217;ingresso della sala per finanziare le loro attivit\u00e0. Con quanto raccolto hanno rimborsato il biglietto del treno o del volo aereo.<br \/>\nIl costo di un biglietto (treno o aereo) se \u00e8 ripartito tra pi\u00f9 persone diventa sostenibile, se \u00e8 a carico di una persona sola (il formatore) impatta in maniera molto diversa e, conseguentemente, limita la possibilit\u00e0 di diffondere la cultura e l&#8217;approccio freiriano, che \u00e8 il motivo che guida questa nostra iniziativa e che ci sentiamo di condividere con gli organizzatori.<\/em><\/p>\n<p><strong>Chi \u00e8 il formatore che conduce il forum che segue la proiezione?<\/strong><br \/>\n<em>Quando parliamo di &#8220;formatore&#8221; della Settimana Nazionale del Freire, intendiamo:<br \/>\n<img decoding=\"async\" src=\"https:\/\/lh4.googleusercontent.com\/-KUnM_IO-hAs\/TgZgN0tqEuI\/AAAAAAAAAZk\/Cachu2JnhXM\/bullet.gif\" alt=\" \" width=\"12\" height=\"11\" border=\"0\"> <a style=\"text-decoration: none;\" title=\"Vai alla pagina di Anna Zumbo\" href=\"http:\/\/www.studiokappa.it\/?page_id=5555\" target=\"_blank\" rel=\"noopener noreferrer\"><strong>Anna Zumbo<\/strong><\/a><br \/>\n<img decoding=\"async\" src=\"https:\/\/lh4.googleusercontent.com\/-KUnM_IO-hAs\/TgZgN0tqEuI\/AAAAAAAAAZk\/Cachu2JnhXM\/bullet.gif\" alt=\" \" width=\"12\" height=\"11\" border=\"0\"> Irene Romeo<br \/>\n<img decoding=\"async\" src=\"https:\/\/lh4.googleusercontent.com\/-KUnM_IO-hAs\/TgZgN0tqEuI\/AAAAAAAAAZk\/Cachu2JnhXM\/bullet.gif\" alt=\" \" width=\"12\" height=\"11\" border=\"0\"> Rocco Paolo Padovano<br \/>\n<img decoding=\"async\" src=\"https:\/\/lh4.googleusercontent.com\/-KUnM_IO-hAs\/TgZgN0tqEuI\/AAAAAAAAAZk\/Cachu2JnhXM\/bullet.gif\" alt=\" \" width=\"12\" height=\"11\" border=\"0\"> <a style=\"text-decoration: none;\" title=\"Vai alla pagina di Simone Deflorian\" href=\"http:\/\/www.studiokappa.it\/?page_id=108\" target=\"_blank\" rel=\"noopener noreferrer\"><strong>Simone Deflorian<\/strong><\/a><br \/>\nIl formatore viene individuato in base alla disponibilit\u00e0 degli impegni degli stessi.<br \/>\n<\/em><br \/>\n<em><br \/>\n<\/em><\/p>\n","protected":false},"excerpt":{"rendered":"<p>Docu-forum &#8220;L&#8217;educazione come pratica della libert\u00e0&#8221; &#8211; Faq Le risposte alle domande pi\u00f9 comuni Qui di seguito riportiamo le domande pi\u00f9 frequenti che riceviamo. Chi pu\u00f2 essere un organizzatore? Molti possono essere gli organizzatori, ad esempio: Cinema Circoli Palestre Associazioni Scuole Cooperative Comitati di cittadini Sindacati Universit\u00e0 Singoli cittadini Gruppi Scout Biblioteche Parrocchie ed enti [&hellip;]<\/p>\n","protected":false},"author":1,"featured_media":0,"parent":0,"menu_order":0,"comment_status":"closed","ping_status":"closed","template":"","meta":{"footnotes":""},"class_list":["post-18535","page","type-page","status-publish","hentry"],"_links":{"self":[{"href":"https:\/\/www.studiokappa.it\/index.php?rest_route=\/wp\/v2\/pages\/18535","targetHints":{"allow":["GET"]}}],"collection":[{"href":"https:\/\/www.studiokappa.it\/index.php?rest_route=\/wp\/v2\/pages"}],"about":[{"href":"https:\/\/www.studiokappa.it\/index.php?rest_route=\/wp\/v2\/types\/page"}],"author":[{"embeddable":true,"href":"https:\/\/www.studiokappa.it\/index.php?rest_route=\/wp\/v2\/users\/1"}],"replies":[{"embeddable":true,"href":"https:\/\/www.studiokappa.it\/index.php?rest_route=%2Fwp%2Fv2%2Fcomments&post=18535"}],"version-history":[{"count":0,"href":"https:\/\/www.studiokappa.it\/index.php?rest_route=\/wp\/v2\/pages\/18535\/revisions"}],"wp:attachment":[{"href":"https:\/\/www.studiokappa.it\/index.php?rest_route=%2Fwp%2Fv2%2Fmedia&parent=18535"}],"curies":[{"name":"wp","href":"https:\/\/api.w.org\/{rel}","templated":true}]}}