{"id":16742,"date":"2022-02-08T18:01:38","date_gmt":"2022-02-08T18:01:38","guid":{"rendered":"https:\/\/www.studiokappa.it\/?page_id=16742"},"modified":"2026-03-26T13:33:46","modified_gmt":"2026-03-26T13:33:46","slug":"weekend-informativo","status":"publish","type":"page","link":"https:\/\/www.studiokappa.it\/?page_id=16742","title":{"rendered":"Open Lab"},"content":{"rendered":"<p><strong><span style=\"color: #6600ff; font-size: medium;\">Open Lab di scambio tra professionisti dell&#8217;empowerment<br \/>\n<\/span><\/strong><br \/>\n<em><span style=\"color: #6600ff; font-size: medium;\">Occasione di scambio di idee, progetti e contatti tra professionisti, oltre che utile a conoscere e valutare il proprio interesse alla Community<\/span><\/em><\/p>\n<div align=\"center\"><div id=\"metaslider-id-21717\" style=\"max-width: 600px;\" class=\"ml-slider-3-108-0 metaslider metaslider-flex metaslider-21717 ml-slider ms-theme-default-base nav-hidden\" role=\"region\" aria-label=\"Location Giornata Informativa\" data-height=\"450\" data-width=\"600\">\n    <div id=\"metaslider_container_21717\">\n        <div id=\"metaslider_21717\">\n            <ul class='slides'>\n                <li style=\"display: block; width: 100%;\" class=\"slide-21718 ms-image \" aria-roledescription=\"slide\" data-date=\"2024-12-26 18:02:36\" data-filename=\"12-600x450.jpg\" data-slide-type=\"image\"><a href=\"https:\/\/www.studiokappa.it\/?page_id=16318\" target=\"_self\" aria-label=\"Visualizza i dettagli della diapositiva\" class=\"metaslider_image_link\"><img fetchpriority=\"high\" decoding=\"async\" src=\"https:\/\/www.studiokappa.it\/wp-content\/uploads\/2019\/10\/12-600x450.jpg\" height=\"450\" width=\"600\" alt=\"Location delle Giornate di Scambio e Informazione tra professionisti\" class=\"slider-21717 slide-21718 msDefaultImage\" title=\"Location delle Giornate di Scambio e Informazione tra professionisti\" \/><\/a><\/li>\n                <li style=\"display: none; width: 100%;\" class=\"slide-21719 ms-image \" aria-roledescription=\"slide\" data-date=\"2024-12-26 18:03:16\" data-filename=\"11-600x450.jpg\" data-slide-type=\"image\"><a href=\"https:\/\/www.studiokappa.it\/?page_id=16318\" target=\"_self\" aria-label=\"Visualizza i dettagli della diapositiva\" class=\"metaslider_image_link\"><img decoding=\"async\" src=\"https:\/\/www.studiokappa.it\/wp-content\/uploads\/2019\/10\/11-600x450.jpg\" height=\"450\" width=\"600\" alt=\"Location delle Giornate di Scambio e Informazione tra professionisti\" class=\"slider-21717 slide-21719 msDefaultImage\" title=\"Location delle Giornate di Scambio e Informazione tra professionisti\" \/><\/a><\/li>\n                <li style=\"display: none; width: 100%;\" class=\"slide-21720 ms-image \" aria-roledescription=\"slide\" data-date=\"2024-12-26 18:03:28\" data-filename=\"10-600x450.jpg\" data-slide-type=\"image\"><a href=\"https:\/\/www.studiokappa.it\/?page_id=16318\" target=\"_self\" aria-label=\"Visualizza i dettagli della diapositiva\" class=\"metaslider_image_link\"><img decoding=\"async\" src=\"https:\/\/www.studiokappa.it\/wp-content\/uploads\/2019\/10\/10-600x450.jpg\" height=\"450\" width=\"600\" alt=\"Location delle Giornate di Scambio e Informazione tra professionisti\" class=\"slider-21717 slide-21720 msDefaultImage\" title=\"Location delle Giornate di Scambio e Informazione tra professionisti\" \/><\/a><\/li>\n                <li style=\"display: none; width: 100%;\" class=\"slide-21721 ms-image \" aria-roledescription=\"slide\" data-date=\"2024-12-26 18:03:54\" data-filename=\"09-600x450.jpg\" data-slide-type=\"image\"><a href=\"https:\/\/www.studiokappa.it\/?page_id=16318\" target=\"_self\" aria-label=\"Visualizza i dettagli della diapositiva\" class=\"metaslider_image_link\"><img loading=\"lazy\" decoding=\"async\" src=\"https:\/\/www.studiokappa.it\/wp-content\/uploads\/2019\/10\/09-600x450.jpg\" height=\"450\" width=\"600\" alt=\"Location delle Giornate di Scambio e Informazione tra professionisti\" class=\"slider-21717 slide-21721 msDefaultImage\" title=\"Location delle Giornate di Scambio e Informazione tra professionisti\" \/><\/a><\/li>\n                <li style=\"display: none; width: 100%;\" class=\"slide-21722 ms-image \" aria-roledescription=\"slide\" data-date=\"2024-12-26 18:04:23\" data-filename=\"08-600x450.jpg\" data-slide-type=\"image\"><a href=\"https:\/\/www.studiokappa.it\/?page_id=16318\" target=\"_self\" aria-label=\"Visualizza i dettagli della diapositiva\" class=\"metaslider_image_link\"><img loading=\"lazy\" decoding=\"async\" src=\"https:\/\/www.studiokappa.it\/wp-content\/uploads\/2019\/10\/08-600x450.jpg\" height=\"450\" width=\"600\" alt=\"Location delle Giornate di Scambio e Informazione tra professionisti\" class=\"slider-21717 slide-21722 msDefaultImage\" title=\"Location delle Giornate di Scambio e Informazione tra professionisti\" \/><\/a><\/li>\n                <li style=\"display: none; width: 100%;\" class=\"slide-21723 ms-image \" aria-roledescription=\"slide\" data-date=\"2024-12-26 18:04:36\" data-filename=\"07-600x450.jpg\" data-slide-type=\"image\"><a href=\"https:\/\/www.studiokappa.it\/?page_id=16318\" target=\"_self\" aria-label=\"Visualizza i dettagli della diapositiva\" class=\"metaslider_image_link\"><img loading=\"lazy\" decoding=\"async\" src=\"https:\/\/www.studiokappa.it\/wp-content\/uploads\/2019\/10\/07-600x450.jpg\" height=\"450\" width=\"600\" alt=\"Location delle Giornate di Scambio e Informazione tra professionisti\" class=\"slider-21717 slide-21723 msDefaultImage\" title=\"Location delle Giornate di Scambio e Informazione tra professionisti\" \/><\/a><\/li>\n                <li style=\"display: none; width: 100%;\" class=\"slide-21724 ms-image \" aria-roledescription=\"slide\" data-date=\"2024-12-26 18:04:58\" data-filename=\"06-600x450.jpg\" data-slide-type=\"image\"><a href=\"https:\/\/www.studiokappa.it\/?page_id=16318\" target=\"_self\" aria-label=\"Visualizza i dettagli della diapositiva\" class=\"metaslider_image_link\"><img loading=\"lazy\" decoding=\"async\" src=\"https:\/\/www.studiokappa.it\/wp-content\/uploads\/2019\/10\/06-600x450.jpg\" height=\"450\" width=\"600\" alt=\"Location delle Giornate di Scambio e Informazione tra professionisti\" class=\"slider-21717 slide-21724 msDefaultImage\" title=\"Location delle Giornate di Scambio e Informazione tra professionisti\" \/><\/a><\/li>\n                <li style=\"display: none; width: 100%;\" class=\"slide-21725 ms-image \" aria-roledescription=\"slide\" data-date=\"2024-12-26 18:05:27\" data-filename=\"05-600x450.jpg\" data-slide-type=\"image\"><a href=\"https:\/\/www.studiokappa.it\/?page_id=16318\" target=\"_self\" aria-label=\"Visualizza i dettagli della diapositiva\" class=\"metaslider_image_link\"><img loading=\"lazy\" decoding=\"async\" src=\"https:\/\/www.studiokappa.it\/wp-content\/uploads\/2019\/10\/05-600x450.jpg\" height=\"450\" width=\"600\" alt=\"Location delle Giornate di Scambio e Informazione tra professionisti\" class=\"slider-21717 slide-21725 msDefaultImage\" title=\"Location delle Giornate di Scambio e Informazione tra professionisti\" \/><\/a><\/li>\n                <li style=\"display: none; width: 100%;\" class=\"slide-21727 ms-image \" aria-roledescription=\"slide\" data-date=\"2024-12-26 18:05:41\" data-filename=\"04-600x450.jpg\" data-slide-type=\"image\"><a href=\"https:\/\/www.studiokappa.it\/?page_id=16318\" target=\"_self\" aria-label=\"Visualizza i dettagli della diapositiva\" class=\"metaslider_image_link\"><img loading=\"lazy\" decoding=\"async\" src=\"https:\/\/www.studiokappa.it\/wp-content\/uploads\/2019\/10\/04-600x450.jpg\" height=\"450\" width=\"600\" alt=\"Location delle Giornate di Scambio e Informazione tra professionisti\" class=\"slider-21717 slide-21727 msDefaultImage\" title=\"Location delle Giornate di Scambio e Informazione tra professionisti\" \/><\/a><\/li>\n                <li style=\"display: none; width: 100%;\" class=\"slide-21728 ms-image \" aria-roledescription=\"slide\" data-date=\"2024-12-26 18:06:10\" data-filename=\"03-600x450.jpg\" data-slide-type=\"image\"><a href=\"https:\/\/www.studiokappa.it\/?page_id=16318\" target=\"_self\" aria-label=\"Visualizza i dettagli della diapositiva\" class=\"metaslider_image_link\"><img loading=\"lazy\" decoding=\"async\" src=\"https:\/\/www.studiokappa.it\/wp-content\/uploads\/2019\/10\/03-600x450.jpg\" height=\"450\" width=\"600\" alt=\"Location delle Giornate di Scambio e Informazione tra professionisti\" class=\"slider-21717 slide-21728 msDefaultImage\" title=\"Location delle Giornate di Scambio e Informazione tra professionisti\" \/><\/a><\/li>\n                <li style=\"display: none; width: 100%;\" class=\"slide-21729 ms-image \" aria-roledescription=\"slide\" data-date=\"2024-12-26 18:06:39\" data-filename=\"02-600x450.jpg\" data-slide-type=\"image\"><a href=\"https:\/\/www.studiokappa.it\/?page_id=16318\" target=\"_self\" aria-label=\"Visualizza i dettagli della diapositiva\" class=\"metaslider_image_link\"><img loading=\"lazy\" decoding=\"async\" src=\"https:\/\/www.studiokappa.it\/wp-content\/uploads\/2019\/10\/02-600x450.jpg\" height=\"450\" width=\"600\" alt=\"Location delle Giornate di Scambio e Informazione tra professionisti\" class=\"slider-21717 slide-21729 msDefaultImage\" title=\"Location delle Giornate di Scambio e Informazione tra professionisti\" \/><\/a><\/li>\n                <li style=\"display: none; width: 100%;\" class=\"slide-21730 ms-image \" aria-roledescription=\"slide\" data-date=\"2024-12-26 18:07:20\" data-filename=\"01-600x450.jpg\" data-slide-type=\"image\"><a href=\"https:\/\/www.studiokappa.it\/?page_id=16318\" target=\"_self\" aria-label=\"Visualizza i dettagli della diapositiva\" class=\"metaslider_image_link\"><img loading=\"lazy\" decoding=\"async\" src=\"https:\/\/www.studiokappa.it\/wp-content\/uploads\/2019\/10\/01-600x450.jpg\" height=\"450\" width=\"600\" alt=\"Location delle Giornate di Scambio e Informazione tra professionisti\" class=\"slider-21717 slide-21730 msDefaultImage\" title=\"Location delle Giornate di Scambio e Informazione tra professionisti\" \/><\/a><\/li>\n            <\/ul>\n        <\/div>\n        \n    <\/div>\n<\/div><\/div>\n<p style=\"font-size: 80%;\" align=\"center\">Immagini delle ultime location ove abbiamo realizzato l&#8217;Open Lab di scambio e tra professionisti dell&#8217;empowerment<\/p>\n<p><em><br \/>\n<\/em><br \/>\n<strong>Cos&#8217;\u00e8 l&#8217;Open Lab di scambio tra professionisti dell&#8217;empowerment?<\/strong><br \/>\nL&#8217;Open Lab di scambio tra professionisti dell&#8217;empowerment \u00e8 l&#8217;<strong>esperienza umana e professionale<\/strong> attraverso cui incontrarsi, conoscersi e scoprire il ventaglio di potenzialit\u00e0 e di competenze che ciascuno esprime attraverso la propria attivit\u00e0 professionale, cos\u00ec da ritrovare alleanze professionali e risposte a sfide comuni.<\/p>\n<p>Si tratta di un <strong>seminario<\/strong> in cui i professionisti partecipanti sperimentano lo stile, l&#8217;approccio e la <strong>pratica dei valori<\/strong> dello Studio in una situazione lavorativa. \u00c8 occasione di auto-organizzazione e auto-determinazione.<\/p>\n<p>\u00c8 un momento in cui ogni professionista focalizza l&#8217;attenzione sulla propria attivit\u00e0 professionale. L&#8217;Open Lab di scambio \u00e8 il <strong>contenitore di tutte le curiosit\u00e0<\/strong> e di tutte le specifiche informazioni utili a <strong>comprendere il potenziale che esprime una Comunit\u00e0 di Professionisti insieme<\/strong>.<\/p>\n<p>Il seminario viene realizzato in location immerse nella natura che consentono la <strong>serenit\u00e0<\/strong> e la <strong>piacevolezza del lavoro insieme<\/strong> e contemporaneamente il poter dedicare la propria attenzione al lavoro sulla propria attivit\u00e0 professionale e sui collegamenti con quelle degli altri presenti. Il lavoro si svolge in piccolo gruppo.<br \/>\n<em><br \/>\n<\/em><br \/>\n<strong>A cosa serve l&#8217;Open Lab di scambio tra professionisti dell&#8217;empowerment?<\/strong><\/p>\n<p><img loading=\"lazy\" decoding=\"async\" src=\"https:\/\/www.studiokappa.it\/images\/bullet.gif\" alt=\" \" width=\"12\" height=\"11\" border=\"0\" \/> <strong>Conoscere<\/strong> (sperimentando) e <strong>valutare<\/strong> se la Comunit\u00e0 Professionale \u00e8 lo strumento che si sta cercando<\/p>\n<p><img loading=\"lazy\" decoding=\"async\" src=\"https:\/\/www.studiokappa.it\/images\/bullet.gif\" alt=\" \" width=\"12\" height=\"11\" border=\"0\" \/> Intraprendere un lavoro di <strong>rafforzamento<\/strong> della propria <strong>identit\u00e0 professionale<\/strong> (\u00e8 prodromico al Laboratorio di RiGenerazione Professionale)<\/p>\n<p><img loading=\"lazy\" decoding=\"async\" src=\"https:\/\/www.studiokappa.it\/images\/bullet.gif\" alt=\" \" width=\"12\" height=\"11\" border=\"0\" \/> Individuare possibili <strong>connessioni<\/strong> e <strong>potenziali progetti<\/strong> da realizzare insieme ad altri professionisti<\/p>\n<p><img loading=\"lazy\" decoding=\"async\" src=\"https:\/\/www.studiokappa.it\/images\/bullet.gif\" alt=\" \" width=\"12\" height=\"11\" border=\"0\" \/> Sentire possibili sintonie e <strong>connessioni emotive<\/strong><br \/>\n<em><br \/>\n<\/em><br \/>\n<strong>Quand&#8217;\u00e8 l&#8217;Open Lab di scambio tra professionisti dell&#8217;empowerment?<\/strong><\/p>\n<p>L&#8217;Open Lab di scambio tra professionisti dell&#8217;empowerment viene realizzato alcune volte all&#8217;anno.<br \/>\nLe date dei prossimi appuntamenti in calendario sono:<\/p>\n<p><img loading=\"lazy\" decoding=\"async\" src=\"https:\/\/www.studiokappa.it\/images\/bullet.gif\" alt=\" \" width=\"12\" height=\"11\" border=\"0\" \/> <a style=\"text-decoration: none;\" title=\"Iscriviti alla Giornata\" href=\"http:\/\/www.studiokappa.it\/?page_id=16318\"><strong>28 Febbraio 2026<\/strong> a Cuneo <\/a>(Tutto esaurito)<\/p>\n<p><img loading=\"lazy\" decoding=\"async\" src=\"https:\/\/www.studiokappa.it\/images\/bullet.gif\" alt=\" \" width=\"12\" height=\"11\" border=\"0\" \/> <a style=\"text-decoration: none;\" title=\"Iscriviti alla Giornata\" href=\"http:\/\/www.studiokappa.it\/?page_id=16318\"><strong>28 Marzo 2026<\/strong> a Torino <\/a>(Iscrizioni chiuse)<\/p>\n<p><img loading=\"lazy\" decoding=\"async\" src=\"https:\/\/www.studiokappa.it\/images\/bullet.gif\" alt=\" \" width=\"12\" height=\"11\" border=\"0\" \/> <a style=\"text-decoration: none;\" title=\"Iscriviti alla Giornata\" href=\"http:\/\/www.studiokappa.it\/?page_id=16318\"><strong>18 Aprile 2026 <\/strong>a Mondov\u00ec (CN) <\/a>(Termine iscrizioni: 11 Aprile 2026)<\/p>\n<p><img loading=\"lazy\" decoding=\"async\" src=\"https:\/\/www.studiokappa.it\/images\/bullet.gif\" alt=\" \" width=\"12\" height=\"11\" border=\"0\" \/> <a style=\"text-decoration: none;\" title=\"Iscriviti alla Giornata\" href=\"http:\/\/www.studiokappa.it\/?page_id=16318\"><strong>13 Giugno 2026<\/strong> a Savona <\/a>(Termine iscrizioni: 5 Giugno 2026)<\/p>\n<p><img loading=\"lazy\" decoding=\"async\" src=\"https:\/\/www.studiokappa.it\/images\/bullet.gif\" alt=\" \" width=\"12\" height=\"11\" border=\"0\" \/> <a style=\"text-decoration: none;\" title=\"Iscriviti alla Giornata\" href=\"http:\/\/www.studiokappa.it\/?page_id=16318\"><strong>24 Ottobre 2026<\/strong> a Novara <\/a>(Termine iscrizioni: 16 Ottobre 2026)<\/p>\n<p><img loading=\"lazy\" decoding=\"async\" src=\"https:\/\/www.studiokappa.it\/images\/bullet.gif\" alt=\" \" width=\"12\" height=\"11\" border=\"0\" \/> <a style=\"text-decoration: none;\" title=\"Iscriviti alla Giornata\" href=\"http:\/\/www.studiokappa.it\/?page_id=16318\"><strong>21 Novembre 2026<\/strong> a Piacenza <\/a>(Termine iscrizioni: 13 Novembre 2026)<\/p>\n<p><img loading=\"lazy\" decoding=\"async\" src=\"https:\/\/www.studiokappa.it\/images\/bullet.gif\" alt=\" \" width=\"12\" height=\"11\" border=\"0\" \/> <a style=\"text-decoration: none;\" title=\"Iscriviti alla Giornata\" href=\"http:\/\/www.studiokappa.it\/?page_id=16318\"><strong>12 Dicembre 2026<\/strong> a Monza <\/a>(Termine iscrizioni: 4 Dicembre 2026)<br \/>\n<em><br \/>\n<\/em><\/p>\n<p align=\"center\"><a style=\"text-decoration: none;\" title=\"Iscriviti all'Open Lab di scambio tra professionisti dell'empowerment\" href=\"http:\/\/www.studiokappa.it\/?page_id=16318\"><strong>Partecipa ad uno dei prossimi<br \/>\nOpen Lab di scambio tra professionisti dell&#8217;empowerment<\/strong><\/a><\/p>\n","protected":false},"excerpt":{"rendered":"<p>Open Lab di scambio tra professionisti dell&#8217;empowerment Occasione di scambio di idee, progetti e contatti tra professionisti, oltre che utile a conoscere e valutare il proprio interesse alla Community Immagini delle ultime location ove abbiamo realizzato l&#8217;Open Lab di scambio e tra professionisti dell&#8217;empowerment Cos&#8217;\u00e8 l&#8217;Open Lab di scambio tra professionisti dell&#8217;empowerment? L&#8217;Open Lab di [&hellip;]<\/p>\n","protected":false},"author":1,"featured_media":0,"parent":0,"menu_order":0,"comment_status":"closed","ping_status":"closed","template":"","meta":{"footnotes":""},"class_list":["post-16742","page","type-page","status-publish","hentry"],"_links":{"self":[{"href":"https:\/\/www.studiokappa.it\/index.php?rest_route=\/wp\/v2\/pages\/16742","targetHints":{"allow":["GET"]}}],"collection":[{"href":"https:\/\/www.studiokappa.it\/index.php?rest_route=\/wp\/v2\/pages"}],"about":[{"href":"https:\/\/www.studiokappa.it\/index.php?rest_route=\/wp\/v2\/types\/page"}],"author":[{"embeddable":true,"href":"https:\/\/www.studiokappa.it\/index.php?rest_route=\/wp\/v2\/users\/1"}],"replies":[{"embeddable":true,"href":"https:\/\/www.studiokappa.it\/index.php?rest_route=%2Fwp%2Fv2%2Fcomments&post=16742"}],"version-history":[{"count":2,"href":"https:\/\/www.studiokappa.it\/index.php?rest_route=\/wp\/v2\/pages\/16742\/revisions"}],"predecessor-version":[{"id":22749,"href":"https:\/\/www.studiokappa.it\/index.php?rest_route=\/wp\/v2\/pages\/16742\/revisions\/22749"}],"wp:attachment":[{"href":"https:\/\/www.studiokappa.it\/index.php?rest_route=%2Fwp%2Fv2%2Fmedia&parent=16742"}],"curies":[{"name":"wp","href":"https:\/\/api.w.org\/{rel}","templated":true}]}}