{"id":1265,"date":"2011-08-30T17:47:15","date_gmt":"2011-08-30T17:47:15","guid":{"rendered":"http:\/\/www.studiokappa.it\/?page_id=1265"},"modified":"2026-01-17T18:03:19","modified_gmt":"2026-01-17T18:03:19","slug":"freire","status":"publish","type":"page","link":"https:\/\/www.studiokappa.it\/?page_id=1265","title":{"rendered":"Settimana Nazionale del Freire"},"content":{"rendered":"\n<p><strong><span style=\"color: #6600ff; font-size: medium;\">La Settimana Nazionale con il Metodo di Coscientizzazione di Paulo Freire<\/span><\/strong><br><em><br><\/em><\/p>\n\n\n\n<div align=\"center\"><div id=\"metaslider-id-21789\" style=\"max-width: 600px;\" class=\"ml-slider-3-108-0 metaslider metaslider-flex metaslider-21789 ml-slider ms-theme-default-base nav-hidden\" role=\"region\" aria-label=\"Settimana Freire\" data-height=\"450\" data-width=\"600\">\n    <div id=\"metaslider_container_21789\">\n        <div id=\"metaslider_21789\">\n            <ul class='slides'>\n                <li style=\"display: block; width: 100%;\" class=\"slide-21803 ms-image \" aria-roledescription=\"slide\" data-date=\"2024-12-28 23:20:10\" data-filename=\"IMG_20190826_170429-scaled-600x450.jpg\" data-slide-type=\"image\"><img fetchpriority=\"high\" decoding=\"async\" src=\"https:\/\/www.studiokappa.it\/wp-content\/uploads\/2024\/12\/IMG_20190826_170429-scaled-600x450.jpg\" height=\"450\" width=\"600\" alt=\"\" class=\"slider-21789 slide-21803 msDefaultImage\" title=\"IMG_20190826_170429\" \/><\/li>\n                <li style=\"display: none; width: 100%;\" class=\"slide-21801 ms-image \" aria-roledescription=\"slide\" data-date=\"2024-12-28 23:18:55\" data-filename=\"IMG_2737-scaled-600x450.jpg\" data-slide-type=\"image\"><img decoding=\"async\" src=\"https:\/\/www.studiokappa.it\/wp-content\/uploads\/2024\/12\/IMG_2737-scaled-600x450.jpg\" height=\"450\" width=\"600\" alt=\"\" class=\"slider-21789 slide-21801 msDefaultImage\" title=\"IMG_2737\" \/><\/li>\n                <li style=\"display: none; width: 100%;\" class=\"slide-21799 ms-image \" aria-roledescription=\"slide\" data-date=\"2024-12-28 23:18:08\" data-filename=\"DSCN0843-scaled-600x450.jpg\" data-slide-type=\"image\"><img decoding=\"async\" src=\"https:\/\/www.studiokappa.it\/wp-content\/uploads\/2024\/12\/DSCN0843-scaled-600x450.jpg\" height=\"450\" width=\"600\" alt=\"\" class=\"slider-21789 slide-21799 msDefaultImage\" title=\"DSCN0843\" \/><\/li>\n                <li style=\"display: none; width: 100%;\" class=\"slide-21837 ms-image \" aria-roledescription=\"slide\" data-date=\"2024-12-28 23:37:08\" data-filename=\"IMG_20240827_144004-scaled-600x450.jpg\" data-slide-type=\"image\"><img loading=\"lazy\" decoding=\"async\" src=\"https:\/\/www.studiokappa.it\/wp-content\/uploads\/2024\/12\/IMG_20240827_144004-scaled-600x450.jpg\" height=\"450\" width=\"600\" alt=\"\" class=\"slider-21789 slide-21837 msDefaultImage\" title=\"IMG_20240827_144004\" \/><\/li>\n                <li style=\"display: none; width: 100%;\" class=\"slide-21821 ms-image \" aria-roledescription=\"slide\" data-date=\"2024-12-28 23:29:49\" data-filename=\"2023.08.24-Codifica-600x450.jpg\" data-slide-type=\"image\"><img loading=\"lazy\" decoding=\"async\" src=\"https:\/\/www.studiokappa.it\/wp-content\/uploads\/2024\/12\/2023.08.24-Codifica-600x450.jpg\" height=\"450\" width=\"600\" alt=\"\" class=\"slider-21789 slide-21821 msDefaultImage\" title=\"2023.08.24-Codifica\" \/><\/li>\n                <li style=\"display: none; width: 100%;\" class=\"slide-21835 ms-image \" aria-roledescription=\"slide\" data-date=\"2024-12-28 23:35:56\" data-filename=\"IMG_20240905_152417_104-600x450.jpg\" data-slide-type=\"image\"><img loading=\"lazy\" decoding=\"async\" src=\"https:\/\/www.studiokappa.it\/wp-content\/uploads\/2024\/12\/IMG_20240905_152417_104-600x450.jpg\" height=\"450\" width=\"600\" alt=\"\" class=\"slider-21789 slide-21835 msDefaultImage\" title=\"IMG_20240905_152417_104\" \/><\/li>\n                <li style=\"display: none; width: 100%;\" class=\"slide-21809 ms-image \" aria-roledescription=\"slide\" data-date=\"2024-12-28 23:24:06\" data-filename=\"24-scaled-600x450.jpg\" data-slide-type=\"image\"><img loading=\"lazy\" decoding=\"async\" src=\"https:\/\/www.studiokappa.it\/wp-content\/uploads\/2024\/12\/24-scaled-600x450.jpg\" height=\"450\" width=\"600\" alt=\"\" class=\"slider-21789 slide-21809 msDefaultImage\" title=\"24\" \/><\/li>\n                <li style=\"display: none; width: 100%;\" class=\"slide-21805 ms-image \" aria-roledescription=\"slide\" data-date=\"2024-12-28 23:20:47\" data-filename=\"IMG_2742-scaled-600x450.jpg\" data-slide-type=\"image\"><img loading=\"lazy\" decoding=\"async\" src=\"https:\/\/www.studiokappa.it\/wp-content\/uploads\/2024\/12\/IMG_2742-scaled-600x450.jpg\" height=\"450\" width=\"600\" alt=\"\" class=\"slider-21789 slide-21805 msDefaultImage\" title=\"IMG_2742\" \/><\/li>\n                <li style=\"display: none; width: 100%;\" class=\"slide-21811 ms-image \" aria-roledescription=\"slide\" data-date=\"2024-12-28 23:25:20\" data-filename=\"2022Drapia00-600x450.jpg\" data-slide-type=\"image\"><img loading=\"lazy\" decoding=\"async\" src=\"https:\/\/www.studiokappa.it\/wp-content\/uploads\/2024\/12\/2022Drapia00-600x450.jpg\" height=\"450\" width=\"600\" alt=\"\" class=\"slider-21789 slide-21811 msDefaultImage\" title=\"2022Drapia00\" \/><\/li>\n                <li style=\"display: none; width: 100%;\" class=\"slide-21815 ms-image \" aria-roledescription=\"slide\" data-date=\"2024-12-28 23:27:19\" data-filename=\"20220704_185734-scaled-600x450.jpg\" data-slide-type=\"image\"><img loading=\"lazy\" decoding=\"async\" src=\"https:\/\/www.studiokappa.it\/wp-content\/uploads\/2024\/12\/20220704_185734-scaled-600x450.jpg\" height=\"450\" width=\"600\" alt=\"\" class=\"slider-21789 slide-21815 msDefaultImage\" title=\"20220704_185734\" \/><\/li>\n                <li style=\"display: none; width: 100%;\" class=\"slide-21807 ms-image \" aria-roledescription=\"slide\" data-date=\"2024-12-28 23:23:01\" data-filename=\"IMG_20210707_170558-scaled-600x450.jpg\" data-slide-type=\"image\"><img loading=\"lazy\" decoding=\"async\" src=\"https:\/\/www.studiokappa.it\/wp-content\/uploads\/2024\/12\/IMG_20210707_170558-scaled-600x450.jpg\" height=\"450\" width=\"600\" alt=\"\" class=\"slider-21789 slide-21807 msDefaultImage\" title=\"IMG_20210707_170558\" \/><\/li>\n                <li style=\"display: none; width: 100%;\" class=\"slide-21827 ms-image \" aria-roledescription=\"slide\" data-date=\"2024-12-28 23:32:33\" data-filename=\"IMG_20230822_113536-scaled-600x450.jpg\" data-slide-type=\"image\"><img loading=\"lazy\" decoding=\"async\" src=\"https:\/\/www.studiokappa.it\/wp-content\/uploads\/2024\/12\/IMG_20230822_113536-scaled-600x450.jpg\" height=\"450\" width=\"600\" alt=\"\" class=\"slider-21789 slide-21827 msDefaultImage\" title=\"IMG_20230822_113536\" \/><\/li>\n                <li style=\"display: none; width: 100%;\" class=\"slide-21791 ms-image \" aria-roledescription=\"slide\" data-date=\"2024-12-28 23:11:45\" data-filename=\"piccolotibet2011-099-Copia-scaled-600x450.jpg\" data-slide-type=\"image\"><img loading=\"lazy\" decoding=\"async\" src=\"https:\/\/www.studiokappa.it\/wp-content\/uploads\/2024\/12\/piccolotibet2011-099-Copia-scaled-600x450.jpg\" height=\"450\" width=\"600\" alt=\"\" class=\"slider-21789 slide-21791 msDefaultImage\" title=\"piccolotibet2011 099 - Copia\" \/><\/li>\n                <li style=\"display: none; width: 100%;\" class=\"slide-21833 ms-image \" aria-roledescription=\"slide\" data-date=\"2024-12-28 23:35:29\" data-filename=\"IMG_20240830_165256-scaled-600x450.jpg\" data-slide-type=\"image\"><img loading=\"lazy\" decoding=\"async\" src=\"https:\/\/www.studiokappa.it\/wp-content\/uploads\/2024\/12\/IMG_20240830_165256-scaled-600x450.jpg\" height=\"450\" width=\"600\" alt=\"\" class=\"slider-21789 slide-21833 msDefaultImage\" title=\"IMG_20240830_165256\" \/><\/li>\n                <li style=\"display: none; width: 100%;\" class=\"slide-21829 ms-image \" aria-roledescription=\"slide\" data-date=\"2024-12-28 23:33:28\" data-filename=\"IMG_20240826_163929-scaled-600x450.jpg\" data-slide-type=\"image\"><img loading=\"lazy\" decoding=\"async\" src=\"https:\/\/www.studiokappa.it\/wp-content\/uploads\/2024\/12\/IMG_20240826_163929-scaled-600x450.jpg\" height=\"450\" width=\"600\" alt=\"\" class=\"slider-21789 slide-21829 msDefaultImage\" title=\"IMG_20240826_163929\" \/><\/li>\n                <li style=\"display: none; width: 100%;\" class=\"slide-21817 ms-image \" aria-roledescription=\"slide\" data-date=\"2024-12-28 23:27:55\" data-filename=\"IMG_20230825_212148-scaled-600x450.jpg\" data-slide-type=\"image\"><img loading=\"lazy\" decoding=\"async\" src=\"https:\/\/www.studiokappa.it\/wp-content\/uploads\/2024\/12\/IMG_20230825_212148-scaled-600x450.jpg\" height=\"450\" width=\"600\" alt=\"\" class=\"slider-21789 slide-21817 msDefaultImage\" title=\"IMG_20230825_212148\" \/><\/li>\n                <li style=\"display: none; width: 100%;\" class=\"slide-21825 ms-image \" aria-roledescription=\"slide\" data-date=\"2024-12-28 23:31:54\" data-filename=\"IMG_20230822_145217-scaled-600x450.jpg\" data-slide-type=\"image\"><img loading=\"lazy\" decoding=\"async\" src=\"https:\/\/www.studiokappa.it\/wp-content\/uploads\/2024\/12\/IMG_20230822_145217-scaled-600x450.jpg\" height=\"450\" width=\"600\" alt=\"\" class=\"slider-21789 slide-21825 msDefaultImage\" title=\"IMG_20230822_145217\" \/><\/li>\n                <li style=\"display: none; width: 100%;\" class=\"slide-21823 ms-image \" aria-roledescription=\"slide\" data-date=\"2024-12-28 23:31:19\" data-filename=\"IMG_20230823_143550-scaled-600x450.jpg\" data-slide-type=\"image\"><img loading=\"lazy\" decoding=\"async\" src=\"https:\/\/www.studiokappa.it\/wp-content\/uploads\/2024\/12\/IMG_20230823_143550-scaled-600x450.jpg\" height=\"450\" width=\"600\" alt=\"\" class=\"slider-21789 slide-21823 msDefaultImage\" title=\"IMG_20230823_143550\" \/><\/li>\n                <li style=\"display: none; width: 100%;\" class=\"slide-21819 ms-image \" aria-roledescription=\"slide\" data-date=\"2024-12-28 23:29:09\" data-filename=\"IMG_20230825_165151-scaled-600x450.jpg\" data-slide-type=\"image\"><img loading=\"lazy\" decoding=\"async\" src=\"https:\/\/www.studiokappa.it\/wp-content\/uploads\/2024\/12\/IMG_20230825_165151-scaled-600x450.jpg\" height=\"450\" width=\"600\" alt=\"\" class=\"slider-21789 slide-21819 msDefaultImage\" title=\"IMG_20230825_165151\" \/><\/li>\n                <li style=\"display: none; width: 100%;\" class=\"slide-21831 ms-image \" aria-roledescription=\"slide\" data-date=\"2024-12-28 23:34:24\" data-filename=\"IMG_20240905_152345_382-600x450.jpg\" data-slide-type=\"image\"><img loading=\"lazy\" decoding=\"async\" src=\"https:\/\/www.studiokappa.it\/wp-content\/uploads\/2024\/12\/IMG_20240905_152345_382-600x450.jpg\" height=\"450\" width=\"600\" alt=\"\" class=\"slider-21789 slide-21831 msDefaultImage\" title=\"IMG_20240905_152345_382\" \/><\/li>\n                <li style=\"display: none; width: 100%;\" class=\"slide-21813 ms-image \" aria-roledescription=\"slide\" data-date=\"2024-12-28 23:26:19\" data-filename=\"photo_2022-07-17_20-17-44-600x450.jpg\" data-slide-type=\"image\"><img loading=\"lazy\" decoding=\"async\" src=\"https:\/\/www.studiokappa.it\/wp-content\/uploads\/2024\/12\/photo_2022-07-17_20-17-44-600x450.jpg\" height=\"450\" width=\"600\" alt=\"\" class=\"slider-21789 slide-21813 msDefaultImage\" title=\"photo_2022-07-17_20-17-44\" \/><\/li>\n                <li style=\"display: none; width: 100%;\" class=\"slide-21797 ms-image \" aria-roledescription=\"slide\" data-date=\"2024-12-28 23:17:18\" data-filename=\"20160626_092352-600x450.jpg\" data-slide-type=\"image\"><img loading=\"lazy\" decoding=\"async\" src=\"https:\/\/www.studiokappa.it\/wp-content\/uploads\/2024\/12\/20160626_092352-600x450.jpg\" height=\"450\" width=\"600\" alt=\"\" class=\"slider-21789 slide-21797 msDefaultImage\" title=\"User comments\" \/><\/li>\n                <li style=\"display: none; width: 100%;\" class=\"slide-21795 ms-image \" aria-roledescription=\"slide\" data-date=\"2024-12-28 23:15:29\" data-filename=\"S7301312-scaled-600x450.jpg\" data-slide-type=\"image\"><img loading=\"lazy\" decoding=\"async\" src=\"https:\/\/www.studiokappa.it\/wp-content\/uploads\/2024\/12\/S7301312-scaled-600x450.jpg\" height=\"450\" width=\"600\" alt=\"\" class=\"slider-21789 slide-21795 msDefaultImage\" title=\"S7301312\" \/><\/li>\n                <li style=\"display: none; width: 100%;\" class=\"slide-21793 ms-image \" aria-roledescription=\"slide\" data-date=\"2024-12-28 23:12:46\" data-filename=\"S7300505-scaled-600x450.jpg\" data-slide-type=\"image\"><img loading=\"lazy\" decoding=\"async\" src=\"https:\/\/www.studiokappa.it\/wp-content\/uploads\/2024\/12\/S7300505-scaled-600x450.jpg\" height=\"450\" width=\"600\" alt=\"\" class=\"slider-21789 slide-21793 msDefaultImage\" title=\"S7300505\" \/><\/li>\n            <\/ul>\n        <\/div>\n        \n    <\/div>\n<\/div><\/div>\n\n\n<p><em><br><\/em><br>Da met\u00e0 degli anni &#8217;90 <a style=\"text-decoration: none;\" title=\"Vai alla pagina di Simone Deflorian\" href=\"http:\/\/www.studiokappa.it\/?page_id=108\" target=\"_blank\" rel=\"noopener noreferrer\"><strong>Simone Deflorian<\/strong><\/a> conduce in estate la <strong>Settimana Nazionale<\/strong> con il <strong>Metodo di Coscientizzazione di Paulo Freire<\/strong>.<\/p>\n\n\n\n<p>Il formatore dapprima ha accompagnato nella conduzione <a style=\"text-decoration: none;\" title=\"Vai alla pagina di Gino Piccio su Wikipedia\" href=\"https:\/\/it.wikipedia.org\/wiki\/Gino_Piccio\" target=\"_blank\" rel=\"noopener noreferrer\"><strong>Gino Piccio<\/strong><\/a>, poi da alcuni anni sta conducendo in prima persona questo evento formativo residenziale e gratuito a cui partecipano persone (operatori pedagogici, professionisti, insegnanti, psicologi, cittadini, etc.) provenienti da tutta Italia e in taluni casi dall&#8217;estero.<\/p>\n\n\n\n<p>Nella <strong>Settimana Nazionale con il Metodo di Coscientizzazione di Paulo Freire<\/strong> si sperimenta direttamente e tenta un&#8217;applicazione del Metodo del pedagogista brasiliano, per come lo si pu\u00f2 ritrovare in <a style=\"text-decoration: none;\" title=\"Acquista il testo\" href=\"https:\/\/www.ibs.it\/pedagogia-degli-oppressi-libro-paulo-freire\/e\/9788865791790\" target=\"_blank\" rel=\"noopener noreferrer\"><strong>Pedagogia degli Oppressi<\/strong><\/a> (Edizioni Gruppo Abele), secondo la particolare rielaborazione e adattamento effettuato da Gino Piccio.<\/p>\n\n\n\n<p>Il lavoro non prevede lezioni di tipo frontale, quanto piuttosto, in linea con l\u2019approccio freireiano, il percorso formativo ha <strong>carattere sperimentale<\/strong>. Non si tratta di una settimana di simulazione o di role playing, ma di una settimana di vera e propria <strong>applicazione diretta<\/strong> di tale metodo pedagogico.<\/p>\n\n\n\n<p>Le giornate sono scandite da un momento di lavoro manuale al mattino, da momenti di ricerca e sperimentazione al pomeriggio e da alcuni esercizi alla sera. Il lavoro di applicazione del metodo interessa trasversalmente tutti questi momenti della giornata.<\/p>\n\n\n\n<p>Da alcuni anni collaborano stabilmente alla realizzazione dell&#8217;evento anche <a style=\"text-decoration: none;\" title=\"Vai alla pagina di Anna Zumbo\" href=\"http:\/\/www.studiokappa.it\/?page_id=4555\" target=\"_blank\" rel=\"noopener noreferrer\"><strong>Anna Zumbo<\/strong><\/a>, Irene Romeo e Rocco Paolo Padovano.<br><em><br><\/em><br><a style=\"text-decoration: none;\" title=\"Vai alla Storia della Settimana Nazionale del Freire\" href=\"https:\/\/www.studiokappa.it\/?page_id=20087\">Vai alla <strong>Storia<\/strong> della Settimana Nazionale del Freire<\/a>.<br><em><br><\/em><\/p>\n\n\n\n<table width=\"100%\"; height=\"30\">\n<tbody>\n<tr>\n<td align=\"center\">\n<figure class=\"wp-block-embed aligncenter is-type-video is-provider-youtube wp-block-embed-youtube wp-embed-aspect-4-3 wp-has-aspect-ratio\"><div class=\"wp-block-embed__wrapper\">\n<iframe title=\"Simone Deflorian - TGR Piemonte - 27 Aprile 2013 - h.14\" width=\"500\" height=\"375\" src=\"https:\/\/www.youtube.com\/embed\/T-EtR3JBxqQ?feature=oembed\" frameborder=\"0\" allow=\"accelerometer; autoplay; clipboard-write; encrypted-media; gyroscope; picture-in-picture; web-share\" referrerpolicy=\"strict-origin-when-cross-origin\" allowfullscreen><\/iframe>\n<\/div><\/figure>\n<\/td>\n<\/tr>\n<\/tbody>\n<\/table>\n\n\n\n<p><em><br><\/em><br><em><br><\/em><\/p>\n\n\n\n<table width=\"100%\"; height=\"30\">\n<tbody>\n<tr>\n<td background=\"http:\/\/www.studiokappa.it\/wp-content\/uploads\/2014\/01\/barra.jpg\"><strong><span style=\"color: #FFFFFF;\">&nbsp;&nbsp;&nbsp;Partecipa<\/span><\/strong><\/td>\n<\/tr>\n<\/tbody>\n<\/table>\n\n\n\n<p>La partecipazione \u00e8 riservata a uomini e donne maggiori di 20 anni. Possono partecipare alla <strong>Settimana Nazionale con il Metodo di Coscientizzazione di Paulo Freire<\/strong> solo coloro che possono fermarsi per l\u2019intera durata del percorso formativo.<\/p>\n\n\n\n<p>La settimana \u00e8 a numero chiuso ed \u00e8 <strong>autogestita<\/strong>; ci\u00f2 significa che costi dei consumi (vitto, utenze e materiali) sono suddivisi tra i partecipanti.<\/p>\n\n\n\n<p>Per effettuare l&#8217;iscrizione occorre versare un acconto di 200\u20ac a copertura di tali costi. Tale acconto viene scalato dal computo complessivo dei consumi effettuati e restituita l&#8217;eccedenza al termine della settimana. Nel caso di impossibilit\u00e0 di uno degli iscritti a partecipare all&#8217;evento, tale acconto non viene restituito. \u00c8, invece, completamente restituito a tutti i partecipanti nel caso in cui, per motivi di forza maggiore, non sia realizzata tale settimana formativa.<\/p>\n\n\n\n<p><em>&nbsp;<\/em><\/p>\n\n\n\n<p><a style=\"text-decoration: none;\" title=\"Vai alla Rassegna Video\" href=\"http:\/\/www.studiokappa.it\/?page_id=4155\">Vai alla <strong>Rassegna Video<\/strong> dove puoi trovare anche alcuni filmati relativi all&#8217;evento formativo<\/a>.<\/p>\n\n\n\n<p><a style=\"text-decoration: none;\" title=\"Vai alla pagina Facebook della Settimana del Freire\" href=\"https:\/\/www.facebook.com\/SettimanaFreire\/\" target=\"_blank\" rel=\"noopener noreferrer\">Vai alla pagina <strong>Facebook<\/strong> dell&#8217;evento<\/a>.<\/p>\n\n\n\n<p><a style=\"text-decoration: none;\" title=\"Scarica la brochure del percorso formativo\" href=\"https:\/\/www.studiokappa.it\/wp-content\/uploads\/2026\/01\/2026.08.17-SettimanaFreire-ContileA4.pdf\" target=\"_blank\" rel=\"noopener noreferrer\">Scarica il <strong>depliant<\/strong> della prossima Settimana Nazionale con il Metodo di Coscientizzazione di Paulo Freire<\/a>.<\/p>\n\n\n\n<p><a style=\"text-decoration: none;\" title=\"Leggi le Faq\" href=\"http:\/\/www.studiokappa.it\/?page_id=17460\" target=\"_blank\" rel=\"noopener noreferrer\">Leggi le <strong>Faq<\/strong> e trova tutte le risposte<\/a>.<\/p>\n\n\n\n<p><a style=\"text-decoration: none;\" title=\"Compila il modulo di iscrizione\" href=\"http:\/\/www.studiokappa.it\/?page_id=4059\" target=\"_blank\" rel=\"noopener noreferrer\">Compila il modulo di <strong>iscrizione<\/strong><\/a>.<\/p>\n\n\n\n<p><em>&nbsp;<\/em><br><em><br><\/em><br><em><br><\/em><\/p>\n\n\n\n<table width=\"100%\"; height=\"30\">\n<tbody>\n<tr>\n<td background=\"http:\/\/www.studiokappa.it\/wp-content\/uploads\/2014\/01\/barra.jpg\"><strong><span style=\"color: #FFFFFF;\">&nbsp;&nbsp;&nbsp;Candida il tuo territorio<\/span><\/strong><\/td>\n<\/tr>\n<\/tbody>\n<\/table>\n\n\n\n<p>I territori possono presentare la propria candidatura ad ospitare l&#8217;evento entro il 31 Dicembre.<br>Possono candidarsi i territori che hanno in essere progetti di sviluppo locale partecipato, cittadinanza attiva, democrazia deliberativa e partecipazione civica o un potenziale di sviluppo il cui comitato territoriale proponente (comunit\u00e0 locale) pu\u00f2 rappresentare.<br>Dopo un&#8217;accurata selezione, ogni anno viene scelto il territorio maggiormente rappresentativo di tali aspetti di mobilitazione e partecipazione civica della comunit\u00e0 locale (empowerment di comunit\u00e0).<br>La comunit\u00e0 vincitrice vedr\u00e0 realizzato sul proprio territorio un intervento con il metodo del brasiliano della durata di una settimana con la presenza di circa 30 esperti che arrivano da tutta Italia.<\/p>\n\n\n\n<p>L&#8217;intervento con il metodo del Freire \u00e8 stato realizzato in molte regioni d&#8217;Italia e accolto con entusiasmo dalle comunit\u00e0 locali che hanno ospitato l&#8217;evento.<\/p>\n\n\n\n<p>Il territorio, la comunit\u00e0, il gruppo, l&#8217;associazione vincitrici ospitano l&#8217;intervento sul proprio territorio, curando la parte logistica con la stretta direzione dello staff.<\/p>\n\n\n\n<p>Ogni territorio pu\u00f2 presentare la candidatura per uno degli anni seguenti.<\/p>\n\n\n\n<p>Il territorio vincitore si occupa di<\/p>\n\n\n\n<p><img loading=\"lazy\" decoding=\"async\" src=\"https:\/\/lh4.googleusercontent.com\/-KUnM_IO-hAs\/TgZgN0tqEuI\/AAAAAAAAAZk\/Cachu2JnhXM\/bullet.gif\" alt=\" \" width=\"12\" height=\"11\" border=\"0\"> individuare una struttura idonea per realizzare l&#8217;intervento e per accogliere gli esperti;<\/p>\n\n\n\n<p><img loading=\"lazy\" decoding=\"async\" src=\"https:\/\/lh4.googleusercontent.com\/-KUnM_IO-hAs\/TgZgN0tqEuI\/AAAAAAAAAZk\/Cachu2JnhXM\/bullet.gif\" alt=\" \" width=\"12\" height=\"11\" border=\"0\"> facilitare i rapporti con la comunit\u00e0 locale;<\/p>\n\n\n\n<p><img loading=\"lazy\" decoding=\"async\" src=\"https:\/\/lh4.googleusercontent.com\/-KUnM_IO-hAs\/TgZgN0tqEuI\/AAAAAAAAAZk\/Cachu2JnhXM\/bullet.gif\" alt=\" \" width=\"12\" height=\"11\" border=\"0\"> essere il punto logistico per l&#8217;organizzazione dell&#8217;evento, seguendo le indicazioni dello staff.<\/p>\n\n\n\n<p>Termine per presentare la candidatura del proprio territorio per l&#8217;estate successiva:<br>31 Dicembre dell&#8217;anno precedente.<br><em><br><\/em><br><a style=\"text-decoration: none;\" title=\"Candida il tuo territorio\" href=\"http:\/\/www.studiokappa.it\/?page_id=17829\" target=\"_blank\" rel=\"noopener noreferrer\">Vuoi candidare il tuo territorio e portare la Settimana Nazionale del Freire nella tua zona? <\/a><\/p>\n\n\n\n<p><a style=\"text-decoration: none;\" title=\"Candida il tuo territorio\" href=\"http:\/\/www.studiokappa.it\/?page_id=17829\" target=\"_blank\" rel=\"noopener noreferrer\"><br><\/a><a style=\"text-decoration: none;\" title=\"Candida il tuo territorio\" href=\"http:\/\/www.studiokappa.it\/?page_id=17829\" target=\"_blank\" rel=\"noopener noreferrer\">Compila il form e <strong>presenta la candidatura del tuo territorio<\/strong><\/a>.<br><em><br><\/em><\/p>\n\n\n\n<p><em>&nbsp;<\/em><br><em><br><\/em><br><em><br><\/em><\/p>\n\n\n\n<table width=\"100%\"; height=\"30\">\n<tbody>\n<tr>\n<td background=\"http:\/\/www.studiokappa.it\/wp-content\/uploads\/2014\/01\/barra.jpg\"><strong><span style=\"color: #FFFFFF;\">&nbsp;&nbsp;&nbsp;Docu-Forum &#8220;L&#8217;educazione come pratica della libert\u00e0&#8221;<\/span><\/strong><\/td>\n<\/tr>\n<\/tbody>\n<\/table>\n\n\n\n<p>&#8220;L&#8217;educazione come pratica della libert\u00e0&#8221; \u00e8 uno dei testi pi\u00f9 importanti della bibliografia di Paulo Freire.<\/p>\n\n\n\n<p>E&#8217; anche una recente opera documentaristica del regista torinese Enrico Venditti e Tele EMA Productions. Il breve documentario tratta di alcune delle pi\u00f9 importanti applicazioni in Italia del Metodo di Coscientizzazione e di Liberazione del pedagogista brasiliano. Traccia anche alcuni degli spunti caratterizzanti il suo pensiero, approccio e intervento.<\/p>\n\n\n\n<p>La proiezione del cortometraggio viene seguita da un momento di sperimentazione di alcuni spunti del Metodo di Coscientizzazione con il pubblico presente.<\/p>\n\n\n\n<p>Il documentario <strong>non \u00e8 disponibile online<\/strong>, ma solo attraverso una proiezione con una partecipazione attiva diretta del pubblico interessato.<\/p>\n\n\n\n<p>La prima \u00e8 stata realizzata a Milano e successive proiezioni sono state realizzate a Torino e Trento.<\/p>\n\n\n\n<p>L&#8217;organizzatore si occupa di<\/p>\n\n\n\n<p><img loading=\"lazy\" decoding=\"async\" src=\"https:\/\/lh4.googleusercontent.com\/-KUnM_IO-hAs\/TgZgN0tqEuI\/AAAAAAAAAZk\/Cachu2JnhXM\/bullet.gif\" alt=\" \" width=\"12\" height=\"11\" border=\"0\"> <span style=\"letter-spacing: -1px;\"> individuare la sala di proiezione;<\/span><\/p>\n\n\n\n<p><img loading=\"lazy\" decoding=\"async\" src=\"https:\/\/lh4.googleusercontent.com\/-KUnM_IO-hAs\/TgZgN0tqEuI\/AAAAAAAAAZk\/Cachu2JnhXM\/bullet.gif\" alt=\" \" width=\"12\" height=\"11\" border=\"0\"> <span style=\"letter-spacing: -1px;\"> pubblicizzare l&#8217;evento sul territorio;<\/span><\/p>\n\n\n\n<p><img loading=\"lazy\" decoding=\"async\" src=\"https:\/\/lh4.googleusercontent.com\/-KUnM_IO-hAs\/TgZgN0tqEuI\/AAAAAAAAAZk\/Cachu2JnhXM\/bullet.gif\" alt=\" \" width=\"12\" height=\"11\" border=\"0\"> <span style=\"letter-spacing: -1px;\"> coprire i costi effettivi (viaggio, vitto e alloggio, se necessari) per la presenza del formatore;<\/span><\/p>\n\n\n\n<p><img loading=\"lazy\" decoding=\"async\" src=\"https:\/\/lh4.googleusercontent.com\/-KUnM_IO-hAs\/TgZgN0tqEuI\/AAAAAAAAAZk\/Cachu2JnhXM\/bullet.gif\" alt=\" \" width=\"12\" height=\"11\" border=\"0\"> <span style=\"letter-spacing: -1px;\"> mettere a disposizione cartelloni, pennarelli e fotocopie.<\/span><br><em><br><\/em><br><a style=\"text-decoration: none;\" title=\"Vai alla pagina di presentazione del docu-forum\" href=\"http:\/\/www.studiokappa.it\/?page_id=18002\" target=\"_blank\" rel=\"noopener noreferrer\">Vai alla pagina di presentazione del docu-forum e delle date del tour<\/a>.<br><em><br><\/em><br><a style=\"text-decoration: none;\" title=\"Richiedi la proiezione\" href=\"http:\/\/www.studiokappa.it\/?page_id=17865\" target=\"_blank\" rel=\"noopener noreferrer\">Hai un cinema, un teatro, un circolo, un salone parrochiale, oppure sei una scuola, un&#8217;associazione, un gruppo spontaneo e vuoi proiettare &#8220;L&#8217;educazione come pratica della libert\u00e0&#8221;?<\/a><br><a style=\"text-decoration: none;\" title=\"Richiedi la proiezione\" href=\"http:\/\/www.studiokappa.it\/?page_id=17865\" target=\"_blank\" rel=\"noopener noreferrer\"><br><\/a><a style=\"text-decoration: none;\" title=\"Richiedi la proiezione\" href=\"http:\/\/www.studiokappa.it\/?page_id=17865\" target=\"_blank\" rel=\"noopener noreferrer\"><strong>Richiedi la proiezione del docu-forum<\/strong><\/a>.<br><em><br><\/em><br><em><br><\/em><\/p>\n","protected":false},"excerpt":{"rendered":"<p>La Settimana Nazionale con il Metodo di Coscientizzazione di Paulo Freire Da met\u00e0 degli anni &#8217;90 Simone Deflorian conduce in estate la Settimana Nazionale con il Metodo di Coscientizzazione di Paulo Freire. Il formatore dapprima ha accompagnato nella conduzione Gino Piccio, poi da alcuni anni sta conducendo in prima persona questo evento formativo residenziale e [&hellip;]<\/p>\n","protected":false},"author":1,"featured_media":0,"parent":0,"menu_order":0,"comment_status":"closed","ping_status":"closed","template":"","meta":{"footnotes":""},"class_list":["post-1265","page","type-page","status-publish","hentry"],"_links":{"self":[{"href":"https:\/\/www.studiokappa.it\/index.php?rest_route=\/wp\/v2\/pages\/1265","targetHints":{"allow":["GET"]}}],"collection":[{"href":"https:\/\/www.studiokappa.it\/index.php?rest_route=\/wp\/v2\/pages"}],"about":[{"href":"https:\/\/www.studiokappa.it\/index.php?rest_route=\/wp\/v2\/types\/page"}],"author":[{"embeddable":true,"href":"https:\/\/www.studiokappa.it\/index.php?rest_route=\/wp\/v2\/users\/1"}],"replies":[{"embeddable":true,"href":"https:\/\/www.studiokappa.it\/index.php?rest_route=%2Fwp%2Fv2%2Fcomments&post=1265"}],"version-history":[{"count":0,"href":"https:\/\/www.studiokappa.it\/index.php?rest_route=\/wp\/v2\/pages\/1265\/revisions"}],"wp:attachment":[{"href":"https:\/\/www.studiokappa.it\/index.php?rest_route=%2Fwp%2Fv2%2Fmedia&parent=1265"}],"curies":[{"name":"wp","href":"https:\/\/api.w.org\/{rel}","templated":true}]}}