{"id":12557,"date":"2019-06-09T11:06:27","date_gmt":"2019-06-09T11:06:27","guid":{"rendered":"http:\/\/www.studiokappa.it\/?page_id=12557"},"modified":"2022-11-01T15:26:42","modified_gmt":"2022-11-01T15:26:42","slug":"simone-deflorian-biografia-11","status":"publish","type":"page","link":"https:\/\/www.studiokappa.it\/?page_id=12557","title":{"rendered":"Simone Deflorian &#8211; Biografia 11"},"content":{"rendered":"<table width=\"100%\" cellspacing=\"0\" cellpadding=\"0\" border=\"0\" align=\"center\">\n<tbody>\n<tr>\n<td style=\"width: 75%\" valign=\"top\"><strong><span style=\"color: #6600ff; font-size: medium;\">Simone Deflorian<\/span><br \/>\n<\/strong><span style=\"color: #6600ff;\">Sviluppo Partecipato di Citt\u00e0 e Organizzazioni<\/span><\/p>\n<p><em><br \/>\n<\/em><br \/>\n<strong>Biografia<\/strong><br \/>\n&nbsp;<\/p>\n<div>\n<p>Dal 2010 viene chiamato in Svizzera per formazione e consulenza con Universit\u00e0 e grandi aziende.<br \/>\nCon le universit\u00e0 lavora alla formazione dei professori, soprattutto per quanto concerne la governance e la facilitazione dei processi partecipativi nei contesti urbani, nei processi di transizione urbana verso una maggiore sostenibilit\u00e0.<br \/>\nCon le aziende lavora applicando il metodo di <a style=\"text-decoration: none;\" title=\"Vai alla pagina di Wikipedia su Paulo Freire\" href=\"https:\/\/it.wikipedia.org\/wiki\/Paulo_Freire\" target=\"_blank\" rel=\"noopener noreferrer\">Paulo Freire<\/a> alla formazione aziendale con i formatori delle aziende svizzere.<\/p>\n<p>Di comune accordo con <a style=\"text-decoration: none;\" title=\"Vai alla pagina di Wikipedia su Gino Piccio\" href=\"https:\/\/it.wikipedia.org\/wiki\/Gino_Piccio\" target=\"_blank\" rel=\"noopener noreferrer\">Gino Piccio<\/a>, inizia a portare le <a style=\"text-decoration: none;\" title=\"Vai alla pagina della Settimana di Formazione sul metodo di Paulo Freire\" href=\"http:\/\/www.studiokappa.it\/?page_id=1265\" target=\"_blank\" rel=\"noopener noreferrer\">Settimane di Formazione sul metodo di Paulo Freire<\/a> su e gi\u00f9 per l&#8217;Italia, dal Piemonte, alla Sicilia e alla Calabria, accogliendo partecipanti che arrivano anche da Svizzera, Repubblica Ceca, Stati Uniti, Spagna, e Francia e incontrando molte comunit\u00e0 locali con cui prendere coscienza insieme delle problematiche e insieme attivare processi di liberazione dalle oppressioni.<\/p>\n<p>Dal 2014 insegna all&#8217;<a style=\"text-decoration: none;\" title=\"Vai al sito dell'Universit\u00e0 di Torino\" href=\"https:\/\/www.unito.it\" target=\"_blank\" rel=\"noopener noreferrer\">Universit\u00e0 di Torino<\/a>, ove focalizza i suoi insegnamenti sulle tematiche relative all&#8217;<strong>Esercizio Dialogico del Potere<\/strong>.<\/p>\n<p>Successivamente inizia ad occuparsi della pianificazione territoriale e organizzativa di alcune misure di politiche pubbliche di sistema quali il <a style=\"text-decoration: none;\" title=\"Vai al sito della Regione Piemonte di presentazione della misura\" href=\"https:\/\/www.piemontesociale.it\/sia?jjj=1558791677240\" target=\"_blank\" rel=\"noopener noreferrer\">Sostegno all&#8217;Inclusione Attiva (S.I.A.)<\/a>, il <a style=\"text-decoration: none;\" title=\"Vai al sito dell'INPS di presentazione della misura\" href=\"https:\/\/www.inps.it\/nuovoportaleinps\/default.aspx?itemdir=51585\" target=\"_blank\" rel=\"noopener noreferrer\">Reddito di Inclusione (R.E.I.)<\/a>, <a style=\"text-decoration: none;\" title=\"Vai alla pagina della Regione Piemonte di presentazione della misura\" href=\"https:\/\/www.regione.piemonte.it\/web\/temi\/diritti-politiche-sociali\/politiche-sociali\/innovazione-sociale\/strategia-regionale-wecare\" target=\"_blank\" rel=\"noopener noreferrer\">We.Ca.Re. della Regione Piemonte<\/a> e degli <a style=\"text-decoration: none;\" title=\"Vai alla pagina di presentazione della misura\" href=\"https:\/\/www.sesaler.it\/node\/393\" target=\"_blank\" rel=\"noopener noreferrer\">Stati Generali del Sociale<\/a>.<\/p>\n<p>Nel 2017 viene chiamato in Lettonia per pianificare un intervento di costruzione partecipata delle politiche pubbliche di sviluppo locale, con i cittadini di 3 distretti confinanti di <a style=\"text-decoration: none;\" title=\"Vai alla pagina di Wikipedia sulla Lettonia\" href=\"https:\/\/it.wikipedia.org\/wiki\/Lettonia\" target=\"_blank\" rel=\"noopener noreferrer\">Lettonia<\/a>, <a style=\"text-decoration: none;\" title=\"Vai alla pagina di Wikipedia sulla Lettonia\" href=\"https:\/\/it.wikipedia.org\/wiki\/Lituania\" target=\"_blank\" rel=\"noopener noreferrer\">Lituania<\/a> e <a style=\"text-decoration: none;\" title=\"Vai alla pagina di Wikipedia sulla Lettonia\" href=\"https:\/\/it.wikipedia.org\/wiki\/Bielorussia\" target=\"_blank\" rel=\"noopener noreferrer\">Bielorussia<\/a>.<br \/>\nIn <a style=\"text-decoration: none;\" title=\"Vai alla pagina di Wikipedia sulla Lettonia\" href=\"https:\/\/it.wikipedia.org\/wiki\/Lettonia\" target=\"_blank\" rel=\"noopener noreferrer\">Lettonia<\/a> aveva gi\u00e0 avuto modo di lavorare ad un piano di rafforzamento dei legami tra strutture di protezione sociale e aree urbane della citt\u00e0 di <a style=\"text-decoration: none;\" title=\"Vai al sito della citt\u00e0 di Riga\" href=\"https:\/\/www.riga.lv\" target=\"_blank\" rel=\"noopener noreferrer\">Riga (LV)<\/a>.<\/p>\n<\/div>\n<p><strong><strong><br \/>\n<\/strong><\/strong><\/td>\n<td style=\"width: 20%\" valign=\"top\"><a style=\"text-decoration: none;\" href=\"http:\/\/www.studiokappa.it\/?page_id=108\"><img decoding=\"async\" class=\"alignright size-full wp-image-113\" style=\"margin-left: 10px;\" title=\"Simone Deflorian - Sviluppo Partecipato di citt\u00e0 e organizzazioni\" src=\"http:\/\/www.studiokappa.it\/wp-content\/uploads\/2012\/04\/Simone_DeflorianNEW.jpg\" alt=\"Simone Deflorian\" width=\"186\" height=\"222\"><\/a><\/p>\n<p>&nbsp;<\/p>\n<p style=\"text-align: right;\"><em><strong>&nbsp;&nbsp;<a style=\"text-decoration: none;\" title=\"Vai alle pubblicazioni di Simone Deflorian\" href=\"http:\/\/www.studiokappa.it\/?page_id=7612\">Pubblicazioni<\/a><\/strong><\/em><\/p>\n<p style=\"text-align: right;\"><em><strong>&nbsp;&nbsp;<a style=\"text-decoration: none;\" title=\"Vai agli articoli di Simone Deflorian\" href=\"http:\/\/www.studiokappa.it\/?page_id=7617\">Articoli<\/a><\/strong><\/em><\/p>\n<p style=\"text-align: right;\"><em><strong>&nbsp;&nbsp;<a style=\"text-decoration: none;\" title=\"Vai ai convegni di Simone Deflorian\" href=\"http:\/\/www.studiokappa.it\/?page_id=7635\">Convegni<\/a><\/strong><\/em><\/p>\n<p style=\"text-align: right;\"><em><strong>&nbsp;&nbsp;<a style=\"text-decoration: none;\" title=\"Vai ai convegni di Simone Deflorian\" href=\"http:\/\/www.studiokappa.it\/?page_id=108\">Interventi<\/a><\/strong><\/em><\/p>\n<p style=\"text-align: right;\"><em><strong>&nbsp;&nbsp;<a style=\"text-decoration: none;\" title=\"Vai agli interventi di Simone Deflorian\" href=\"http:\/\/www.studiokappa.it\/?page_id=7638\">Area di intervento<\/a><\/strong><\/em><\/p>\n<p style=\"text-align: right;\"><em><strong>&nbsp;&nbsp;<a style=\"text-decoration: none;\" title=\"Vai ai testi di riferimento di Simone Deflorian\" href=\"http:\/\/www.studiokappa.it\/?page_id=7640\">Riferimenti<\/a><\/strong><\/em><\/p>\n<p style=\"text-align: right;\"><em><strong>&nbsp;&nbsp;<a style=\"text-decoration: none;\" title=\"Vai alla biografia di Simone Deflorian\" href=\"http:\/\/www.studiokappa.it\/?page_id=7642\">Biografia<\/a><\/strong><\/em><\/p>\n<\/td>\n<\/tr>\n<\/tbody>\n<\/table>\n<table style=\"height: 11px;\" width=\"75%\" cellspacing=\"0\" cellpadding=\"0\" border=\"0\" align=\"left\">\n<tbody>\n<tr>\n<td style=\"text-align: center; font-family: Verdana; font-size: 100%;\">\n<a style=\"text-decoration: none;\" title=\"Vai alla pagina precedente\" href=\"http:\/\/www.studiokappa.it\/?page_id=12541\">Pagina precedente<\/a><\/td>\n<td width=\"5%\"><\/td>\n<td style=\"text-align: center; font-family: Verdana; font-size: 100%;\">\n<a style=\"text-decoration: none;\" title=\"Torna alla prima pagina della biografia\" href=\"http:\/\/www.studiokappa.it\/?page_id=7642\">Biografia<br \/>\n<\/a><\/td>\n<td width=\"5%\"><\/td>\n<td style=\"text-align: center; font-family: Verdana; font-size: 100%;\">\n<a style=\"text-decoration: none;\" title=\"Vai alla pagina successiva\" href=\"http:\/\/www.studiokappa.it\/?page_id=12561\">Pagina successiva<\/a><\/td>\n<\/tr>\n<\/tbody>\n<\/table>\n<p><em><br \/>\n<\/em><br \/>\n<em><br \/>\n<\/em><\/p>\n","protected":false},"excerpt":{"rendered":"<p>Simone Deflorian Sviluppo Partecipato di Citt\u00e0 e Organizzazioni Biografia &nbsp; Dal 2010 viene chiamato in Svizzera per formazione e consulenza con Universit\u00e0 e grandi aziende. Con le universit\u00e0 lavora alla formazione dei professori, soprattutto per quanto concerne la governance e la facilitazione dei processi partecipativi nei contesti urbani, nei processi di transizione urbana verso una [&hellip;]<\/p>\n","protected":false},"author":1,"featured_media":0,"parent":0,"menu_order":0,"comment_status":"closed","ping_status":"closed","template":"","meta":{"footnotes":""},"class_list":["post-12557","page","type-page","status-publish","hentry"],"_links":{"self":[{"href":"https:\/\/www.studiokappa.it\/index.php?rest_route=\/wp\/v2\/pages\/12557","targetHints":{"allow":["GET"]}}],"collection":[{"href":"https:\/\/www.studiokappa.it\/index.php?rest_route=\/wp\/v2\/pages"}],"about":[{"href":"https:\/\/www.studiokappa.it\/index.php?rest_route=\/wp\/v2\/types\/page"}],"author":[{"embeddable":true,"href":"https:\/\/www.studiokappa.it\/index.php?rest_route=\/wp\/v2\/users\/1"}],"replies":[{"embeddable":true,"href":"https:\/\/www.studiokappa.it\/index.php?rest_route=%2Fwp%2Fv2%2Fcomments&post=12557"}],"version-history":[{"count":0,"href":"https:\/\/www.studiokappa.it\/index.php?rest_route=\/wp\/v2\/pages\/12557\/revisions"}],"wp:attachment":[{"href":"https:\/\/www.studiokappa.it\/index.php?rest_route=%2Fwp%2Fv2%2Fmedia&parent=12557"}],"curies":[{"name":"wp","href":"https:\/\/api.w.org\/{rel}","templated":true}]}}