{"id":12513,"date":"2019-06-09T10:39:59","date_gmt":"2019-06-09T10:39:59","guid":{"rendered":"http:\/\/www.studiokappa.it\/?page_id=12513"},"modified":"2022-11-01T15:22:32","modified_gmt":"2022-11-01T15:22:32","slug":"simone-deflorian-biografia-05","status":"publish","type":"page","link":"https:\/\/www.studiokappa.it\/?page_id=12513","title":{"rendered":"Simone Deflorian &#8211; Biografia 05"},"content":{"rendered":"<table width=\"100%\" cellspacing=\"0\" cellpadding=\"0\" border=\"0\" align=\"center\">\n<tbody>\n<tr>\n<td style=\"width: 75%\" valign=\"top\"><strong><span style=\"color: #6600ff; font-size: medium;\">Simone Deflorian<\/span><br \/>\n<\/strong><span style=\"color: #6600ff;\">Sviluppo Partecipato di Citt\u00e0 e Organizzazioni<\/span><\/p>\n<p><em><br \/>\n<\/em><br \/>\n<strong>Biografia<\/strong><br \/>\n&nbsp;<\/p>\n<div>\n<p>Dopo 20 mesi la famiglia di Lucia e Luigi si allarga. Arriva Sara.<br \/>\n<a style=\"text-decoration: none;\" title=\"Vai alla pagina delle attivit\u00e0 di Simone Deflorian\" href=\"http:\/\/www.studiokappa.it\/?page_id=108\" target=\"_blank\" rel=\"noopener noreferrer\">Simone<\/a> e Sara crescono felici e fanno le esperienze dei bambini.<br \/>\n<a style=\"text-decoration: none;\" title=\"Vai alla pagina delle attivit\u00e0 di Simone Deflorian\" href=\"http:\/\/www.studiokappa.it\/?page_id=108\" target=\"_blank\" rel=\"noopener noreferrer\">Simone<\/a> viene mandato ad una scuola materna gestita da suore, ma dopo il primo giorno fa una scenata cos\u00ec forte che Lucia e Luigi capiscono che \u00e8 il caso di cambiare scuola e lo portano in una scuola materna comunale, frequentata da bambini della classe popolare.<br \/>\nTrascorrono quegli anni sereni e felici di tale scuola e con tanti amici che conoscono. Molti di quei ricordi li conservano ancora da adulti.<br \/>\n<a style=\"text-decoration: none;\" title=\"Vai alla pagina delle attivit\u00e0 di Simone Deflorian\" href=\"http:\/\/www.studiokappa.it\/?page_id=108\" target=\"_blank\" rel=\"noopener noreferrer\">Simone<\/a> \u00e8 un bambino sveglio e con una intelligenza vivace. Curioso. Sempre sorridente.<\/p>\n<p>Nel corso del periodo delle scuole elementari, tutti i pomeriggi va a giocare a pallone con altri bambini nell&#8217;unico &#8220;stadio da calcio&#8221; fatto a &#8220;L&#8221; e con un albero in mezzo, da dribblare anche lui.<\/p>\n<p>A 7 anni, Lucia e Luigi lo portano per la prima volta ai <a style=\"text-decoration: none;\" title=\"Vai al sito del gruppo scout di Asti\" href=\"http:\/\/www.grupposcoutasti1.it\/lc.html\" target=\"_blank\" rel=\"noopener noreferrer\">Lupetti<\/a> (i bambini <a style=\"text-decoration: none;\" title=\"Vai al sito degli scout\" href=\"http:\/\/www.agesci.it\" target=\"_blank\" rel=\"noopener noreferrer\">scout<\/a>), insieme alla sorella Sara, accolta anche se fuori et\u00e0, perch\u00e9 \u00e8 con il fratello.<br \/>\nL&#8217;esperienza <a style=\"text-decoration: none;\" title=\"Vai al sito degli scout\" href=\"http:\/\/www.agesci.it\" target=\"_blank\" rel=\"noopener noreferrer\">scout<\/a> gli segna e gli forgia il carattere, lo stile, l&#8217;amore per la vita e per la natura che sar\u00e0 una costante della sua esistenza e insieme con l&#8217;instancabile necessit\u00e0 di &#8220;lasciare il mondo un po&#8217; migliore di come l&#8217;abbiamo trovato&#8221;.<br \/>\nTrascorre oltre 20 anni tra gli <a style=\"text-decoration: none;\" title=\"Vai al sito degli scout\" href=\"http:\/\/www.agesci.it\" target=\"_blank\" rel=\"noopener noreferrer\">scout<\/a>, dove per diverso tempo svolge servizio come capo in <a style=\"text-decoration: none;\" title=\"Vai al sito del gruppo scout di Asti\" href=\"http:\/\/www.grupposcoutasti1.it\/rs.html\" target=\"_blank\" rel=\"noopener noreferrer\">Branca R\/S<\/a> (lavora con i ragazzi dai 16 ai 21 anni).<\/p>\n<\/div>\n<p><strong><strong><br \/>\n<\/strong><\/strong><\/td>\n<td style=\"width: 20%\" valign=\"top\"><a style=\"text-decoration: none;\" href=\"http:\/\/www.studiokappa.it\/?page_id=108\"><img decoding=\"async\" class=\"alignright size-full wp-image-113\" style=\"margin-left: 10px;\" title=\"Simone Deflorian - Sviluppo Partecipato di citt\u00e0 e organizzazioni\" src=\"http:\/\/www.studiokappa.it\/wp-content\/uploads\/2012\/04\/Simone_DeflorianNEW.jpg\" alt=\"Simone Deflorian\" width=\"186\" height=\"222\"><\/a><\/p>\n<p>&nbsp;<\/p>\n<p style=\"text-align: right;\"><em><strong>&nbsp;&nbsp;<a style=\"text-decoration: none;\" title=\"Vai alle pubblicazioni di Simone Deflorian\" href=\"http:\/\/www.studiokappa.it\/?page_id=7612\">Pubblicazioni<\/a><\/strong><\/em><\/p>\n<p style=\"text-align: right;\"><em><strong>&nbsp;&nbsp;<a style=\"text-decoration: none;\" title=\"Vai agli articoli di Simone Deflorian\" href=\"http:\/\/www.studiokappa.it\/?page_id=7617\">Articoli<\/a><\/strong><\/em><\/p>\n<p style=\"text-align: right;\"><em><strong>&nbsp;&nbsp;<a style=\"text-decoration: none;\" title=\"Vai ai convegni di Simone Deflorian\" href=\"http:\/\/www.studiokappa.it\/?page_id=7635\">Convegni<\/a><\/strong><\/em><\/p>\n<p style=\"text-align: right;\"><em><strong>&nbsp;&nbsp;<a style=\"text-decoration: none;\" title=\"Vai ai convegni di Simone Deflorian\" href=\"http:\/\/www.studiokappa.it\/?page_id=108\">Interventi<\/a><\/strong><\/em><\/p>\n<p style=\"text-align: right;\"><em><strong>&nbsp;&nbsp;<a style=\"text-decoration: none;\" title=\"Vai agli interventi di Simone Deflorian\" href=\"http:\/\/www.studiokappa.it\/?page_id=7638\">Area di intervento<\/a><\/strong><\/em><\/p>\n<p style=\"text-align: right;\"><em><strong>&nbsp;&nbsp;<a style=\"text-decoration: none;\" title=\"Vai ai testi di riferimento di Simone Deflorian\" href=\"http:\/\/www.studiokappa.it\/?page_id=7640\">Riferimenti<\/a><\/strong><\/em><\/p>\n<p style=\"text-align: right;\"><em><strong>&nbsp;&nbsp;<a style=\"text-decoration: none;\" title=\"Vai alla biografia di Simone Deflorian\" href=\"http:\/\/www.studiokappa.it\/?page_id=7642\">Biografia<\/a><\/strong><\/em><\/p>\n<\/td>\n<\/tr>\n<\/tbody>\n<\/table>\n<table style=\"height: 11px;\" width=\"75%\" cellspacing=\"0\" cellpadding=\"0\" border=\"0\" align=\"left\">\n<tbody>\n<tr>\n<td style=\"text-align: center; font-family: Verdana; font-size: 100%;\">\n<a style=\"text-decoration: none;\" title=\"Vai alla pagina precedente\" href=\"http:\/\/www.studiokappa.it\/?page_id=12512\">Pagina precedente<\/a><\/td>\n<td width=\"5%\"><\/td>\n<td style=\"text-align: center; font-family: Verdana; font-size: 100%;\">\n<a style=\"text-decoration: none;\" title=\"Torna alla prima pagina della biografia\" href=\"http:\/\/www.studiokappa.it\/?page_id=7642\">Biografia<br \/>\n<\/a><\/td>\n<td width=\"5%\"><\/td>\n<td style=\"text-align: center; font-family: Verdana; font-size: 100%;\">\n<a style=\"text-decoration: none;\" title=\"Vai alla pagina successiva\" href=\"http:\/\/www.studiokappa.it\/?page_id=12533\">Pagina successiva<\/a><\/td>\n<\/tr>\n<\/tbody>\n<\/table>\n<p><em><br \/>\n<\/em><br \/>\n<em><br \/>\n<\/em><\/p>\n","protected":false},"excerpt":{"rendered":"<p>Simone Deflorian Sviluppo Partecipato di Citt\u00e0 e Organizzazioni Biografia &nbsp; Dopo 20 mesi la famiglia di Lucia e Luigi si allarga. Arriva Sara. Simone e Sara crescono felici e fanno le esperienze dei bambini. Simone viene mandato ad una scuola materna gestita da suore, ma dopo il primo giorno fa una scenata cos\u00ec forte che [&hellip;]<\/p>\n","protected":false},"author":1,"featured_media":0,"parent":0,"menu_order":0,"comment_status":"closed","ping_status":"closed","template":"","meta":{"footnotes":""},"class_list":["post-12513","page","type-page","status-publish","hentry"],"_links":{"self":[{"href":"https:\/\/www.studiokappa.it\/index.php?rest_route=\/wp\/v2\/pages\/12513","targetHints":{"allow":["GET"]}}],"collection":[{"href":"https:\/\/www.studiokappa.it\/index.php?rest_route=\/wp\/v2\/pages"}],"about":[{"href":"https:\/\/www.studiokappa.it\/index.php?rest_route=\/wp\/v2\/types\/page"}],"author":[{"embeddable":true,"href":"https:\/\/www.studiokappa.it\/index.php?rest_route=\/wp\/v2\/users\/1"}],"replies":[{"embeddable":true,"href":"https:\/\/www.studiokappa.it\/index.php?rest_route=%2Fwp%2Fv2%2Fcomments&post=12513"}],"version-history":[{"count":0,"href":"https:\/\/www.studiokappa.it\/index.php?rest_route=\/wp\/v2\/pages\/12513\/revisions"}],"wp:attachment":[{"href":"https:\/\/www.studiokappa.it\/index.php?rest_route=%2Fwp%2Fv2%2Fmedia&parent=12513"}],"curies":[{"name":"wp","href":"https:\/\/api.w.org\/{rel}","templated":true}]}}