{"id":12512,"date":"2019-06-09T10:39:57","date_gmt":"2019-06-09T10:39:57","guid":{"rendered":"http:\/\/www.studiokappa.it\/?page_id=12512"},"modified":"2022-11-01T15:21:54","modified_gmt":"2022-11-01T15:21:54","slug":"simone-deflorian-biografia-04","status":"publish","type":"page","link":"https:\/\/www.studiokappa.it\/?page_id=12512","title":{"rendered":"Simone Deflorian &#8211; Biografia 04"},"content":{"rendered":"<table width=\"100%\" cellspacing=\"0\" cellpadding=\"0\" border=\"0\" align=\"center\">\n<tbody>\n<tr>\n<td style=\"width: 75%\" valign=\"top\"><strong><span style=\"color: #6600ff; font-size: medium;\">Simone Deflorian<\/span><br \/>\n<\/strong><span style=\"color: #6600ff;\">Sviluppo Partecipato di Citt\u00e0 e Organizzazioni<\/span><\/p>\n<p><em><br \/>\n<\/em><br \/>\n<strong>Biografia<\/strong><br \/>\n&nbsp;<\/p>\n<div>\n<p>Quando giunge la guerra e il tempo di partire, Felice si toglie tutti i denti, per poter essere dichiarato inabile alla guerra e cos\u00ec accade.<br \/>\nLa passione per le novit\u00e0, lo porta ad acquistare una delle prime moto in circolazione in citt\u00e0.<\/p>\n<p>A 58 anni Felice muore per un tumore al fegato, una settimana dopo il matrimonio di Lucia e Luigi. Per via del suo stato di salute, non riesce ad accompagnare all&#8217;altare la figlia Lucia.<br \/>\nI genitori di Lucia prendono Luigi come parte della famiglia e Felice lo sente e lo tratta come se fosse un suo figlio.<br \/>\nLuigi, povero e in collegio, non ha i soldi per comprarsi il vestito da matrimonio e cos\u00ec i futuri suoceri (Felice e Jucci) provvedono all&#8217;acquisto del vestito per lui.<\/p>\n<p>Dopo qualche anno arriva il piccolo <a style=\"text-decoration: none;\" title=\"Vai alla pagina delle attivit\u00e0 di Simone Deflorian\" href=\"http:\/\/www.studiokappa.it\/?page_id=108\" target=\"_blank\" rel=\"noopener noreferrer\">Simone Deflorian<\/a>. Primogenito. Per un padre cresciuto tra maschi in collegio e una nonna paterna che aspettava il rientro del suo uomo dalla guerra, avere un primogenito maschio, in una societ\u00e0 ancora profondamente patriarcale, \u00e8 una gioia immensa.<\/p>\n<\/div>\n<p><strong><strong><br \/>\n<\/strong><\/strong><\/td>\n<td style=\"width: 20%\" valign=\"top\"><a style=\"text-decoration: none;\" href=\"http:\/\/www.studiokappa.it\/?page_id=108\"><img decoding=\"async\" class=\"alignright size-full wp-image-113\" style=\"margin-left: 10px;\" title=\"Simone Deflorian - Sviluppo Partecipato di citt\u00e0 e organizzazioni\" src=\"http:\/\/www.studiokappa.it\/wp-content\/uploads\/2012\/04\/Simone_DeflorianNEW.jpg\" alt=\"Simone Deflorian\" width=\"186\" height=\"222\"><\/a><\/p>\n<p>&nbsp;<\/p>\n<p style=\"text-align: right;\"><em><strong>&nbsp;&nbsp;<a style=\"text-decoration: none;\" title=\"Vai alle pubblicazioni di Simone Deflorian\" href=\"http:\/\/www.studiokappa.it\/?page_id=7612\">Pubblicazioni<\/a><\/strong><\/em><\/p>\n<p style=\"text-align: right;\"><em><strong>&nbsp;&nbsp;<a style=\"text-decoration: none;\" title=\"Vai agli articoli di Simone Deflorian\" href=\"http:\/\/www.studiokappa.it\/?page_id=7617\">Articoli<\/a><\/strong><\/em><\/p>\n<p style=\"text-align: right;\"><em><strong>&nbsp;&nbsp;<a style=\"text-decoration: none;\" title=\"Vai ai convegni di Simone Deflorian\" href=\"http:\/\/www.studiokappa.it\/?page_id=7635\">Convegni<\/a><\/strong><\/em><\/p>\n<p style=\"text-align: right;\"><em><strong>&nbsp;&nbsp;<a style=\"text-decoration: none;\" title=\"Vai ai convegni di Simone Deflorian\" href=\"http:\/\/www.studiokappa.it\/?page_id=108\">Interventi<\/a><\/strong><\/em><\/p>\n<p style=\"text-align: right;\"><em><strong>&nbsp;&nbsp;<a style=\"text-decoration: none;\" title=\"Vai agli interventi di Simone Deflorian\" href=\"http:\/\/www.studiokappa.it\/?page_id=7638\">Area di intervento<\/a><\/strong><\/em><\/p>\n<p style=\"text-align: right;\"><em><strong>&nbsp;&nbsp;<a style=\"text-decoration: none;\" title=\"Vai ai testi di riferimento di Simone Deflorian\" href=\"http:\/\/www.studiokappa.it\/?page_id=7640\">Riferimenti<\/a><\/strong><\/em><\/p>\n<p style=\"text-align: right;\"><em><strong>&nbsp;&nbsp;<a style=\"text-decoration: none;\" title=\"Vai alla biografia di Simone Deflorian\" href=\"http:\/\/www.studiokappa.it\/?page_id=7642\">Biografia<\/a><\/strong><\/em><\/p>\n<\/td>\n<\/tr>\n<\/tbody>\n<\/table>\n<table style=\"height: 11px;\" width=\"75%\" cellspacing=\"0\" cellpadding=\"0\" border=\"0\" align=\"left\">\n<tbody>\n<tr>\n<td style=\"text-align: center; font-family: Verdana; font-size: 100%;\">\n<a style=\"text-decoration: none;\" title=\"Vai alla pagina precedente\" href=\"http:\/\/www.studiokappa.it\/?page_id=12511\">Pagina precedente<\/a><\/td>\n<td width=\"5%\"><\/td>\n<td style=\"text-align: center; font-family: Verdana; font-size: 100%;\">\n<a style=\"text-decoration: none;\" title=\"Torna alla prima pagina della biografia\" href=\"http:\/\/www.studiokappa.it\/?page_id=7642\">Biografia<br \/>\n<\/a><\/td>\n<td width=\"5%\"><\/td>\n<td style=\"text-align: center; font-family: Verdana; font-size: 100%;\">\n<a style=\"text-decoration: none;\" title=\"Vai alla pagina successiva\" href=\"http:\/\/www.studiokappa.it\/?page_id=12513\">Pagina successiva<\/a><\/td>\n<\/tr>\n<\/tbody>\n<\/table>\n<p><em><br \/>\n<\/em><br \/>\n<em><br \/>\n<\/em><\/p>\n","protected":false},"excerpt":{"rendered":"<p>Simone Deflorian Sviluppo Partecipato di Citt\u00e0 e Organizzazioni Biografia &nbsp; Quando giunge la guerra e il tempo di partire, Felice si toglie tutti i denti, per poter essere dichiarato inabile alla guerra e cos\u00ec accade. La passione per le novit\u00e0, lo porta ad acquistare una delle prime moto in circolazione in citt\u00e0. A 58 anni [&hellip;]<\/p>\n","protected":false},"author":1,"featured_media":0,"parent":0,"menu_order":0,"comment_status":"closed","ping_status":"closed","template":"","meta":{"footnotes":""},"class_list":["post-12512","page","type-page","status-publish","hentry"],"_links":{"self":[{"href":"https:\/\/www.studiokappa.it\/index.php?rest_route=\/wp\/v2\/pages\/12512","targetHints":{"allow":["GET"]}}],"collection":[{"href":"https:\/\/www.studiokappa.it\/index.php?rest_route=\/wp\/v2\/pages"}],"about":[{"href":"https:\/\/www.studiokappa.it\/index.php?rest_route=\/wp\/v2\/types\/page"}],"author":[{"embeddable":true,"href":"https:\/\/www.studiokappa.it\/index.php?rest_route=\/wp\/v2\/users\/1"}],"replies":[{"embeddable":true,"href":"https:\/\/www.studiokappa.it\/index.php?rest_route=%2Fwp%2Fv2%2Fcomments&post=12512"}],"version-history":[{"count":0,"href":"https:\/\/www.studiokappa.it\/index.php?rest_route=\/wp\/v2\/pages\/12512\/revisions"}],"wp:attachment":[{"href":"https:\/\/www.studiokappa.it\/index.php?rest_route=%2Fwp%2Fv2%2Fmedia&parent=12512"}],"curies":[{"name":"wp","href":"https:\/\/api.w.org\/{rel}","templated":true}]}}