{"id":12511,"date":"2019-06-09T10:40:02","date_gmt":"2019-06-09T10:40:02","guid":{"rendered":"http:\/\/www.studiokappa.it\/?page_id=12511"},"modified":"2022-11-01T15:21:11","modified_gmt":"2022-11-01T15:21:11","slug":"simone-deflorian-biografia-03","status":"publish","type":"page","link":"https:\/\/www.studiokappa.it\/?page_id=12511","title":{"rendered":"Simone Deflorian &#8211; Biografia 03"},"content":{"rendered":"<table width=\"100%\" cellspacing=\"0\" cellpadding=\"0\" border=\"0\" align=\"center\">\n<tbody>\n<tr>\n<td style=\"width: 75%\" valign=\"top\"><strong><span style=\"color: #6600ff; font-size: medium;\">Simone Deflorian<\/span><br \/>\n<\/strong><span style=\"color: #6600ff;\">Sviluppo Partecipato di Citt\u00e0 e Organizzazioni<\/span><\/p>\n<p><em><br \/>\n<\/em><br \/>\n<strong>Biografia<\/strong><br \/>\n&nbsp;<\/p>\n<div>\n<p>Nella disperazione, decide di prendere il piccolo Luigi di pochi anni e di andare da suo fratello prete, prima a <a style=\"text-decoration: none;\" title=\"Vai al sito del Comune di Imperia\" href=\"http:\/\/www.comune.imperia.it\" target=\"_blank\" rel=\"noopener noreferrer\">Imperia<\/a> e poi ad <a style=\"text-decoration: none;\" title=\"Vai al sito del Comune di Asti\" href=\"http:\/\/www.comune.asti.it\" target=\"_blank\" rel=\"noopener noreferrer\">Asti<\/a>, ove c&#8217;\u00e8 la casa madre degli <a style=\"text-decoration: none;\" title=\"Vai al sito degli Oblati di San Giuseppe\" href=\"https:\/\/www.oblatidisangiuseppe.com\/it\" target=\"_blank\" rel=\"noopener noreferrer\">Oblati di San Giuseppe<\/a>, a cui Dario (gi\u00e0 don Dario) si era unito, con la speranza che &#8220;nella chiesa qualcosa da mangiare lo avrebbero trovato&#8221;.<br \/>\nAd <a style=\"text-decoration: none;\" title=\"Vai al sito del Comune di Asti\" href=\"http:\/\/www.comune.asti.it\" target=\"_blank\" rel=\"noopener noreferrer\">Asti<\/a>, Lina trova da vivere e dormire presso la maternit\u00e0 dove inizia a lavorare come inserviente e lascia il piccolo Luigi a crescere nel collegio &#8220;Fulgor&#8221;, con le dure regole degli istituti del dopoguerra. Qualche anno pi\u00f9 tardi, riesce a trovare da vivere in una piccola casa sua e cos\u00ec in alcuni weekend pu\u00f2 ospitare a casa il figlio Luigi.<\/p>\n<p>La storia della famiglia materna di <a style=\"text-decoration: none;\" title=\"Vai alla pagina delle attivit\u00e0 di Simone Deflorian\" href=\"http:\/\/www.studiokappa.it\/?page_id=108\" target=\"_blank\" rel=\"noopener noreferrer\">Simone Deflorian<\/a> non \u00e8 meno pregnante.<br \/>\nFelice e Jucci, genitori della madre Lucia, sono una coppia della classe media. Sono di estrazione contadina e le loro famiglie sono proprietarie di campi di coltivazione, nella periferia sud della citt\u00e0.<br \/>\nFelice fa il capostazione e Jucci la casalinga.<br \/>\nFelice viene descritto come un uomo scherzoso, ricco di inventiva e creativit\u00e0, al punto che aveva inventato lui stesso diversi giochi (tra cui l&#8217;altalena) per le due figlie, Lucia e Piercarla. Felice \u00e8 interessato alle novit\u00e0 e alle nuove scoperte.<br \/>\nInventiva, creativit\u00e0, curiosit\u00e0 per il nuovo e la capacit\u00e0 di scherzare sono qualit\u00e0 che saltando una generazione sono poi rimaste nel carattere di <a style=\"text-decoration: none;\" title=\"Vai alla pagina delle attivit\u00e0 di Simone Deflorian\" href=\"http:\/\/www.studiokappa.it\/?page_id=108\" target=\"_blank\" rel=\"noopener noreferrer\">Simone Deflorian<\/a>, pur non avendo mai avuto modo di conoscere il nonno.<\/p>\n<\/div>\n<p><strong><strong><\/strong><\/strong><\/p>\n<p><strong><strong><br \/>\n<\/strong><\/strong><\/td>\n<td style=\"width: 20%\" valign=\"top\"><a style=\"text-decoration: none;\" href=\"http:\/\/www.studiokappa.it\/?page_id=108\"><img decoding=\"async\" class=\"alignright size-full wp-image-113\" style=\"margin-left: 10px;\" title=\"Simone Deflorian - Sviluppo Partecipato di citt\u00e0 e organizzazioni\" src=\"http:\/\/www.studiokappa.it\/wp-content\/uploads\/2012\/04\/Simone_DeflorianNEW.jpg\" alt=\"Simone Deflorian\" width=\"186\" height=\"222\"><\/a><\/p>\n<p>&nbsp;<\/p>\n<p style=\"text-align: right;\"><em><strong>&nbsp;&nbsp;<a style=\"text-decoration: none;\" title=\"Vai alle pubblicazioni di Simone Deflorian\" href=\"http:\/\/www.studiokappa.it\/?page_id=7612\">Pubblicazioni<\/a><\/strong><\/em><\/p>\n<p style=\"text-align: right;\"><em><strong>&nbsp;&nbsp;<a style=\"text-decoration: none;\" title=\"Vai agli articoli di Simone Deflorian\" href=\"http:\/\/www.studiokappa.it\/?page_id=7617\">Articoli<\/a><\/strong><\/em><\/p>\n<p style=\"text-align: right;\"><em><strong>&nbsp;&nbsp;<a style=\"text-decoration: none;\" title=\"Vai ai convegni di Simone Deflorian\" href=\"http:\/\/www.studiokappa.it\/?page_id=7635\">Convegni<\/a><\/strong><\/em><\/p>\n<p style=\"text-align: right;\"><em><strong>&nbsp;&nbsp;<a style=\"text-decoration: none;\" title=\"Vai ai convegni di Simone Deflorian\" href=\"http:\/\/www.studiokappa.it\/?page_id=108\">Interventi<\/a><\/strong><\/em><\/p>\n<p style=\"text-align: right;\"><em><strong>&nbsp;&nbsp;<a style=\"text-decoration: none;\" title=\"Vai agli interventi di Simone Deflorian\" href=\"http:\/\/www.studiokappa.it\/?page_id=7638\">Area di intervento<\/a><\/strong><\/em><\/p>\n<p style=\"text-align: right;\"><em><strong>&nbsp;&nbsp;<a style=\"text-decoration: none;\" title=\"Vai ai testi di riferimento di Simone Deflorian\" href=\"http:\/\/www.studiokappa.it\/?page_id=7640\">Riferimenti<\/a><\/strong><\/em><\/p>\n<p style=\"text-align: right;\"><em><strong>&nbsp;&nbsp;<a style=\"text-decoration: none;\" title=\"Vai alla biografia di Simone Deflorian\" href=\"http:\/\/www.studiokappa.it\/?page_id=7642\">Biografia<\/a><\/strong><\/em><\/p>\n<\/td>\n<\/tr>\n<\/tbody>\n<\/table>\n<table style=\"height: 11px;\" width=\"75%\" cellspacing=\"0\" cellpadding=\"0\" border=\"0\" align=\"left\">\n<tbody>\n<tr>\n<td style=\"text-align: center; font-family: Verdana; font-size: 100%;\">\n<a style=\"text-decoration: none;\" title=\"Vai alla pagina precedente\" href=\"http:\/\/www.studiokappa.it\/?page_id=12510\">Pagina precedente<\/a><\/td>\n<td width=\"5%\"><\/td>\n<td style=\"text-align: center; font-family: Verdana; font-size: 100%;\">\n<a style=\"text-decoration: none;\" title=\"Torna alla prima pagina della biografia\" href=\"http:\/\/www.studiokappa.it\/?page_id=7642\">Biografia<br \/>\n<\/a><\/td>\n<td width=\"5%\"><\/td>\n<td style=\"text-align: center; font-family: Verdana; font-size: 100%;\">\n<a style=\"text-decoration: none;\" title=\"Vai alla pagina successiva\" href=\"http:\/\/www.studiokappa.it\/?page_id=12512\">Pagina successiva<\/a><\/td>\n<\/tr>\n<\/tbody>\n<\/table>\n<p><em><br \/>\n<\/em><br \/>\n<em><br \/>\n<\/em><\/p>\n","protected":false},"excerpt":{"rendered":"<p>Simone Deflorian Sviluppo Partecipato di Citt\u00e0 e Organizzazioni Biografia &nbsp; Nella disperazione, decide di prendere il piccolo Luigi di pochi anni e di andare da suo fratello prete, prima a Imperia e poi ad Asti, ove c&#8217;\u00e8 la casa madre degli Oblati di San Giuseppe, a cui Dario (gi\u00e0 don Dario) si era unito, con [&hellip;]<\/p>\n","protected":false},"author":1,"featured_media":0,"parent":0,"menu_order":0,"comment_status":"closed","ping_status":"closed","template":"","meta":{"footnotes":""},"class_list":["post-12511","page","type-page","status-publish","hentry"],"_links":{"self":[{"href":"https:\/\/www.studiokappa.it\/index.php?rest_route=\/wp\/v2\/pages\/12511","targetHints":{"allow":["GET"]}}],"collection":[{"href":"https:\/\/www.studiokappa.it\/index.php?rest_route=\/wp\/v2\/pages"}],"about":[{"href":"https:\/\/www.studiokappa.it\/index.php?rest_route=\/wp\/v2\/types\/page"}],"author":[{"embeddable":true,"href":"https:\/\/www.studiokappa.it\/index.php?rest_route=\/wp\/v2\/users\/1"}],"replies":[{"embeddable":true,"href":"https:\/\/www.studiokappa.it\/index.php?rest_route=%2Fwp%2Fv2%2Fcomments&post=12511"}],"version-history":[{"count":0,"href":"https:\/\/www.studiokappa.it\/index.php?rest_route=\/wp\/v2\/pages\/12511\/revisions"}],"wp:attachment":[{"href":"https:\/\/www.studiokappa.it\/index.php?rest_route=%2Fwp%2Fv2%2Fmedia&parent=12511"}],"curies":[{"name":"wp","href":"https:\/\/api.w.org\/{rel}","templated":true}]}}