{"id":11188,"date":"2018-12-09T13:23:07","date_gmt":"2018-12-09T13:23:07","guid":{"rendered":"http:\/\/www.studiokappa.it\/?page_id=11188"},"modified":"2018-12-09T19:05:46","modified_gmt":"2018-12-09T19:05:46","slug":"gestione-dialogica-del-potere-nella-pratica-professionale","status":"publish","type":"page","link":"https:\/\/www.studiokappa.it\/?page_id=11188","title":{"rendered":"Gestione Dialogica del Potere nella pratica professionale"},"content":{"rendered":"<p><strong><span style=\"color: #6600ff;font-size: medium\">Gestione Dialogica del Potere nella pratica professionale<\/span><\/strong><br \/>\n<em><span style=\"color: #6600ff;font-size: medium\">Training con Guide di Tirocinio, Tutor e Professori dell&#8217;Universit\u00e0 di Torino<\/span><\/em><\/p>\n<div align=\"center\">[slideshow_deploy id=&#8217;11212&#8242;]<\/div>\n<p>Il 29 Novembre 2018 si \u00e8 svolto presso il <a style=\"text-decoration: none\" title=\"Dipartimento di Scienze della Sanit\u00e0 Pubblica e Pediatriche dell'Universit\u00e0 di Torino\" href=\"http:\/\/www.dsspp.unito.it\/do\/home.pl\" target=\"_blank\">Dipartimento di Scienze della Sanit\u00e0 Pubblica e Pediatriche dell&#8217;Universit\u00e0 di Torino<\/a> il training su &#8220;<strong>La Gestione Dialogica del Potere nella pratica professionale<\/strong>&#8220;.<br \/>\nAl momento di formazione hanno partecipato circa 30 tra Guide di Tirocinio delle A.S.L. del Piemonte, Tutor e Professori dell&#8217;Universit\u00e0 di Torino.<\/p>\n<p>Essi concorrono, con ruoli e funzioni differenti, alla formazione degli studenti del <a style=\"text-decoration: none\" title=\"Corso di Laurea in Tecniche della Prevenzione nell\u2019Ambiente e nei Luoghi di Lavoro\" href=\"http:\/\/tpall.campusnet.unito.it\/do\/home.pl\" target=\"_blank\">Corso di Laurea in Tecniche della Prevenzione nell\u2019Ambiente e nei Luoghi di Lavoro<\/a>.<\/p>\n<p>La giornata di formazione \u00e8 stata realizzato nell&#8217;aula magna della sede di Collegno (TO) dell&#8217;<a style=\"text-decoration: none\" title=\"Universit\u00e0 di Torino\" href=\"https:\/\/www.unito.it\" target=\"_blank\">Universit\u00e0 di Torino<\/a>.<br \/>\nL&#8217;approccio che ha guidato il percorso formativo \u00e8 stato quello dello Sviluppo di Comunit\u00e0, applicato ai contesti formativi e con influenze culturali e metodologiche che si rifanno agli apporti di <a style=\"text-decoration: none\" title=\"Danilo Dolci\" href=\"https:\/\/it.wikipedia.org\/wiki\/Danilo_Dolci\" target=\"_blank\">Danilo Dolci<\/a>, <a style=\"text-decoration: none\" title=\"Paulo Freire\" href=\"https:\/\/it.wikipedia.org\/wiki\/Paulo_Freire\" target=\"_blank\">Paulo Freire<\/a>, <a style=\"text-decoration: none\" title=\"Lorenzo Milani\" href=\"https:\/\/it.wikipedia.org\/wiki\/Lorenzo_Milani\" target=\"_blank\">Lorenzo Milani<\/a>, <a style=\"text-decoration: none\" title=\"Ivan Illich\" href=\"https:\/\/it.wikipedia.org\/wiki\/Ivan_Illich\" target=\"_blank\">Ivan Illich<\/a>, <a style=\"text-decoration: none\" title=\"Gino Piccio\" href=\"https:\/\/it.wikipedia.org\/wiki\/Gino_Piccio\" target=\"_blank\">Gino Piccio<\/a>, <a style=\"text-decoration: none\" title=\"Augusto Boal\" href=\"https:\/\/it.wikipedia.org\/wiki\/Augusto_Boal\" target=\"_blank\">Augusto Boal<\/a> e <a style=\"text-decoration: none\" title=\"Gene Sharp\" href=\"https:\/\/it.wikipedia.org\/wiki\/Gene_Sharp\" target=\"_blank\">Gene Sharp<\/a>.<\/p>\n<p>Di questi autori sono state utilizzate le metodologie e gli strumenti: la ricerca-azione-partecipata e i percorsi di coscientizzazione di <a style=\"text-decoration: none\" title=\"Paulo Freire\" href=\"https:\/\/it.wikipedia.org\/wiki\/Paulo_Freire\" target=\"_blank\">Paulo Freire<\/a> e <a style=\"text-decoration: none\" title=\"Gino Piccio\" href=\"https:\/\/it.wikipedia.org\/wiki\/Gino_Piccio\" target=\"_blank\">Gino Piccio<\/a>, la maieutica di <a style=\"text-decoration: none\" title=\"Danilo Dolci\" href=\"https:\/\/it.wikipedia.org\/wiki\/Danilo_Dolci\" target=\"_blank\">Danilo Dolci<\/a>, il Teatro Forum di <a style=\"text-decoration: none\" title=\"Augusto Boal\" href=\"https:\/\/it.wikipedia.org\/wiki\/Augusto_Boal\" target=\"_blank\">Augusto Boal<\/a>, il potere della parola di <a style=\"text-decoration: none\" title=\"Lorenzo Milani\" href=\"https:\/\/it.wikipedia.org\/wiki\/Lorenzo_Milani\" target=\"_blank\">Lorenzo Milani<\/a>.<\/p>\n<p>La partecipazione attiva dei presenti al training consente alle persone di essere una importante risorsa nel processo formativo (sperimentando l&#8217;empowerment), di apprendere dall&#8217;esperienza e di rielaborare i contenuti partendo dalla propria vita (antropologicamente intesa).<\/p>\n<p>Ai partecipanti sono stati riconosciuti gli ECM utili a certificare la loro formazione in ambito professionale.<\/p>\n<p>Il corso ha puntato a rafforzare le competenze (soft skills) utili ad una gestione efficace del ruolo professionale e del potere a questo collegato, in un&#8217;ottica di capacit\u00e0 di mobilitare processi di empowerment personale, sociale anche d&#8217;impresa.<\/p>\n<p>Si \u00e8 trattato di un training, pi\u00f9 che di una docenza tradizionale, poich\u00e8 la giornata formativa \u00e8 stata condotta attraverso una serie di tecniche e strumenti che hanno consentito ai partecipanti di &#8220;allenare&#8221; la competenza oggetto della formazione, come se si trattasse di un muscolo da allenare in un&#8217;attivit\u00e0 sportiva.<\/p>\n<p>Per l&#8217;Universit\u00e0 di Torino si \u00e8 rivelata un&#8217;opportunit\u00e0 utile a riconoscere e ricompensare la disponibilit\u00e0 umana e professionale delle Guide di Tirocinio che offrono ogni anno agli studenti del corso di laurea un ambito professionale in cui osservare e sperimentare quanto appreso in sede accademica.<\/p>\n<p>Per approfondimenti, si veda l&#8217;articolo edito su la <a style=\"text-decoration: none\" title=\"Vai all'articolo\" href=\"http:\/\/www.ojs.unito.it\/index.php\/pinc\/article\/view\/3054\" target=\"_blank\">Prevenzione in Corso<\/a>.<\/p>\n<p>Un testo maggiormente completo \u00e8 <a style=\"text-decoration: none\" title=\"Vai alla pubblicazione\" href=\"http:\/\/www.studiokappa.it\/wp-content\/uploads\/2018\/11\/GdP.pdf\" target=\"_blank\">S. Deflorian, Gestione Dialogica del Potere. Modulare il ruolo professionale per mobilitare la responsabilit\u00e0 sociale delle imprese nei processi di prevenzione nell\u2019ambiente e nei luoghi di lavoro, Studio Kappa, Asti, Novembre 2018<\/a>.<\/p>\n<p><em><br \/>\n<\/em><br \/>\nArticolo a cura di<br \/>\n<a href=\"http:\/\/www.studiokappa.it\/?page_id=108\"><img decoding=\"async\" class=\"alignleft size-full wp-image-134\" style=\"margin-left: 10px;margin-right: 10px\" title=\"Simone Deflorian\" src=\"http:\/\/www.studiokappa.it\/wp-content\/uploads\/2012\/04\/Simone_DeflorianNEW.jpg\" alt=\"Chiara Dallavalle\" width=\"54\" height=\"64\"><\/a><a style=\"text-decoration: none\" title=\"Simone Deflorian\" href=\"http:\/\/www.studiokappa.it\/?page_id=108\" target=\"_self\"><strong>Simone Deflorian<\/strong><\/a><\/p>\n<p><a style=\"text-decoration: none\" title=\"Simone Deflorian\" href=\"http:\/\/www.studiokappa.it\/?page_id=108\" target=\"_self\"><em>Sviluppo Partecipato di Citt\u00e0 e Organizzazioni<\/em><\/a><br \/>\n<em><br \/>\n<\/em><br \/>\n<span style=\"text-align: left\"><a style=\"text-decoration: none\" title=\"Vai alla Rassegna Stampa\" href=\"http:\/\/www.studiokappa.it\/?page_id=440\">Vai alla Rassegna Stampa<\/a><\/span><\/p>\n","protected":false},"excerpt":{"rendered":"<p>Gestione Dialogica del Potere nella pratica professionale Training con Guide di Tirocinio, Tutor e Professori dell&#8217;Universit\u00e0 di Torino [slideshow_deploy id=&#8217;11212&#8242;] Il 29 Novembre 2018 si \u00e8 svolto presso il Dipartimento di Scienze della Sanit\u00e0 Pubblica e Pediatriche dell&#8217;Universit\u00e0 di Torino il training su &#8220;La Gestione Dialogica del Potere nella pratica professionale&#8220;. Al momento di formazione [&hellip;]<\/p>\n","protected":false},"author":1,"featured_media":0,"parent":0,"menu_order":0,"comment_status":"closed","ping_status":"closed","template":"","meta":{"footnotes":""},"class_list":["post-11188","page","type-page","status-publish","hentry"],"_links":{"self":[{"href":"https:\/\/www.studiokappa.it\/index.php?rest_route=\/wp\/v2\/pages\/11188","targetHints":{"allow":["GET"]}}],"collection":[{"href":"https:\/\/www.studiokappa.it\/index.php?rest_route=\/wp\/v2\/pages"}],"about":[{"href":"https:\/\/www.studiokappa.it\/index.php?rest_route=\/wp\/v2\/types\/page"}],"author":[{"embeddable":true,"href":"https:\/\/www.studiokappa.it\/index.php?rest_route=\/wp\/v2\/users\/1"}],"replies":[{"embeddable":true,"href":"https:\/\/www.studiokappa.it\/index.php?rest_route=%2Fwp%2Fv2%2Fcomments&post=11188"}],"version-history":[{"count":0,"href":"https:\/\/www.studiokappa.it\/index.php?rest_route=\/wp\/v2\/pages\/11188\/revisions"}],"wp:attachment":[{"href":"https:\/\/www.studiokappa.it\/index.php?rest_route=%2Fwp%2Fv2%2Fmedia&parent=11188"}],"curies":[{"name":"wp","href":"https:\/\/api.w.org\/{rel}","templated":true}]}}